{"id":557,"date":"2016-09-12T17:28:17","date_gmt":"2016-09-12T17:28:17","guid":{"rendered":"http:\/\/siromband.si\/?page_id=557"},"modified":"2026-03-04T18:52:13","modified_gmt":"2026-03-04T18:52:13","slug":"gigs","status":"publish","type":"page","link":"http:\/\/siromband.si\/sl\/gigs\/","title":{"rendered":"Concerts"},"content":{"rendered":"<p><div class=\"fusion-fullwidth fullwidth-box fusion-builder-row-1 fusion-parallax-none nonhundred-percent-fullwidth non-hundred-percent-height-scrolling fusion-no-small-visibility\" style=\"--awb-border-radius-top-left:0px;--awb-border-radius-top-right:0px;--awb-border-radius-bottom-right:0px;--awb-border-radius-bottom-left:0px;--awb-padding-top:0px;--awb-padding-bottom:0px;--awb-margin-top:10px;--awb-margin-bottom:0px;--awb-background-image:url(&quot;http:\/\/siromband.si\/wp-content\/uploads\/2023\/09\/358731127_3658884724368658_1509301554796552889_n.jpg&quot;);--awb-background-size:cover;--awb-flex-wrap:wrap;\" ><div class=\"fusion-builder-row fusion-row\"><div class=\"fusion-layout-column fusion_builder_column fusion-builder-column-0 fusion_builder_column_1_1 1_1 fusion-one-full fusion-column-first fusion-column-last\" style=\"--awb-bg-blend:overlay;--awb-bg-size:cover;\"><div class=\"fusion-column-wrapper fusion-flex-column-wrapper-legacy\"><div class=\"fusion-sep-clear\"><\/div><div class=\"fusion-separator fusion-full-width-sep\" style=\"margin-left: auto;margin-right: auto;margin-top:400px;width:100%;\"><\/div><div class=\"fusion-sep-clear\"><\/div><div class=\"fusion-clearfix\"><\/div><\/div><\/div><div class=\"fusion-layout-column fusion_builder_column fusion-builder-column-1 fusion_builder_column_1_1 1_1 fusion-one-full fusion-column-first fusion-column-last\" style=\"--awb-padding-top:40px;--awb-padding-bottom:30px;--awb-padding-left:65px;--awb-bg-color:rgba(20,20,20,0.81);--awb-bg-color-hover:rgba(20,20,20,0.81);--awb-bg-blend:overlay;--awb-bg-size:cover;--awb-border-color:#545454;--awb-border-bottom:2px;--awb-border-style:solid;\"><div class=\"fusion-column-wrapper fusion-flex-column-wrapper-legacy\"><div class=\"fusion-text fusion-text-1\"><h2><strong><span style=\"color: #ffffff;\">Upcoming shows \/ <\/span><a href=\"#past\">Past shows<\/a><\/strong><\/h2>\n<\/div><div class=\"fusion-clearfix\"><\/div><\/div><\/div><\/div><\/div><div class=\"fusion-fullwidth fullwidth-box fusion-builder-row-2 fusion-flex-container nonhundred-percent-fullwidth non-hundred-percent-height-scrolling fusion-no-small-visibility\" style=\"--awb-border-radius-top-left:0px;--awb-border-radius-top-right:0px;--awb-border-radius-bottom-right:0px;--awb-border-radius-bottom-left:0px;--awb-flex-wrap:wrap;\" ><div class=\"fusion-builder-row fusion-row fusion-flex-align-items-flex-start fusion-flex-content-wrap\" style=\"max-width:1248px;margin-left: calc(-4% \/ 2 );margin-right: calc(-4% \/ 2 );\"><div class=\"fusion-layout-column fusion_builder_column fusion-builder-column-2 fusion_builder_column_1_1 1_1 fusion-flex-column fusion-no-small-visibility\" style=\"--awb-padding-top:33px;--awb-bg-size:cover;--awb-width-large:100%;--awb-margin-top-large:0px;--awb-spacing-right-large:1.92%;--awb-margin-bottom-large:0px;--awb-spacing-left-large:1.92%;--awb-width-medium:100%;--awb-order-medium:0;--awb-spacing-right-medium:1.92%;--awb-spacing-left-medium:1.92%;--awb-width-small:100%;--awb-order-small:0;--awb-spacing-right-small:1.92%;--awb-spacing-left-small:1.92%;\"><div class=\"fusion-column-wrapper fusion-column-has-shadow fusion-flex-justify-content-flex-start fusion-content-layout-column\"><\/div><\/div><\/div><\/div><div class=\"fusion-fullwidth fullwidth-box fusion-builder-row-3 fusion-flex-container nonhundred-percent-fullwidth non-hundred-percent-height-scrolling fusion-no-small-visibility\" style=\"--awb-border-radius-top-left:0px;--awb-border-radius-top-right:0px;--awb-border-radius-bottom-right:0px;--awb-border-radius-bottom-left:0px;--awb-flex-wrap:wrap;\" ><div class=\"fusion-builder-row fusion-row fusion-flex-align-items-flex-start fusion-flex-content-wrap\" style=\"max-width:1248px;margin-left: calc(-4% \/ 2 );margin-right: calc(-4% \/ 2 );\"><div class=\"fusion-layout-column fusion_builder_column fusion-builder-column-3 fusion_builder_column_1_1 1_1 fusion-flex-column fusion-no-small-visibility\" style=\"--awb-padding-top:33px;--awb-bg-size:cover;--awb-width-large:100%;--awb-margin-top-large:0px;--awb-spacing-right-large:1.92%;--awb-margin-bottom-large:0px;--awb-spacing-left-large:1.92%;--awb-width-medium:100%;--awb-order-medium:0;--awb-spacing-right-medium:1.92%;--awb-spacing-left-medium:1.92%;--awb-width-small:100%;--awb-order-small:0;--awb-spacing-right-small:1.92%;--awb-spacing-left-small:1.92%;\"><div class=\"fusion-column-wrapper fusion-column-has-shadow fusion-flex-justify-content-flex-start fusion-content-layout-column\"><div class=\"fusion-text fusion-text-2\" style=\"--awb-text-transform:none;\"><h2 style=\"text-align: center;\"><strong><span style=\"color: #999999;\"><span style=\"font-size: 16px;\">22. 04. 2026 &#8211; Musikforum, Klagenfurt, Austria<\/span><\/span><\/strong><\/h2>\n<\/div><\/div><\/div><\/div><\/div><div class=\"fusion-fullwidth fullwidth-box fusion-builder-row-4 fusion-parallax-none nonhundred-percent-fullwidth non-hundred-percent-height-scrolling fusion-no-medium-visibility fusion-no-large-visibility\" style=\"--awb-border-radius-top-left:0px;--awb-border-radius-top-right:0px;--awb-border-radius-bottom-right:0px;--awb-border-radius-bottom-left:0px;--awb-padding-top:149px;--awb-padding-bottom:0px;--awb-margin-bottom:0px;--awb-background-image:url(&quot;http:\/\/siromband.si\/wp-content\/uploads\/2020\/06\/SiromCB.jpg&quot;);--awb-background-size:cover;--awb-flex-wrap:wrap;\" ><div class=\"fusion-builder-row fusion-row\"><div class=\"fusion-layout-column fusion_builder_column fusion-builder-column-4 fusion_builder_column_1_1 1_1 fusion-one-full fusion-column-first fusion-column-last\" style=\"--awb-bg-blend:overlay;--awb-bg-size:cover;\"><div class=\"fusion-column-wrapper fusion-flex-column-wrapper-legacy\"><div class=\"fusion-sep-clear\"><\/div><div class=\"fusion-separator fusion-full-width-sep\" style=\"margin-left: auto;margin-right: auto;width:100%;\"><\/div><div class=\"fusion-sep-clear\"><\/div><div class=\"fusion-clearfix\"><\/div><\/div><\/div><div class=\"fusion-layout-column fusion_builder_column fusion-builder-column-5 fusion_builder_column_1_1 1_1 fusion-one-full fusion-column-first fusion-column-last fusion-no-medium-visibility fusion-no-large-visibility\" style=\"--awb-bg-color:rgba(20,20,20,0.81);--awb-bg-color-hover:rgba(20,20,20,0.81);--awb-bg-blend:overlay;--awb-bg-size:cover;--awb-border-color:#545454;--awb-border-bottom:2px;--awb-border-style:solid;\"><div class=\"fusion-column-wrapper fusion-flex-column-wrapper-legacy\"><div class=\"fusion-column-content-centered\"><div class=\"fusion-column-content\"><div class=\"fusion-sep-clear\"><\/div><div class=\"fusion-separator fusion-full-width-sep\" style=\"margin-left: auto;margin-right: auto;margin-top:20px;width:100%;\"><\/div><div class=\"fusion-sep-clear\"><\/div><div class=\"fusion-text fusion-text-3\"><h2 style=\"text-align: center;\"><strong><span style=\"color: #ffffff;\">Upcoming shows \/ <\/span><a href=\"#past\">Past shows<\/a><\/strong><\/h2>\n<\/div><\/div><\/div><div class=\"fusion-clearfix\"><\/div><\/div><\/div><\/div><\/div><div class=\"fusion-fullwidth fullwidth-box fusion-builder-row-5 nonhundred-percent-fullwidth non-hundred-percent-height-scrolling fusion-no-medium-visibility fusion-no-large-visibility\" style=\"--awb-border-radius-top-left:0px;--awb-border-radius-top-right:0px;--awb-border-radius-bottom-right:0px;--awb-border-radius-bottom-left:0px;--awb-padding-top:0px;--awb-padding-right:10px;--awb-padding-bottom:0px;--awb-padding-left:17px;--awb-margin-top:0px;--awb-flex-wrap:wrap;\" ><div class=\"fusion-builder-row fusion-row\"><div class=\"fusion-layout-column fusion_builder_column fusion-builder-column-6 fusion_builder_column_1_1 1_1 fusion-one-full fusion-column-first fusion-column-last fusion-no-medium-visibility fusion-no-large-visibility\" style=\"--awb-padding-top:29px;--awb-bg-blend:overlay;--awb-bg-size:cover;\"><div class=\"fusion-column-wrapper fusion-flex-column-wrapper-legacy\"><div class=\"fusion-column-content-centered\"><div class=\"fusion-column-content\"><div class=\"fusion-text fusion-text-4\" style=\"--awb-text-transform:none;\"><div class=\"fusion-tabs fusion-tabs-1 clean horizontal-tabs\">\n<h2 class=\"fusion-tabs fusion-tabs-1 clean horizontal-tabs\" style=\"text-align: center;\">22. 04. 2026 &#8211; Musikforum, Klagenfurt, Austria<\/h2>\n<\/div>\n<\/div><\/div><\/div><div class=\"fusion-clearfix\"><\/div><\/div><\/div><\/div><\/div><div class=\"fusion-fullwidth fullwidth-box fusion-builder-row-6 nonhundred-percent-fullwidth non-hundred-percent-height-scrolling fusion-no-small-visibility\" style=\"--awb-border-radius-top-left:0px;--awb-border-radius-top-right:0px;--awb-border-radius-bottom-right:0px;--awb-border-radius-bottom-left:0px;--awb-padding-top:0px;--awb-padding-bottom:20px;--awb-margin-top:0px;--awb-flex-wrap:wrap;\" ><div class=\"fusion-builder-row fusion-row\"><div class=\"fusion-layout-column fusion_builder_column fusion-builder-column-7 fusion_builder_column_1_1 1_1 fusion-one-full fusion-column-first fusion-column-last\" style=\"--awb-bg-blend:overlay;--awb-bg-size:cover;\"><div class=\"fusion-column-wrapper fusion-flex-column-wrapper-legacy\"><div class=\"fusion-menu-anchor\" id=\"past\"><\/div><div class=\"fusion-clearfix\"><\/div><\/div><\/div><div class=\"fusion-layout-column fusion_builder_column fusion-builder-column-8 fusion_builder_column_1_1 1_1 fusion-one-full fusion-column-first fusion-column-last\" style=\"--awb-padding-top:40px;--awb-padding-bottom:30px;--awb-padding-left:65px;--awb-bg-color:rgba(20,20,20,0.81);--awb-bg-color-hover:rgba(20,20,20,0.81);--awb-bg-blend:overlay;--awb-bg-size:cover;--awb-border-color:#545454;--awb-border-bottom:2px;--awb-border-style:solid;\"><div class=\"fusion-column-wrapper fusion-flex-column-wrapper-legacy\"><div class=\"fusion-text fusion-text-5\"><h2><strong><span style=\"color: #ffffff;\">Past shows<br \/>\n<\/span><\/strong><\/h2>\n<\/div><div class=\"fusion-clearfix\"><\/div><\/div><\/div><div class=\"fusion-layout-column fusion_builder_column fusion-builder-column-9 fusion_builder_column_1_1 1_1 fusion-one-full fusion-column-first fusion-column-last\" style=\"--awb-padding-top:35px;--awb-padding-bottom:30px;--awb-padding-left:65px;--awb-bg-blend:overlay;--awb-bg-size:cover;\"><div class=\"fusion-column-wrapper fusion-flex-column-wrapper-legacy\"><div class=\"fusion-text fusion-text-6\" style=\"--awb-text-transform:none;\"><div class=\"fusion-tabs fusion-tabs-1 clean horizontal-tabs\">\n<h2 class=\"fusion-responsive-typography-calculated\" style=\"text-align: center; --fontsize: 18; line-height: 1.5; --minfontsize: 18; color: #d8d8d8;\" data-fontsize=\"18\" data-lineheight=\"27px\">01. 03. 2026 &#8211; Sala Cutu, Perugia, Italy<\/h2>\n<h2 class=\"fusion-responsive-typography-calculated\" style=\"text-align: center; --fontsize: 18; line-height: 1.5; --minfontsize: 18; color: #d8d8d8;\" data-fontsize=\"18\" data-lineheight=\"27px\">28. 02. 2026 &#8211; Monk, Roma, Italy<\/h2>\n<h2 class=\"fusion-responsive-typography-calculated\" style=\"text-align: center; --fontsize: 18; line-height: 1.5; --minfontsize: 18; color: #d8d8d8;\" data-fontsize=\"18\" data-lineheight=\"27px\">27. 02. 2026 &#8211; Bronson, Ravenna, Italy<\/h2>\n<h2 class=\"fusion-responsive-typography-calculated\" style=\"text-align: center; --fontsize: 18; line-height: 1.5; --minfontsize: 18; color: #d8d8d8;\" data-fontsize=\"18\" data-lineheight=\"27px\">26. 02. 2026 &#8211; Biko, Milano, Italy<\/h2>\n<h2 class=\"fusion-responsive-typography-calculated\" style=\"text-align: center; --fontsize: 18; line-height: 1.5; --minfontsize: 18; color: #d8d8d8;\" data-fontsize=\"18\" data-lineheight=\"27px\">12. 02. 2026 &#8211; Alice, Copenhagen, Denmark<\/h2>\n<h2 class=\"fusion-responsive-typography-calculated\" style=\"text-align: center; --fontsize: 18; line-height: 1.5; --minfontsize: 18; color: #d8d8d8;\" data-fontsize=\"18\" data-lineheight=\"27px\">27. 11. 2025 &#8211; SDK, Tolmin, Slovenia<\/h2>\n<h2 class=\"fusion-responsive-typography-calculated\" style=\"text-align: center; --fontsize: 18; line-height: 1.5; --minfontsize: 18; color: #d8d8d8;\" data-fontsize=\"18\" data-lineheight=\"27px\">22. 11. 2025 &#8211; 4AD, Diksmuide, Belgium<\/h2>\n<h2 class=\"fusion-responsive-typography-calculated\" style=\"text-align: center; --fontsize: 18; line-height: 1.5; --minfontsize: 18; color: #d8d8d8;\" data-fontsize=\"18\" data-lineheight=\"27px\">21. 11. 2025 &#8211; The Rose Hill, Brighton, England, UK<\/h2>\n<h2 class=\"fusion-responsive-typography-calculated\" style=\"text-align: center; --fontsize: 18; line-height: 1.5; --minfontsize: 18; color: #d8d8d8;\" data-fontsize=\"18\" data-lineheight=\"27px\">20. 11. 2025 &#8211; SpArC Theatre, Bishop\u00b4s castle, England, UK<\/h2>\n<h2 class=\"fusion-responsive-typography-calculated\" style=\"text-align: center; --fontsize: 18; line-height: 1.5; --minfontsize: 18; color: #d8d8d8;\" data-fontsize=\"18\" data-lineheight=\"27px\">19. 11. 2025 &#8211; Bishop\u00b4s house, Sheffield, England, UK<\/h2>\n<h2 class=\"fusion-responsive-typography-calculated\" style=\"text-align: center; --fontsize: 18; line-height: 1.5; --minfontsize: 18; color: #d8d8d8;\" data-fontsize=\"18\" data-lineheight=\"27px\">18. 11. 2025 &#8211; The White Hotel, Salford, England, UK<\/h2>\n<h2 class=\"fusion-responsive-typography-calculated\" style=\"text-align: center; --fontsize: 18; line-height: 1.5; --minfontsize: 18; color: #d8d8d8;\" data-fontsize=\"18\" data-lineheight=\"27px\">17. 11. 2025 &#8211; The Glad Caf\u00e9, Glasgow, Scotland, UK<\/h2>\n<h2 class=\"fusion-responsive-typography-calculated\" style=\"text-align: center; --fontsize: 18; line-height: 1.5; --minfontsize: 18; color: #d8d8d8;\" data-fontsize=\"18\" data-lineheight=\"27px\">16. 11. 2025 &#8211; Victoria Theatre, Halifax, England, UK<\/h2>\n<h2 class=\"fusion-responsive-typography-calculated\" style=\"text-align: center; --fontsize: 18; line-height: 1.5; --minfontsize: 18; color: #d8d8d8;\" data-fontsize=\"18\" data-lineheight=\"27px\">15. 11. 2025 &#8211; Rich Mix, London, England, UK<\/h2>\n<h2 class=\"fusion-responsive-typography-calculated\" style=\"text-align: center; --fontsize: 18; line-height: 1.5; --minfontsize: 18; color: #d8d8d8;\" data-fontsize=\"18\" data-lineheight=\"27px\">24. 10. 2025 &#8211; APP Festival, Ascoli Piceno, Italy<\/h2>\n<h2 class=\"fusion-responsive-typography-calculated\" style=\"text-align: center; --fontsize: 18; line-height: 1.5; --minfontsize: 18; color: #d8d8d8;\" data-fontsize=\"18\" data-lineheight=\"27px\">18. 10. 2025 &#8211; Presentation of 5th album, Kino \u0160i\u0161ka, Ljubljana, Slovenia<\/h2>\n<h2 class=\"fusion-responsive-typography-calculated\" style=\"text-align: center; --fontsize: 18; line-height: 1.5; --minfontsize: 18; color: #d8d8d8;\" data-fontsize=\"18\" data-lineheight=\"27px\">10. 10. 2025 &#8211; Changeover Festival, Bitef, beograd, Serbia<\/h2>\n<h2 class=\"fusion-responsive-typography-calculated\" style=\"text-align: center; --fontsize: 18; line-height: 1.5; --minfontsize: 18; color: #d8d8d8;\" data-fontsize=\"18\" data-lineheight=\"27px\">09. 10. 2025 &#8211; Galerija umet. grada Slavonskog Broda, Slavonski Brod, Croatia<\/h2>\n<h2 class=\"fusion-responsive-typography-calculated\" style=\"text-align: center; --fontsize: 18; line-height: 1.5; --minfontsize: 18; color: #d8d8d8;\" data-fontsize=\"18\" data-lineheight=\"27px\">25. 09. 2025 &#8211; Genius Loci, Santa Croce, Firenze, Italy<\/h2>\n<h2 class=\"fusion-responsive-typography-calculated\" style=\"text-align: center; --fontsize: 18; line-height: 1.5; --minfontsize: 18; color: #d8d8d8;\" data-fontsize=\"18\" data-lineheight=\"27px\">15. 09. 2025 &#8211; Cultural festival of the University of Cyprus, Axiothea Mansion, Cyprus<\/h2>\n<h2 class=\"fusion-responsive-typography-calculated\" style=\"text-align: center; --fontsize: 18; line-height: 1.5; --minfontsize: 18; color: #d8d8d8;\" data-fontsize=\"18\" data-lineheight=\"27px\">19. 07. 2025 &#8211; Comune di Stregna, Sala polifunzionale\u00a0 &#8220;L. Cernetig&#8221;, Stregna, Italy<\/h2>\n<h2 class=\"fusion-responsive-typography-calculated\" style=\"text-align: center; --fontsize: 18; line-height: 1.5; --minfontsize: 18; color: #d8d8d8;\" data-fontsize=\"18\" data-lineheight=\"27px\">26. 06. 2025 &#8211; Dom im Berg, Graz, Austria<\/h2>\n<h2 class=\"fusion-responsive-typography-calculated\" style=\"text-align: center; --fontsize: 18; line-height: 1.5; --minfontsize: 18; color: #d8d8d8;\" data-fontsize=\"18\" data-lineheight=\"27px\">19. 06. 2025 &#8211; Ravenna Festival, Ravenna, Italy<\/h2>\n<h2 class=\"fusion-responsive-typography-calculated\" style=\"text-align: center; --fontsize: 18; line-height: 1.5; --minfontsize: 18; color: #d8d8d8;\" data-fontsize=\"18\" data-lineheight=\"27px\">17. 06. 2025 &#8211; Gretchen, Berlin, Germany<\/h2>\n<h2 class=\"fusion-responsive-typography-calculated\" style=\"text-align: center; --fontsize: 18; line-height: 1.5; --minfontsize: 18; color: #d8d8d8;\" data-fontsize=\"18\" data-lineheight=\"27px\">12. 06. 2025 &#8211; Hviezdne noci, \u017dilina, Slovakia<\/h2>\n<h2 class=\"fusion-responsive-typography-calculated\" style=\"text-align: center; --fontsize: 18; line-height: 1.5; --minfontsize: 18; color: #d8d8d8;\" data-fontsize=\"18\" data-lineheight=\"27px\">12. 06. 2025 &#8211; Poletje v Tivoliju, Ljubljana, Slovenija<\/h2>\n<h2 class=\"fusion-responsive-typography-calculated\" style=\"text-align: center; --fontsize: 18; line-height: 1.5; --minfontsize: 18; color: #d8d8d8;\" data-fontsize=\"18\" data-lineheight=\"27px\">22. 04. 2025 &#8211; Centro per la cultura, Merano, Italy<\/h2>\n<h2 class=\"fusion-responsive-typography-calculated\" style=\"text-align: center; --fontsize: 18; line-height: 1.5; --minfontsize: 18; color: #d8d8d8;\" data-fontsize=\"18\" data-lineheight=\"27px\">15. 03. 2025 &#8211; Bozar Brussels, Belgium<\/h2>\n<h2 class=\"fusion-responsive-typography-calculated\" style=\"text-align: center; --fontsize: 18; line-height: 1.5; --minfontsize: 18; color: #d8d8d8;\" data-fontsize=\"18\" data-lineheight=\"27px\">13. 02. 2025 &#8211; Festival Ment, Kino \u0160i\u0161ka, Ljubljana, Slovenia<\/h2>\n<h2 class=\"fusion-responsive-typography-calculated\" style=\"text-align: center; --fontsize: 18; line-height: 1.5; --minfontsize: 18; color: #d8d8d8;\" data-fontsize=\"18\" data-lineheight=\"27px\">12. 02. 1025 &#8211; Lisinski, Zagreb, Croatia<\/h2>\n<h2 class=\"fusion-responsive-typography-calculated\" style=\"text-align: center; --fontsize: 18; line-height: 1.5; --minfontsize: 18; color: #d8d8d8;\" data-fontsize=\"18\" data-lineheight=\"27px\">11. 02. 2025 &#8211; Vinterjazz, Loppen, Copenhagen, Denmark<\/h2>\n<h2 class=\"fusion-responsive-typography-calculated\" style=\"text-align: center; --fontsize: 18; line-height: 1.5; --minfontsize: 18; color: #d8d8d8;\" data-fontsize=\"18\" data-lineheight=\"27px\">18. 01. 2025 &#8211; European Capital of Culture opening, Chemnitz, Germany<\/h2>\n<h2 class=\"fusion-responsive-typography-calculated\" style=\"text-align: center; --fontsize: 18; line-height: 1.5; --minfontsize: 18; color: #d8d8d8;\" data-fontsize=\"18\" data-lineheight=\"27px\">21. 11. 2024 &#8211; 16. Codes festival, Lublin, Poland<\/h2>\n<h2 class=\"fusion-responsive-typography-calculated\" style=\"text-align: center; --fontsize: 18; line-height: 1.5; --minfontsize: 18; color: #d8d8d8;\" data-fontsize=\"18\" data-lineheight=\"27px\">23. 09. 2024 &#8211; Paris fashion week, Tokyo Palace, Paris, France<\/h2>\n<h2 class=\"fusion-responsive-typography-calculated\" style=\"text-align: center; --fontsize: 18; line-height: 1.5; --minfontsize: 18; color: #d8d8d8;\" data-fontsize=\"18\" data-lineheight=\"27px\">01. 09. 2024 &#8211; Bosco Bandito, Tramonti di Sotto, Italy<\/h2>\n<h2 class=\"fusion-responsive-typography-calculated\" style=\"text-align: center; --fontsize: 18; line-height: 1.5; --minfontsize: 18; color: #d8d8d8;\" data-fontsize=\"18\" data-lineheight=\"27px\">17. 08. 2024 &#8211; Where Swallows Fly Backwards, W\u00f6rth bei Gnas, Austria<\/h2>\n<h2 class=\"fusion-responsive-typography-calculated\" style=\"text-align: center; --fontsize: 18; line-height: 1.5; --minfontsize: 18; color: #d8d8d8;\" data-fontsize=\"18\" data-lineheight=\"27px\">03. 08. 2024 &#8211; Pavelhaus, Bad Radkersburg, Austria<\/h2>\n<h2 class=\"fusion-responsive-typography-calculated\" style=\"text-align: center; --fontsize: 18; line-height: 1.5; --minfontsize: 18; color: #d8d8d8;\" data-fontsize=\"18\" data-lineheight=\"27px\">24. 07. 2024 &#8211; Jeff Festival, Koper, Slovenia<\/h2>\n<h2 class=\"fusion-responsive-typography-calculated\" style=\"text-align: center; --fontsize: 18; line-height: 1.5; --minfontsize: 18; color: #d8d8d8;\" data-fontsize=\"18\" data-lineheight=\"27px\">23. 07. 2024 &#8211; MuseoMusica, Bologna, Italy<\/h2>\n<h2 class=\"fusion-responsive-typography-calculated\" style=\"text-align: center; --fontsize: 18; line-height: 1.5; --minfontsize: 18; color: #d8d8d8;\" data-fontsize=\"18\" data-lineheight=\"27px\">20. 07. 2024 &#8211; Odysseus festival, Helsinki, Finland<\/h2>\n<h2 class=\"fusion-responsive-typography-calculated\" style=\"text-align: center; --fontsize: 18; line-height: 1.5; --minfontsize: 18; color: #d8d8d8;\" data-fontsize=\"18\" data-lineheight=\"27px\">06. 07. 2024 &#8211; Festival Sajeta, Tolmin, Slovenia<\/h2>\n<h2 class=\"fusion-responsive-typography-calculated\" style=\"text-align: center; --fontsize: 18; line-height: 1.5; --minfontsize: 18; color: #d8d8d8;\" data-fontsize=\"18\" data-lineheight=\"27px\">02. 06. 2024 &#8211; Niansa Zone Festival, Rakov \u0160kocjan, Slovenia<\/h2>\n<h2 class=\"fusion-responsive-typography-calculated\" style=\"text-align: center; --fontsize: 18; line-height: 1.5; --minfontsize: 18; color: #d8d8d8;\" data-fontsize=\"18\" data-lineheight=\"27px\">01. 06. 2024 &#8211; Karaj\u017eewc Festival, Cerkno, Slovenia<\/h2>\n<h2 class=\"fusion-responsive-typography-calculated\" style=\"text-align: center; --fontsize: 18; line-height: 1.5; --minfontsize: 18; color: #d8d8d8;\" data-fontsize=\"18\" data-lineheight=\"27px\">09. 05. 2024 &#8211; Rojstni dan Radia \u0160tudent, Kino \u0160i\u0161ka, Ljubljana, Slovenia<\/h2>\n<h2 class=\"fusion-responsive-typography-calculated\" style=\"text-align: center; --fontsize: 18; line-height: 1.5; --minfontsize: 18; color: #d8d8d8;\" data-fontsize=\"18\" data-lineheight=\"27px\">25. 04. 2024 &#8211; Les Nuits Botanique, Brussels, Belgium<\/h2>\n<h2 class=\"fusion-responsive-typography-calculated\" style=\"text-align: center; --fontsize: 18; line-height: 1.5; --minfontsize: 18; color: #d8d8d8;\" data-fontsize=\"18\" data-lineheight=\"27px\">14. 04. 2024 &#8211; Hangar 11, Belluno, Italy<\/h2>\n<h2 class=\"fusion-responsive-typography-calculated\" style=\"text-align: center; --fontsize: 18; line-height: 1.5; --minfontsize: 18; color: #d8d8d8;\" data-fontsize=\"18\" data-lineheight=\"27px\">13. 04. 2024 &#8211; Chiesa dell\u00b4Annunziata, Pesaro, Italy<\/h2>\n<h2 class=\"fusion-responsive-typography-calculated\" style=\"text-align: center; --fontsize: 18; line-height: 1.5; --minfontsize: 18; color: #d8d8d8;\" data-fontsize=\"18\" data-lineheight=\"27px\">12. 04. 2024 &#8211; Auditorium Santa Margherita, Piacenza, Italy<\/h2>\n<h2 class=\"fusion-responsive-typography-calculated\" style=\"text-align: center; --fontsize: 18; line-height: 1.5; --minfontsize: 18; color: #d8d8d8;\" data-fontsize=\"18\" data-lineheight=\"27px\">10. 04. 2024 &#8211; Locomotiv Club, Bologna, Italy<\/h2>\n<h2 class=\"fusion-responsive-typography-calculated\" style=\"text-align: center; --fontsize: 18; line-height: 1.5; --minfontsize: 18; color: #d8d8d8;\" data-fontsize=\"18\" data-lineheight=\"27px\">16. 02. 2024 &#8211; Sala Vanni, Firenze, Italy<\/h2>\n<h2 class=\"fusion-responsive-typography-calculated\" style=\"text-align: center; --fontsize: 18; line-height: 1.5; --minfontsize: 18; color: #d8d8d8;\" data-fontsize=\"18\" data-lineheight=\"27px\">15. 02. 2024 &#8211; Spazio Zut, Foligno, Italy<\/h2>\n<h2 class=\"fusion-responsive-typography-calculated\" style=\"text-align: center; --fontsize: 18; line-height: 1.5; --minfontsize: 18; color: #d8d8d8;\" data-fontsize=\"18\" data-lineheight=\"27px\">14. 02. 2024 &#8211; MAO, Torino, Italy<\/h2>\n<h2 class=\"fusion-responsive-typography-calculated\" style=\"text-align: center; --fontsize: 18; line-height: 1.5; --minfontsize: 18; color: #d8d8d8;\" data-fontsize=\"18\" data-lineheight=\"27px\">02. 02. 2024 &#8211; Onassis Stegi, Stegi Radio Takeover, Athens, Greece<\/h2>\n<h2 class=\"fusion-responsive-typography-calculated\" style=\"text-align: center; --fontsize: 18; line-height: 1.5; --minfontsize: 18; color: #d8d8d8;\" data-fontsize=\"18\" data-lineheight=\"27px\">02. 12. 2023 &#8211; Jazzoffensive, Potsdam, Germany<\/h2>\n<h2 class=\"fusion-responsive-typography-calculated\" style=\"text-align: center; --fontsize: 18; line-height: 1.5; --minfontsize: 18; color: #d8d8d8;\" data-fontsize=\"18\" data-lineheight=\"27px\">26. 10. 2023 &#8211; Be\u017eigrajska galerija Ljubljana, Slovenia<\/h2>\n<h2 class=\"fusion-responsive-typography-calculated\" style=\"text-align: center; --fontsize: 18; line-height: 1.5; --minfontsize: 18; color: #d8d8d8;\" data-fontsize=\"18\" data-lineheight=\"27px\">14. 10. 2023 &#8211; Fonomo Festival, Bydgoszcz, Poland<\/h2>\n<h2 class=\"fusion-responsive-typography-calculated\" style=\"text-align: center; --fontsize: 18; line-height: 1.5; --minfontsize: 18; color: #d8d8d8;\" data-fontsize=\"18\" data-lineheight=\"27px\">13. 10. 2023 &#8211; Spitzer, Vienna, Austria<\/h2>\n<h2 class=\"fusion-responsive-typography-calculated\" style=\"text-align: center; --fontsize: 18; line-height: 1.5; --minfontsize: 18; color: #d8d8d8;\" data-fontsize=\"18\" data-lineheight=\"27px\">08. 10. 2023 &#8211; Spiegelberg Festival, Saignelegier, Switzerland<\/h2>\n<h2 class=\"fusion-responsive-typography-calculated\" style=\"text-align: center; --fontsize: 18; line-height: 1.5; --minfontsize: 18; color: #d8d8d8;\" data-fontsize=\"18\" data-lineheight=\"27px\">06. 10. 2023 &#8211; Out.Fest, Barreiro, Portugal<\/h2>\n<h2 class=\"fusion-responsive-typography-calculated\" style=\"text-align: center; --fontsize: 18; line-height: 1.5; --minfontsize: 18; color: #d8d8d8;\" data-fontsize=\"18\" data-lineheight=\"27px\">05. 10. 2023 &#8211; Treibhaus, Innsbruck, Austria<\/h2>\n<h2 class=\"fusion-responsive-typography-calculated\" style=\"text-align: center; --fontsize: 18; line-height: 1.5; --minfontsize: 18; color: #d8d8d8;\" data-fontsize=\"18\" data-lineheight=\"27px\">01. 10. 2023 &#8211; Spazio Teatro 89, Milano, Italy<\/h2>\n<h2 class=\"fusion-responsive-typography-calculated\" style=\"text-align: center; --fontsize: 18; line-height: 1.5; --minfontsize: 18; color: #d8d8d8;\" data-fontsize=\"18\" data-lineheight=\"27px\">21. 09. 2023 &#8211; Avant Art Festival, Wroclaw, Poland<\/h2>\n<h2 class=\"fusion-responsive-typography-calculated\" style=\"text-align: center; --fontsize: 18; line-height: 1.5; --minfontsize: 18; color: #d8d8d8;\" data-fontsize=\"18\" data-lineheight=\"27px\">20. 09. 2023 &#8211; Atrium na \u017di\u017ekove, Prague, Czech Republic<\/h2>\n<h2 class=\"fusion-responsive-typography-calculated\" style=\"text-align: center; --fontsize: 18; line-height: 1.5; --minfontsize: 18; color: #d8d8d8;\" data-fontsize=\"18\" data-lineheight=\"27px\">15. 09. 2023 &#8211; Berlin &#8211; Budapest Express, Zene Haza, Budapest, Hungary<\/h2>\n<h2 class=\"fusion-responsive-typography-calculated\" style=\"text-align: center; --fontsize: 18; line-height: 1.5; --minfontsize: 18; color: #d8d8d8;\" data-fontsize=\"18\" data-lineheight=\"27px\">02. 09. 2023 &#8211; Piazza della Motta, Pordenone, Italy<\/h2>\n<h2 class=\"fusion-responsive-typography-calculated\" style=\"text-align: center; --fontsize: 18; line-height: 1.5; --minfontsize: 18; color: #d8d8d8;\" data-fontsize=\"18\" data-lineheight=\"27px\">26. 08. 2023 &#8211; No\u010di v Stari Ljubljani, Ljubljana, Slovenia<\/h2>\n<h2 class=\"fusion-responsive-typography-calculated\" style=\"text-align: center; --fontsize: 18; line-height: 1.5; --minfontsize: 18; color: #d8d8d8;\" data-fontsize=\"18\" data-lineheight=\"27px\">23. 07. 2023 &#8211; Due Laghi, Firenzuola, Italy<\/h2>\n<h2 class=\"fusion-responsive-typography-calculated\" style=\"text-align: center; --fontsize: 18; line-height: 1.5; --minfontsize: 18; color: #d8d8d8;\" data-fontsize=\"18\" data-lineheight=\"27px\">22. 07. 2023 &#8211; Ground Festival, Brescia, Italy<\/h2>\n<h2 class=\"fusion-responsive-typography-calculated\" style=\"text-align: center; --fontsize: 18; line-height: 1.5; --minfontsize: 18; color: #d8d8d8;\" data-fontsize=\"18\" data-lineheight=\"27px\">20. 07. 2023 &#8211; Colours of Ostrava, Ostrava, Czech Republic<\/h2>\n<h2 class=\"fusion-responsive-typography-calculated\" style=\"text-align: center; --fontsize: 18; line-height: 1.5; --minfontsize: 18; color: #d8d8d8;\" data-fontsize=\"18\" data-lineheight=\"27px\">18. 07. 2023 &#8211; Glasbe sveta \/ Musiche dal mondo, Villa Attems, Gorizia, Italy<\/h2>\n<h2 class=\"fusion-responsive-typography-calculated\" style=\"text-align: center; --fontsize: 18; line-height: 1.5; --minfontsize: 18; color: #d8d8d8;\" data-fontsize=\"18\" data-lineheight=\"27px\">09. 07. 2023 &#8211; Museum Europaische Kulturen, Berlin, Germany<\/h2>\n<h2 class=\"fusion-responsive-typography-calculated\" style=\"text-align: center; --fontsize: 18; line-height: 1.5; --minfontsize: 18; color: #d8d8d8;\" data-fontsize=\"18\" data-lineheight=\"27px\">05. 07. 2023 &#8211; Gala Hala, Ljubljana, Slovenia<\/h2>\n<h2 class=\"fusion-responsive-typography-calculated\" style=\"text-align: center; --fontsize: 18; line-height: 1.5; --minfontsize: 18; color: #d8d8d8;\" data-fontsize=\"18\" data-lineheight=\"27px\">25. 06. 2023 &#8211; Fevelis Festival, Mereto di Tomba, Udine, Italy<\/h2>\n<h2 class=\"fusion-responsive-typography-calculated\" style=\"text-align: center; --fontsize: 18; line-height: 1.5; --minfontsize: 18; color: #d8d8d8;\" data-fontsize=\"18\" data-lineheight=\"27px\">21. 06. 2023 &#8211; Singles (National Palace of Culture), Sofia, Bulgaria<\/h2>\n<h2 class=\"fusion-responsive-typography-calculated\" style=\"text-align: center; --fontsize: 18; line-height: 1.5; --minfontsize: 18; color: #d8d8d8;\" data-fontsize=\"18\" data-lineheight=\"27px\">20. 06. 2023 &#8211; Bee Bop Cafe, Plovdiv, Bulgaria<\/h2>\n<h2 class=\"fusion-responsive-typography-calculated\" style=\"text-align: center; --fontsize: 18; line-height: 1.5; --minfontsize: 18; color: #d8d8d8;\" data-fontsize=\"18\" data-lineheight=\"27px\">17. 06. 2023 &#8211; Magyarpolany, Veszprem, Hungary<\/h2>\n<h2 class=\"fusion-responsive-typography-calculated\" style=\"text-align: center; --fontsize: 18; line-height: 1.5; --minfontsize: 18; color: #d8d8d8;\" data-fontsize=\"18\" data-lineheight=\"27px\">12. 05. 2023 &#8211; Argo 16, Mestre, Italy<\/h2>\n<h2 class=\"fusion-responsive-typography-calculated\" style=\"text-align: center; --fontsize: 18; line-height: 1.5; --minfontsize: 18; color: #d8d8d8;\" data-fontsize=\"18\" data-lineheight=\"27px\">11. 05. 2023 &#8211; Caracol, Pisa, Italy<\/h2>\n<h2 class=\"fusion-responsive-typography-calculated\" style=\"text-align: center; --fontsize: 18; line-height: 1.5; --minfontsize: 18; color: #d8d8d8;\" data-fontsize=\"18\" data-lineheight=\"27px\">10. 05. 2023 &#8211; Cripta del Duomo, Avellino, Italy<\/h2>\n<h2 class=\"fusion-responsive-typography-calculated\" style=\"text-align: center; --fontsize: 18; line-height: 1.5; --minfontsize: 18; color: #d8d8d8;\" data-fontsize=\"18\" data-lineheight=\"27px\">08. 05. 2023 &#8211; Sala Assoli, Napoli, Italy<\/h2>\n<h2 class=\"fusion-responsive-typography-calculated\" style=\"text-align: center; --fontsize: 18; line-height: 1.5; --minfontsize: 18; color: #d8d8d8;\" data-fontsize=\"18\" data-lineheight=\"27px\">22. 04. 2023 &#8211; Faun Festival, Brno, Czech Republic,<\/h2>\n<h2 class=\"fusion-responsive-typography-calculated\" style=\"text-align: center; --fontsize: 18; line-height: 1.5; --minfontsize: 18; color: #d8d8d8;\" data-fontsize=\"18\" data-lineheight=\"27px\">14. 04. 2023 &#8211; Cukrarna, Ljubljana, Slovenia<\/h2>\n<h2 class=\"fusion-responsive-typography-calculated\" style=\"text-align: center; --fontsize: 18; line-height: 1.5; --minfontsize: 18; color: #d8d8d8;\" data-fontsize=\"18\" data-lineheight=\"27px\">01. 04. 2023 &#8211; Trainstation SibArt, Kranj, Slovenia<\/h2>\n<h2 class=\"fusion-responsive-typography-calculated\" style=\"text-align: center; --fontsize: 18; line-height: 1.5; --minfontsize: 18; color: #d8d8d8;\" data-fontsize=\"18\" data-lineheight=\"27px\">25. 03. 2023 &#8211; Chiesa del Sacramento, Offagna, Italy<\/h2>\n<h2 class=\"fusion-responsive-typography-calculated\" style=\"text-align: center; --fontsize: 18; line-height: 1.5; --minfontsize: 18; color: #d8d8d8;\" data-fontsize=\"18\" data-lineheight=\"27px\">24. 03. 2023 &#8211; Hangar teatri, Trieste, Italy<\/h2>\n<h2 class=\"fusion-responsive-typography-calculated\" style=\"text-align: center; --fontsize: 18; line-height: 1.5; --minfontsize: 18; color: #d8d8d8;\" data-fontsize=\"18\" data-lineheight=\"27px\">15. 03. 2023 &#8211; Bronson, Ravenna, Italy<\/h2>\n<h2 class=\"fusion-responsive-typography-calculated\" style=\"text-align: center; --fontsize: 18; line-height: 1.5; --minfontsize: 18; color: #d8d8d8;\" data-fontsize=\"18\" data-lineheight=\"27px\">14. 03. 2023 &#8211; Raindogs, Savona, Italy<\/h2>\n<h2 class=\"fusion-responsive-typography-calculated\" style=\"text-align: center; --fontsize: 18; line-height: 1.5; --minfontsize: 18; color: #d8d8d8;\" data-fontsize=\"18\" data-lineheight=\"27px\">13. 03. 2023 &#8211; L\u00b4Imbarchino, Torino, Italy<\/h2>\n<h2 class=\"fusion-responsive-typography-calculated\" style=\"text-align: center; --fontsize: 18; line-height: 1.5; --minfontsize: 18; color: #d8d8d8;\" data-fontsize=\"18\" data-lineheight=\"27px\">12. 03. 2023 &#8211; Le Periscope, Lyon, France<\/h2>\n<h2 class=\"fusion-responsive-typography-calculated\" style=\"text-align: center; --fontsize: 18; line-height: 1.5; --minfontsize: 18; color: #d8d8d8;\" data-fontsize=\"18\" data-lineheight=\"27px\">11. 03. 2023 &#8211; The Film Gallery, Paris, France<\/h2>\n<h2 class=\"fusion-responsive-typography-calculated\" style=\"text-align: center; --fontsize: 18; line-height: 1.5; --minfontsize: 18; color: #d8d8d8;\" data-fontsize=\"18\" data-lineheight=\"27px\">10. 03. 2023 &#8211; Cafe Oto, London, Great Britain<\/h2>\n<h2 class=\"fusion-responsive-typography-calculated\" style=\"text-align: center; --fontsize: 18; line-height: 1.5; --minfontsize: 18; color: #d8d8d8;\" data-fontsize=\"18\" data-lineheight=\"27px\">09. 03. 2023 &#8211; SpArc Theatre, Bishop\u00b4s Castle, Great Britain<\/h2>\n<h2 class=\"fusion-responsive-typography-calculated\" style=\"text-align: center; --fontsize: 18; line-height: 1.5; --minfontsize: 18; color: #d8d8d8;\" data-fontsize=\"18\" data-lineheight=\"27px\">08. 03. 2023 &#8211; Strange Brew, Bristol, Great Britain<\/h2>\n<h2 class=\"fusion-responsive-typography-calculated\" style=\"text-align: center; --fontsize: 18; line-height: 1.5; --minfontsize: 18; color: #d8d8d8;\" data-fontsize=\"18\" data-lineheight=\"27px\">07. 03. 2023 &#8211; White Hotel, Salford, Great Britain<\/h2>\n<h2 class=\"fusion-responsive-typography-calculated\" style=\"text-align: center; --fontsize: 18; line-height: 1.5; --minfontsize: 18; color: #d8d8d8;\" data-fontsize=\"18\" data-lineheight=\"27px\">06. 03. 2023 &#8211; Old Hairdressers, Glasgow, Great Britain<\/h2>\n<h2 class=\"fusion-responsive-typography-calculated\" style=\"text-align: center; --fontsize: 18; line-height: 1.5; --minfontsize: 18; color: #d8d8d8;\" data-fontsize=\"18\" data-lineheight=\"27px\">05. 03. 2023 &#8211; Victoria Theatre, Halifax, Great Britain<\/h2>\n<h2 class=\"fusion-responsive-typography-calculated\" style=\"text-align: center; --fontsize: 18; line-height: 1.5; --minfontsize: 18; color: #d8d8d8;\" data-fontsize=\"18\" data-lineheight=\"27px\">04. 03. 2023 &#8211; La Malterie, Lille, France<\/h2>\n<h2 class=\"fusion-responsive-typography-calculated\" style=\"text-align: center; --fontsize: 18; line-height: 1.5; --minfontsize: 18; color: #d8d8d8;\" data-fontsize=\"18\" data-lineheight=\"27px\">03. 03. 2023 &#8211; Cinema Oblo, Lausanne, Switzerland<\/h2>\n<h2 class=\"fusion-responsive-typography-calculated\" style=\"text-align: center; --fontsize: 18; line-height: 1.5; --minfontsize: 18; color: #d8d8d8;\" data-fontsize=\"18\" data-lineheight=\"27px\">02. 03. 2023 &#8211; Ex Bar Mascetti, Chiasso, Switzerland<\/h2>\n<h2 class=\"fusion-responsive-typography-calculated\" style=\"text-align: center; --fontsize: 18; line-height: 1.5; --minfontsize: 18; color: #d8d8d8;\" data-fontsize=\"18\" data-lineheight=\"27px\">03. 02. 2023 &#8211; Antagon, Frankfurt, Germany<\/h2>\n<h2 class=\"fusion-responsive-typography-calculated\" style=\"text-align: center; --fontsize: 18; line-height: 1.5; --minfontsize: 18; color: #d8d8d8;\" data-fontsize=\"18\" data-lineheight=\"27px\">02. 02. 2023 &#8211; Det Turkise Telt, Aarhus, Denmark<\/h2>\n<h2 class=\"fusion-responsive-typography-calculated\" style=\"text-align: center; --fontsize: 18; line-height: 1.5; --minfontsize: 18; color: #d8d8d8;\" data-fontsize=\"18\" data-lineheight=\"27px\">31. 01. 2023 &#8211; Folken, Stavanger, Norway<\/h2>\n<h2 class=\"fusion-responsive-typography-calculated\" style=\"text-align: center; --fontsize: 18; line-height: 1.5; --minfontsize: 18; color: #d8d8d8;\" data-fontsize=\"18\" data-lineheight=\"27px\">29. 01. 2023 &#8211; Kulturhuset Bergsj\u00f6n, G\u00f6teborg, Sweden<\/h2>\n<h2 class=\"fusion-responsive-typography-calculated\" style=\"text-align: center; --fontsize: 18; line-height: 1.5; --minfontsize: 18; color: #d8d8d8;\" data-fontsize=\"18\" data-lineheight=\"27px\">28. 01. 2023 &#8211; Huset i Hasserisgade, Aalborg, Denmark<\/h2>\n<h2 class=\"fusion-responsive-typography-calculated\" style=\"text-align: center; --fontsize: 18; line-height: 1.5; --minfontsize: 18; color: #d8d8d8;\" data-fontsize=\"18\" data-lineheight=\"27px\">11. 01. 2023 &#8211; Kset, Zagreb, Croatia<\/h2>\n<h2 class=\"fusion-responsive-typography-calculated\" style=\"text-align: center; --fontsize: 18; line-height: 1.5; --minfontsize: 18; color: #d8d8d8;\" data-fontsize=\"18\" data-lineheight=\"27px\">16. 12. 2022 &#8211; Klub \u0160tala, Lokavec, Slovenia<\/h2>\n<h2 class=\"fusion-responsive-typography-calculated\" style=\"text-align: center; --fontsize: 18; line-height: 1.5; --minfontsize: 18; color: #d8d8d8;\" data-fontsize=\"18\" data-lineheight=\"27px\">02. 12. 2022 &#8211; Theater neben dem Turm, Marburg, Germany<\/h2>\n<h2 class=\"fusion-responsive-typography-calculated\" style=\"text-align: center; --fontsize: 18; line-height: 1.5; --minfontsize: 18; color: #d8d8d8;\" data-fontsize=\"18\" data-lineheight=\"27px\">01. 12. 2022 &#8211; Neue Schachtel, Stuttgart, Germany<\/h2>\n<h2 class=\"fusion-responsive-typography-calculated\" style=\"text-align: center; --fontsize: 18; line-height: 1.5; --minfontsize: 18; color: #d8d8d8;\" data-fontsize=\"18\" data-lineheight=\"27px\">13. 11. 2022 &#8211; Witzli Poetzli, Antwerpen, Belgium<\/h2>\n<h2 class=\"fusion-responsive-typography-calculated\" style=\"text-align: center; --fontsize: 18; line-height: 1.5; --minfontsize: 18; color: #d8d8d8;\" data-fontsize=\"18\" data-lineheight=\"27px\">12. 11. 2022 &#8211; La Princesse, Brussels, Belgium<\/h2>\n<h2 class=\"fusion-responsive-typography-calculated\" style=\"text-align: center; --fontsize: 18; line-height: 1.5; --minfontsize: 18; color: #d8d8d8;\" data-fontsize=\"18\" data-lineheight=\"27px\">11. 11. 2022 &#8211; Le Guess Who, Utrecht, Netherlands<\/h2>\n<h2 class=\"fusion-responsive-typography-calculated\" style=\"text-align: center; --fontsize: 18; line-height: 1.5; --minfontsize: 18; color: #d8d8d8;\" data-fontsize=\"18\" data-lineheight=\"27px\">09. 11. 2022 &#8211; Klein, Copenhagen, Denmark<\/h2>\n<h2 class=\"fusion-responsive-typography-calculated\" style=\"text-align: center; --fontsize: 18; line-height: 1.5; --minfontsize: 18; color: #d8d8d8;\" data-fontsize=\"18\" data-lineheight=\"27px\">08. 11. 2022 &#8211; Resonator, Odense, Denmark<\/h2>\n<h2 class=\"fusion-responsive-typography-calculated\" style=\"text-align: center; --fontsize: 18; line-height: 1.5; --minfontsize: 18; color: #d8d8d8;\" data-fontsize=\"18\" data-lineheight=\"27px\">05. 11. 2022 &#8211; Forum Stadtpark, Graz, Austria<\/h2>\n<h2 class=\"fusion-responsive-typography-calculated\" style=\"text-align: center; --fontsize: 18; line-height: 1.5; --minfontsize: 18; color: #d8d8d8;\" data-fontsize=\"18\" data-lineheight=\"27px\">22. 09. 2022 &#8211; \u0160irom &amp; Yann Gourdon, Kino \u0160i\u0161ka, Ljubljana, Slovenia<\/h2>\n<h2 class=\"fusion-responsive-typography-calculated\" style=\"text-align: center; --fontsize: 18; line-height: 1.5; --minfontsize: 18; color: #d8d8d8;\" data-fontsize=\"18\" data-lineheight=\"27px\">23. 08. 2022 &#8211; Festival Kunigunda, Velenje, Slovenia<\/h2>\n<h2 class=\"fusion-responsive-typography-calculated\" style=\"text-align: center; --fontsize: 18; line-height: 1.5; --minfontsize: 18; color: #d8d8d8;\" data-fontsize=\"18\" data-lineheight=\"27px\">11. 08. 2022 &#8211; Pravlji\u010dni ve\u010deri pred Fin\u017egarjevo rojstno hi\u0161o, Doslov\u010de, Slovenia<\/h2>\n<h2 class=\"fusion-responsive-typography-calculated\" style=\"text-align: center; --fontsize: 18; line-height: 1.5; --minfontsize: 18; color: #d8d8d8;\" data-fontsize=\"18\" data-lineheight=\"27px\">16. 07. 2022 &#8211; Hafnerjev memorial, \u0160kofja Loka, Slovenia<\/h2>\n<h2 class=\"fusion-responsive-typography-calculated\" style=\"text-align: center; --fontsize: 18; line-height: 1.5; --minfontsize: 18; color: #d8d8d8;\" data-fontsize=\"18\" data-lineheight=\"27px\">15. 07. 2022 &#8211; Keltika, Cerkno, Slovenia<\/h2>\n<h2 class=\"fusion-responsive-typography-calculated\" style=\"text-align: center; --fontsize: 18; line-height: 1.5; --minfontsize: 18; color: #d8d8d8;\" data-fontsize=\"18\" data-lineheight=\"27px\">12. 07. 2022 &#8211; Hostel Celica, Ljubljana, Slovenia<\/h2>\n<h2 class=\"fusion-responsive-typography-calculated\" style=\"text-align: center; --fontsize: 18; line-height: 1.5; --minfontsize: 18; color: #d8d8d8;\" data-fontsize=\"18\" data-lineheight=\"27px\">27. 06. 2022 &#8211; Pomezi, Brno, Czech Republic<\/h2>\n<h2 class=\"fusion-responsive-typography-calculated\" style=\"text-align: center; --fontsize: 18; line-height: 1.5; --minfontsize: 18; color: #d8d8d8;\" data-fontsize=\"18\" data-lineheight=\"27px\">25. 06. 2022 &#8211; Mela Festival, Pezinok, Slovakia<\/h2>\n<h2 class=\"fusion-responsive-typography-calculated\" style=\"text-align: center; --fontsize: 18; line-height: 1.5; --minfontsize: 18; color: #d8d8d8;\" data-fontsize=\"18\" data-lineheight=\"27px\">24. 06. 2022 &#8211; Festival Polja, \u0160utci, Sebia<\/h2>\n<h2 class=\"fusion-responsive-typography-calculated\" style=\"text-align: center; --fontsize: 18; line-height: 1.5; --minfontsize: 18; color: #d8d8d8;\" data-fontsize=\"18\" data-lineheight=\"27px\">04. 06. 2022 &#8211; Pre\u0161ernov gaj, Kranj<\/h2>\n<h2 class=\"fusion-responsive-typography-calculated\" style=\"text-align: center; --fontsize: 18; line-height: 1.5; --minfontsize: 18; color: #d8d8d8;\" data-fontsize=\"18\" data-lineheight=\"27px\">02. 06. 2022 &#8211; Wine Nat White Heat, Art Museum of Nantes, Nantes, France<\/h2>\n<h2 class=\"fusion-responsive-typography-calculated\" style=\"text-align: center; --fontsize: 18; line-height: 1.5; --minfontsize: 18; color: #d8d8d8;\" data-fontsize=\"18\" data-lineheight=\"27px\">27. 05. 2022 &#8211; Park samostojnosti, Vrhnika, Slovenia<\/h2>\n<h2 class=\"fusion-responsive-typography-calculated\" style=\"text-align: center; --fontsize: 18; line-height: 1.5; --minfontsize: 18; color: #d8d8d8;\" data-fontsize=\"18\" data-lineheight=\"27px\">24. 05. 2022 &#8211; Mo\u010dvara, Zagreb, Croatia<\/h2>\n<h2 class=\"fusion-responsive-typography-calculated\" style=\"text-align: center; --fontsize: 18; line-height: 1.5; --minfontsize: 18; color: #d8d8d8;\" data-fontsize=\"18\" data-lineheight=\"27px\">09. 05. 2022 &#8211; Premiere of docimentary film &#8220;\u0160irom &#8211; Rural Underground&#8221;, Kinodvor, Ljubljana, Slovenia<\/h2>\n<h2 class=\"fusion-responsive-typography-calculated\" style=\"text-align: center; --fontsize: 18; line-height: 1.5; --minfontsize: 18; color: #d8d8d8;\" data-fontsize=\"18\" data-lineheight=\"27px\">20. 04. 2022 &#8211; Narodni dom, Marobor, Slovenia<\/h2>\n<h2 class=\"fusion-responsive-typography-calculated\" style=\"text-align: center; --fontsize: 18; line-height: 1.5; --minfontsize: 18; color: #d8d8d8;\" data-fontsize=\"18\" data-lineheight=\"27px\">09. 04. 2022 &#8211; Oberst\u00fcbchen, Regen, Germany<\/h2>\n<h2 class=\"fusion-responsive-typography-calculated\" style=\"text-align: center; --fontsize: 18; line-height: 1.5; --minfontsize: 18; color: #d8d8d8;\" data-fontsize=\"18\" data-lineheight=\"27px\">08. 04. 2022 &#8211; Laboratorium, Stuttgart, Germany<\/h2>\n<h2 class=\"fusion-responsive-typography-calculated\" style=\"text-align: center; --fontsize: 18; line-height: 1.5; --minfontsize: 18; color: #d8d8d8;\" data-fontsize=\"18\" data-lineheight=\"27px\">07. 04. 2022 &#8211; MUG M\u00fcnchner Untergrund im Einstein, M\u00fcnchen, Germany<\/h2>\n<h2 class=\"fusion-responsive-typography-calculated\" style=\"text-align: center; --fontsize: 18; line-height: 1.5; --minfontsize: 18; color: #d8d8d8;\" data-fontsize=\"18\" data-lineheight=\"27px\">11. 03. 2022 &#8211; Klub Metulj, Bistrica ob Sotli, Slovenia<\/h2>\n<h2 class=\"fusion-responsive-typography-calculated\" style=\"text-align: center; --fontsize: 18; line-height: 1.5; --minfontsize: 18; color: #d8d8d8;\" data-fontsize=\"18\" data-lineheight=\"27px\">05. 03. 2022 &#8211; presentation of 4th album &#8220;The Liquified Throne of Simplicity&#8221;, Cankarjev dom, Ljubljana, Slovenia<\/h2>\n<h2 class=\"fusion-responsive-typography-calculated\" style=\"text-align: center; --fontsize: 18; line-height: 1.5; --minfontsize: 18; color: #d8d8d8;\" data-fontsize=\"18\" data-lineheight=\"27px\">22. 11. 2021 &#8211; Etnofest, Subotica, Republic of Serbia<\/h2>\n<h2 class=\"fusion-responsive-typography-calculated\" style=\"text-align: center; --fontsize: 18; line-height: 1.5; --minfontsize: 18;\" data-fontsize=\"18\" data-lineheight=\"27px\"><span style=\"color: #d8d8d8;\">11. 11. 2021 &#8211; OFFest, Skopje, Macedonia<\/span><strong><br \/>\n<\/strong><\/h2>\n<h2 class=\"fusion-responsive-typography-calculated\" style=\"text-align: center; --fontsize: 18; line-height: 1.5; --minfontsize: 18;\" data-fontsize=\"18\" data-lineheight=\"27px\"><strong style=\"color: #d8d8d8;\">01. 10. 2021<\/strong><span style=\"color: #d8d8d8;\"> &#8211; Ethno.com Festival, Kulturni centar Pan\u010devo, Republic of Serbia<\/span><\/h2>\n<h2 class=\"fusion-responsive-typography-calculated\" style=\"text-align: center; --fontsize: 18; line-height: 1.5; --minfontsize: 18;\" data-fontsize=\"18\" data-lineheight=\"27px\"><strong style=\"color: #d8d8d8;\">10. 09. 2021<\/strong><span style=\"color: #d8d8d8;\"> &#8211; Isole Che Parlano Festival, Palau, Sardinia, Italy<\/span><\/h2>\n<h2 class=\"fusion-responsive-typography-calculated\" style=\"text-align: center; --fontsize: 18; line-height: 1.5; --minfontsize: 18;\" data-fontsize=\"18\" data-lineheight=\"27px\"><strong style=\"color: #d8d8d8;\">08. 09. 2021<\/strong><span style=\"color: #d8d8d8;\"> &#8211; Arci Scighera, Milano, Italy<\/span><\/h2>\n<h2 class=\"fusion-responsive-typography-calculated\" style=\"text-align: center; --fontsize: 18; line-height: 1.5; --minfontsize: 18;\" data-fontsize=\"18\" data-lineheight=\"27px\"><strong style=\"color: #d8d8d8;\">07. 09. 2021<\/strong><span style=\"color: #d8d8d8;\"> &#8211; Bmotion Musica, Bassano del Grappa, Italy<\/span><\/h2>\n<h2 class=\"fusion-responsive-typography-calculated\" style=\"text-align: center; --fontsize: 18; line-height: 1.5; --minfontsize: 18;\" data-fontsize=\"18\" data-lineheight=\"27px\"><strong style=\"color: #d8d8d8;\">06. 09. 2021<\/strong><span style=\"color: #d8d8d8;\"> &#8211; Freakout, Bologna, Italy<\/span><\/h2>\n<h2 class=\"fusion-responsive-typography-calculated\" style=\"text-align: center; --fontsize: 18; line-height: 1.5; --minfontsize: 18;\" data-fontsize=\"18\" data-lineheight=\"27px\"><strong style=\"color: #d8d8d8;\">05. 09. 2021<\/strong><span style=\"color: #d8d8d8;\"> &#8211; Scopoli, Foligno, Italy<\/span><\/h2>\n<h2 class=\"fusion-responsive-typography-calculated\" style=\"text-align: center; --fontsize: 18; line-height: 1.5; --minfontsize: 18;\" data-fontsize=\"18\" data-lineheight=\"27px\"><strong style=\"color: #d8d8d8;\">04. 09. 2021<\/strong><span style=\"color: #d8d8d8;\"> &#8211; I suonni della pietra, Bergolo, Italy<\/span><\/h2>\n<h2 class=\"fusion-responsive-typography-calculated\" style=\"text-align: center; --fontsize: 18; line-height: 1.5; --minfontsize: 18;\" data-fontsize=\"18\" data-lineheight=\"27px\"><strong style=\"color: #d8d8d8;\">03. 09. 2021<\/strong><span style=\"color: #d8d8d8;\"> &#8211; Raindogs House, Savona, Italy<\/span><\/h2>\n<h2 class=\"fusion-responsive-typography-calculated\" style=\"text-align: center; --fontsize: 18; line-height: 1.5; --minfontsize: 18;\" data-fontsize=\"18\" data-lineheight=\"27px\"><strong style=\"color: #d8d8d8;\">02. 09. 2021<\/strong><span style=\"color: #d8d8d8;\"> &#8211; Postwar Cinema Club, Parma, Italy<\/span><\/h2>\n<h2 class=\"fusion-responsive-typography-calculated\" style=\"text-align: center; --fontsize: 18; line-height: 1.5; --minfontsize: 18;\" data-fontsize=\"18\" data-lineheight=\"27px\"><strong style=\"color: #d8d8d8;\">18. 07. 2021<\/strong><span style=\"color: #d8d8d8;\"> &#8211; live part sculptura Maru\u0161i\u0107i, Croatia<\/span><\/h2>\n<h2 class=\"fusion-responsive-typography-calculated\" style=\"text-align: center; --fontsize: 18; line-height: 1.5; --minfontsize: 18;\" data-fontsize=\"18\" data-lineheight=\"27px\"><strong style=\"color: #d8d8d8;\">13. 07. 2021<\/strong><span style=\"color: #d8d8d8;\"> &#8211; Hostel Celica, Ljubljana, Slovenia<\/span><\/h2>\n<h2 class=\"fusion-responsive-typography-calculated\" style=\"text-align: center; --fontsize: 18; line-height: 1.5; --minfontsize: 18;\" data-fontsize=\"18\" data-lineheight=\"27px\"><strong style=\"color: #d8d8d8;\">26. 05. 2021<\/strong><span style=\"color: #d8d8d8;\">&#8211; Rhiz, Vienna, Austria<\/span><\/h2>\n<h2 class=\"fusion-responsive-typography-calculated\" style=\"text-align: center; --fontsize: 18; line-height: 1.5; --minfontsize: 18;\" data-fontsize=\"18\" data-lineheight=\"27px\"><strong style=\"color: #d8d8d8;\">22., 23. 05. 2021-<\/strong><span style=\"color: #d8d8d8;\"> Awaz festival, Kazan, Russia<\/span><\/h2>\n<h2 class=\"fusion-responsive-typography-calculated\" style=\"text-align: center; --fontsize: 18; line-height: 1.5; --minfontsize: 18;\" data-fontsize=\"18\" data-lineheight=\"27px\"><b style=\"color: #d8d8d8;\">15. 03. 2021-<\/b><span style=\"color: #d8d8d8;\"> Val 202 &#8211; &#8220;Iz\u0161tekani&#8221; radio broadcast, Ljubljana, Slovenia<\/span><\/h2>\n<h2 class=\"fusion-responsive-typography-calculated\" style=\"text-align: center; --fontsize: 18; line-height: 1.5; --minfontsize: 18;\" data-fontsize=\"18\" data-lineheight=\"27px\"><strong style=\"color: #d8d8d8;\">11. 02. 2021<\/strong><span style=\"color: #d8d8d8;\">&#8211; Winterwerft festival, Frankfurt, Germany<\/span><\/h2>\n<h2 class=\"fusion-responsive-typography-calculated\" style=\"text-align: center; --fontsize: 18; line-height: 1.5; --minfontsize: 18;\" data-fontsize=\"18\" data-lineheight=\"27px\"><strong style=\"color: #d8d8d8;\">04. 02. 2021 &#8211;<\/strong><span style=\"color: #d8d8d8;\"> Streaming for Kino \u0160i\u0161ka (concert at reissue of our first album I. on a vinyl), Ljubljana, Slovenia<\/span><\/h2>\n<h2 class=\"fusion-responsive-typography-calculated\" style=\"text-align: center; color: #282828; --fontsize: 18; line-height: 1.5; --minfontsize: 18;\" data-fontsize=\"18\" data-lineheight=\"27px\"><strong style=\"color: #d8d8d8;\">13. 12. 2020 &#8211;<\/strong><span style=\"color: #d8d8d8;\"> Streaming from Narodni dom, Maribor, Slovenia<\/span><\/h2>\n<h2 class=\"fusion-responsive-typography-calculated\" style=\"text-align: center; color: #282828; --fontsize: 18; line-height: 1.5; --minfontsize: 18;\" data-fontsize=\"18\" data-lineheight=\"27px\"><strong style=\"color: #d8d8d8;\">05. 11. 2020 &#8211;<\/strong><span style=\"color: #d8d8d8;\"> Streaming for SAMA and KEXP<\/span><\/h2>\n<h2 class=\"fusion-responsive-typography-calculated\" style=\"text-align: center; color: #282828; --fontsize: 18; line-height: 1.5; --minfontsize: 18;\" data-fontsize=\"18\" data-lineheight=\"27px\"><strong style=\"color: #d8d8d8;\">21. 10. 2020<\/strong><span style=\"color: #d8d8d8;\"> &#8211; Streaming for Womex (Budapest, 2020)<\/span><\/h2>\n<h2 class=\"fusion-responsive-typography-calculated\" style=\"text-align: center; color: #282828; --fontsize: 18; line-height: 1.5; --minfontsize: 18;\" data-fontsize=\"18\" data-lineheight=\"27px\"><strong style=\"color: #d8d8d8;\">15. 09. 2020 &#8211;<\/strong><span style=\"color: #d8d8d8;\"> Festival Sonica, Pokrajinski muzej Koper, Slovenia<\/span><\/h2>\n<h2 class=\"fusion-responsive-typography-calculated\" style=\"text-align: center; color: #282828; --fontsize: 18; line-height: 1.5; --minfontsize: 18;\" data-fontsize=\"18\" data-lineheight=\"27px\"><strong style=\"color: #d8d8d8;\">10. 09. 2020 &#8211;<\/strong><span style=\"color: #d8d8d8;\"> Indigo festival, Ljubljana, Slovenia<\/span><\/h2>\n<h2 class=\"fusion-responsive-typography-calculated\" style=\"text-align: center; color: #282828; --fontsize: 18; line-height: 1.5; --minfontsize: 18;\" data-fontsize=\"18\" data-lineheight=\"27px\"><strong style=\"color: #d8d8d8;\">04. 09. 2020 &#8211;<\/strong><span style=\"color: #d8d8d8;\"> Grad Negova, Negova, Slovenia<\/span><\/h2>\n<h2 class=\"fusion-responsive-typography-calculated\" style=\"text-align: center; color: #282828; --fontsize: 18; line-height: 1.5; --minfontsize: 18;\" data-fontsize=\"18\" data-lineheight=\"27px\"><strong style=\"color: #d8d8d8;\">05. 08. 2020 &#8211;<\/strong><span style=\"color: #d8d8d8;\"> Mostovna, Solkan, Slovenia<\/span><\/h2>\n<h2 class=\"fusion-responsive-typography-calculated\" style=\"text-align: center; color: #282828; --fontsize: 18; line-height: 1.5; --minfontsize: 18;\" data-fontsize=\"18\" data-lineheight=\"27px\"><strong style=\"color: #d8d8d8;\">24. 07. 2020 &#8211;<\/strong><span style=\"color: #d8d8d8;\"> Aeson festival, Italy<\/span><\/h2>\n<h2 class=\"fusion-responsive-typography-calculated\" style=\"text-align: center; color: #282828; --fontsize: 18; line-height: 1.5; --minfontsize: 18;\" data-fontsize=\"18\" data-lineheight=\"27px\"><strong style=\"color: #d8d8d8;\">04. 07. 2020 &#8211;<\/strong><span style=\"color: #d8d8d8;\"> Poletni Art Kamp, Maribor, Slovenia<\/span><\/h2>\n<h2 class=\"fusion-responsive-typography-calculated\" style=\"text-align: center; color: #282828; --fontsize: 18; line-height: 1.5; --minfontsize: 18;\" data-fontsize=\"18\" data-lineheight=\"27px\"><strong style=\"color: #d8d8d8;\">25. 06. 2020 &#8211;<\/strong><span style=\"color: #d8d8d8;\"> Mo\u010dvara, Zagreb, Croatia<\/span><\/h2>\n<h2 class=\"fusion-responsive-typography-calculated\" style=\"text-align: center; --fontsize: 18; line-height: 1.5; --minfontsize: 18; color: #282828;\" data-fontsize=\"18\" data-lineheight=\"27px\"><strong style=\"color: #d8d8d8;\">19. 05. 2020 &#8211;<\/strong><span style=\"color: #d8d8d8;\"> streaming from Kino \u0160i\u0161ka, Ljubljana, Slovenia<\/span><\/h2>\n<h2 class=\"fusion-responsive-typography-calculated\" style=\"text-align: center; --fontsize: 18; line-height: 1.5; --minfontsize: 18; color: #282828;\" data-fontsize=\"18\" data-lineheight=\"27px\"><strong style=\"color: #d8d8d8;\">22. 04. 2020 &#8211;<\/strong><span style=\"color: #d8d8d8;\"> streaming from Lesno Brdo (Slovenia) for Bozar, Brussels, Belgium<\/span><\/h2>\n<h2 class=\"fusion-responsive-typography-calculated\" style=\"text-align: center; --fontsize: 18; line-height: 1.5; --minfontsize: 18; color: #282828;\" data-fontsize=\"18\" data-lineheight=\"27px\"><strong style=\"color: #d8d8d8;\">22. 02. 2020 &#8211;<\/strong><span style=\"color: #d8d8d8;\"> Kinogledali\u0161\u010de Tolmin, Slovenia<\/span><\/h2>\n<h2 class=\"fusion-responsive-typography-calculated\" style=\"text-align: center; --fontsize: 18; line-height: 1.5; --minfontsize: 18; color: #282828;\" data-fontsize=\"18\" data-lineheight=\"27px\"><strong style=\"color: #d8d8d8;\">28. 11. 2019 &#8211;<\/strong><span style=\"color: #d8d8d8;\"> Iklectik, London, Great Britain<\/span><\/h2>\n<h2 class=\"fusion-responsive-typography-calculated\" style=\"text-align: center; --fontsize: 18; line-height: 1.5; --minfontsize: 18; color: #282828;\" data-fontsize=\"18\" data-lineheight=\"27px\"><strong style=\"color: #d8d8d8;\">23. 11. 2019 &#8211;<\/strong><span style=\"color: #d8d8d8;\"> Kulturni dom Kr\u0161ko, Kr\u0161ko, Slovenia<\/span><\/h2>\n<h2 class=\"fusion-responsive-typography-calculated\" style=\"text-align: center; --fontsize: 18; line-height: 1.5; --minfontsize: 18; color: #282828;\" data-fontsize=\"18\" data-lineheight=\"27px\"><strong style=\"color: #d8d8d8;\">16. 11. 2019 &#8211;<\/strong><span style=\"color: #d8d8d8;\"> Back Beat Bolaget, Sandviken, Sweden<\/span><\/h2>\n<h2 class=\"fusion-responsive-typography-calculated\" style=\"text-align: center; --fontsize: 18; line-height: 1.5; --minfontsize: 18; color: #282828;\" data-fontsize=\"18\" data-lineheight=\"27px\"><strong style=\"color: #d8d8d8;\">15. 11. 2019 &#8211;<\/strong><span style=\"color: #d8d8d8;\"> Skissernas Night Festival, Skissernas Museum, Lund, Sweden<\/span><\/h2>\n<h2 class=\"fusion-responsive-typography-calculated\" style=\"text-align: center; --fontsize: 18; line-height: 1.5; --minfontsize: 18; color: #282828;\" data-fontsize=\"18\" data-lineheight=\"27px\"><strong style=\"color: #d8d8d8;\">14. 11. 2019 &#8211;<\/strong><span style=\"color: #d8d8d8;\"> S\u00f6r\u00e4ngens Folkh\u00f6gskola, N\u00e4ssj\u00f6, Sweden<\/span><\/h2>\n<h2 class=\"fusion-responsive-typography-calculated\" style=\"text-align: center; --fontsize: 18; line-height: 1.5; --minfontsize: 18; color: #282828;\" data-fontsize=\"18\" data-lineheight=\"27px\"><strong style=\"color: #d8d8d8;\">13. 11. 2019 &#8211;<\/strong><span style=\"color: #d8d8d8;\"> \u0160irom &#8211; Moondog feat Raphael Roginski &amp; Natalia Przybysz, Festival Kwadrofonik, Warsaw, Poland<\/span><\/h2>\n<h2 class=\"fusion-responsive-typography-calculated\" style=\"text-align: center; --fontsize: 18; line-height: 1.5; --minfontsize: 18; color: #282828;\" data-fontsize=\"18\" data-lineheight=\"27px\"><strong style=\"color: #d8d8d8;\">24. 10. 2019 &#8211;<\/strong><span style=\"color: #d8d8d8;\"> \u0160irom &amp; Raphael Roginski, KC Janeza Trdine, Novo Mesto, Slovenia<\/span><\/h2>\n<h2 class=\"fusion-responsive-typography-calculated\" style=\"text-align: center; --fontsize: 18; line-height: 1.5; --minfontsize: 18; color: #282828;\" data-fontsize=\"18\" data-lineheight=\"27px\"><strong style=\"color: #d8d8d8;\">3. 10. 2019 &#8211;<\/strong><span style=\"color: #d8d8d8;\"> Presentation of III. album &#8220;A Universe That Roasts Blossoms For a Horse&#8221;, Kino \u0160i\u0161ka, Ljubljana, Slovenia<\/span><\/h2>\n<h2 class=\"fusion-responsive-typography-calculated\" style=\"text-align: center; --fontsize: 18; line-height: 1.5; --minfontsize: 18; color: #282828;\" data-fontsize=\"18\" data-lineheight=\"27px\"><strong style=\"color: #d8d8d8;\">13. 9. 2019 &#8211;<\/strong><span style=\"color: #d8d8d8;\"> Villa Romana, Florence, Italy<\/span><\/h2>\n<h2 class=\"fusion-responsive-typography-calculated\" style=\"text-align: center; --fontsize: 18; line-height: 1.5; --minfontsize: 18; color: #282828;\" data-fontsize=\"18\" data-lineheight=\"27px\"><strong style=\"color: #d8d8d8;\">12. 9. 2019 &#8211;<\/strong><span style=\"color: #d8d8d8;\"> T-train record store, Perugia, Italy<\/span><\/h2>\n<h2 class=\"fusion-responsive-typography-calculated\" style=\"text-align: center; --fontsize: 18; line-height: 1.5; --minfontsize: 18; color: #282828;\" data-fontsize=\"18\" data-lineheight=\"27px\"><strong style=\"color: #d8d8d8;\">11. 9. 2019 &#8211;<\/strong><span style=\"color: #d8d8d8;\"> Postwar Cinema Club, Parma, Italy<\/span><\/h2>\n<h2 class=\"fusion-responsive-typography-calculated\" style=\"text-align: center; --fontsize: 18; line-height: 1.5; --minfontsize: 18; color: #282828;\" data-fontsize=\"18\" data-lineheight=\"27px\"><strong style=\"color: #d8d8d8;\">10. 9. 2019 &#8211;<\/strong><span style=\"color: #d8d8d8;\"> Torto night, Genoa, Italy<\/span><\/h2>\n<h2 class=\"fusion-responsive-typography-calculated\" style=\"text-align: center; --fontsize: 18; line-height: 1.5; --minfontsize: 18; color: #282828;\" data-fontsize=\"18\" data-lineheight=\"27px\"><strong style=\"color: #d8d8d8;\">9. 9. 2019 &#8211;<\/strong><span style=\"color: #d8d8d8;\"> K\u00f6sk, M\u00fcnchen, Germany<\/span><\/h2>\n<h2 class=\"fusion-responsive-typography-calculated\" style=\"text-align: center; --fontsize: 18; line-height: 1.5; --minfontsize: 18; color: #282828;\" data-fontsize=\"18\" data-lineheight=\"27px\"><strong style=\"color: #d8d8d8;\">8. 9. 2019 &#8211;<\/strong><span style=\"color: #d8d8d8;\"> Meakusma festival, Eupen, Belgium<\/span><\/h2>\n<h2 class=\"fusion-responsive-typography-calculated\" style=\"text-align: center; --fontsize: 18; line-height: 1.5; --minfontsize: 18; color: #282828;\" data-fontsize=\"18\" data-lineheight=\"27px\"><strong style=\"color: #d8d8d8;\">7. 9. 2019 &#8211;<\/strong><span style=\"color: #d8d8d8;\"> Koloni\/\u00d6gat, Gothenburg, Sweden<\/span><\/h2>\n<h2 class=\"fusion-responsive-typography-calculated\" style=\"text-align: center; --fontsize: 18; line-height: 1.5; --minfontsize: 18; color: #282828;\" data-fontsize=\"18\" data-lineheight=\"27px\"><strong style=\"color: #d8d8d8;\">6. 9. 2019 &#8211;<\/strong><span style=\"color: #d8d8d8;\"> Gerlesborgsskolan, Gerlesborg, Sweden<\/span><\/h2>\n<h2 class=\"fusion-responsive-typography-calculated\" style=\"text-align: center; --fontsize: 18; line-height: 1.5; --minfontsize: 18; color: #282828;\" data-fontsize=\"18\" data-lineheight=\"27px\"><strong style=\"color: #d8d8d8;\">5. 9. 2019 &#8211;<\/strong><span style=\"color: #d8d8d8;\"> Bohusl\u00e4nsmuseum, Uddevalla, Sweden<\/span><\/h2>\n<h2 class=\"fusion-responsive-typography-calculated\" style=\"text-align: center; --fontsize: 18; line-height: 1.5; --minfontsize: 18; color: #282828;\" data-fontsize=\"18\" data-lineheight=\"27px\"><strong style=\"color: #d8d8d8;\">4. 9. 2019 &#8211;<\/strong><span style=\"color: #d8d8d8;\"> Alice, Copenhagen, Denmark<\/span><\/h2>\n<h2 class=\"fusion-responsive-typography-calculated\" style=\"text-align: center; --fontsize: 18; line-height: 1.5; --minfontsize: 18; color: #282828;\" data-fontsize=\"18\" data-lineheight=\"27px\"><strong style=\"color: #d8d8d8;\">3. 9. 2019 &#8211;<\/strong><span style=\"color: #d8d8d8;\"> Det Turkise telt, Aarhus, Denmark<\/span><\/h2>\n<h2 class=\"fusion-responsive-typography-calculated\" style=\"text-align: center; --fontsize: 18; line-height: 1.5; --minfontsize: 18; color: #282828;\" data-fontsize=\"18\" data-lineheight=\"27px\"><strong style=\"color: #d8d8d8;\">31. 9. 2019 &#8211;<\/strong><span style=\"color: #d8d8d8;\"> Into the great wide open, Netherlands<\/span><\/h2>\n<h2 class=\"fusion-responsive-typography-calculated\" style=\"text-align: center; --fontsize: 18; line-height: 1.5; --minfontsize: 18; color: #282828;\" data-fontsize=\"18\" data-lineheight=\"27px\"><strong style=\"color: #d8d8d8;\">28. 8. 2019 &#8211;<\/strong><span style=\"color: #d8d8d8;\"> Festival Baignade interdite, France<\/span><\/h2>\n<h2 class=\"fusion-responsive-typography-calculated\" style=\"text-align: center; --fontsize: 18; line-height: 1.5; --minfontsize: 18;\" data-fontsize=\"18\" data-lineheight=\"27px\"><strong style=\"color: #d8d8d8;\">20. 7. 2019 &#8211;<\/strong><span style=\"color: #d8d8d8;\"> Babel Sound Festival, Hungary<\/span><\/h2>\n<h2 class=\"fusion-responsive-typography-calculated\" style=\"text-align: center; --fontsize: 18; line-height: 1.5; --minfontsize: 18;\" data-fontsize=\"18\" data-lineheight=\"27px\"><strong style=\"color: #d8d8d8;\">12. 7. 2019 &#8211;<\/strong><span style=\"color: #d8d8d8;\"> Tabor Film Festival, Desini\u0107, Croatia<\/span><\/h2>\n<h2 class=\"fusion-responsive-typography-calculated\" style=\"text-align: center; --fontsize: 18; line-height: 1.5; --minfontsize: 18;\" data-fontsize=\"18\" data-lineheight=\"27px\"><span style=\"color: #000000;\"><b style=\"color: #d8d8d8;\">10. 6. 2019 &#8211;<\/b><span style=\"color: #d8d8d8;\"> Moers Festival, Moers, Germany<\/span><\/span><\/h2>\n<h2 class=\"fusion-responsive-typography-calculated\" style=\"text-align: center; --fontsize: 18; line-height: 1.5; --minfontsize: 18;\" data-fontsize=\"18\" data-lineheight=\"27px\"><span style=\"color: #282828;\"><strong style=\"color: #d8d8d8;\">9. 6. 2019 &#8211;<\/strong><span style=\"color: #d8d8d8;\"> Music Meeting Festival, Nijmegen, Netherlands<\/span><\/span><\/h2>\n<h2 class=\"fusion-responsive-typography-calculated\" style=\"text-align: center; --fontsize: 18; line-height: 1.5; --minfontsize: 18;\" data-fontsize=\"18\" data-lineheight=\"27px\"><span style=\"color: #282828;\"><strong style=\"color: #d8d8d8;\">8. 6. 2019 &#8211;<\/strong><span style=\"color: #d8d8d8;\"> Filmwerk, Helmbrechts, Germany<\/span><\/span><\/h2>\n<h2 class=\"fusion-responsive-typography-calculated\" style=\"text-align: center; --fontsize: 18; line-height: 1.5; --minfontsize: 18;\" data-fontsize=\"18\" data-lineheight=\"27px\"><span style=\"color: #282828;\"><strong style=\"color: #d8d8d8;\">7. 6. 2019 &#8211;<\/strong><span style=\"color: #d8d8d8;\"> Spxlxnkx, Liepzig, Germany<\/span><\/span><\/h2>\n<h2 class=\"fusion-responsive-typography-calculated\" style=\"text-align: center; --fontsize: 18; line-height: 1.5; --minfontsize: 18;\" data-fontsize=\"18\" data-lineheight=\"27px\"><span style=\"color: #282828;\"><strong style=\"color: #d8d8d8;\">6. 6. 2019 &#8211;<\/strong><span style=\"color: #d8d8d8;\"> Ko\u010dka v ta\u0161ce \u2013 bytov\u00e1 sc\u00e9na, Prague, Czech republic<\/span><\/span><\/h2>\n<h2 class=\"fusion-responsive-typography-calculated\" style=\"text-align: center; --fontsize: 18; line-height: 1.5; --minfontsize: 18;\" data-fontsize=\"18\" data-lineheight=\"27px\"><strong style=\"color: #d8d8d8;\">12. 4. 2019 &#8211;<\/strong><span style=\"color: #d8d8d8;\"> Layerjeva hi\u0161a, Kranj, Slovenia<\/span><\/h2>\n<h2 class=\"fusion-responsive-typography-calculated\" style=\"text-align: center; --fontsize: 18; line-height: 1.5; --minfontsize: 18;\" data-fontsize=\"18\" data-lineheight=\"27px\"><strong style=\"color: #d8d8d8;\">29. 3. 2019 &#8211;<\/strong><span style=\"color: #d8d8d8;\"> Kibla, Maribor, Slovenia<\/span><\/h2>\n<h2 class=\"fusion-responsive-typography-calculated\" style=\"text-align: center; --fontsize: 18; line-height: 1.5; --minfontsize: 18;\" data-fontsize=\"18\" data-lineheight=\"27px\"><strong style=\"color: #d8d8d8;\">22. 2. 2019 &#8211;<\/strong><span style=\"color: #d8d8d8;\"> Klub Zakon, Vrhnika, Slovenia<\/span><\/h2>\n<h2 class=\"fusion-responsive-typography-calculated\" style=\"text-align: center; --fontsize: 18; line-height: 1.5; --minfontsize: 18;\" data-fontsize=\"18\" data-lineheight=\"27px\"><strong style=\"color: #d8d8d8;\">1. 2. 2019 &#8211;<\/strong><span style=\"color: #d8d8d8;\"> Festival Bobri, Ljubljana, Slovenia<\/span><\/h2>\n<h2 class=\"fusion-responsive-typography-calculated\" style=\"text-align: center; --fontsize: 18; line-height: 1.5; --minfontsize: 18;\" data-fontsize=\"18\" data-lineheight=\"27px\"><strong style=\"color: #d8d8d8;\">8. 1. 2019 &#8211;<\/strong><span style=\"color: #d8d8d8;\"> Celica, Ljubljana, Slovenia<\/span><\/h2>\n<h2 class=\"fusion-responsive-typography-calculated\" style=\"text-align: center; --fontsize: 18; line-height: 1.5; --minfontsize: 18;\" data-fontsize=\"18\" data-lineheight=\"27px\"><strong style=\"color: #d8d8d8;\">9. 11. 2018 &#8211;<\/strong><span style=\"color: #d8d8d8;\"> Festival Etnika, Gustaf, Maribor, Slovenia<\/span><\/h2>\n<h2 class=\"fusion-responsive-typography-calculated\" style=\"text-align: center; --fontsize: 18; line-height: 1.5; --minfontsize: 18;\" data-fontsize=\"18\" data-lineheight=\"27px\"><strong style=\"color: #d8d8d8;\">6. 10. 2018 &#8211;<\/strong><span style=\"color: #d8d8d8;\"> Ritmo, Budapest, Hungary<\/span><\/h2>\n<h2 class=\"fusion-responsive-typography-calculated\" style=\"text-align: center; --fontsize: 18; line-height: 1.5; --minfontsize: 18;\" data-fontsize=\"18\" data-lineheight=\"27px\"><strong style=\"color: #d8d8d8;\">15. 9. 2018 &#8211;<\/strong><span style=\"color: #d8d8d8;\"> Etno mehanika, Sankt Petersburg, Russia<\/span><\/h2>\n<h2 class=\"fusion-responsive-typography-calculated\" style=\"text-align: center; --fontsize: 18; line-height: 1.5; --minfontsize: 18;\" data-fontsize=\"18\" data-lineheight=\"27px\"><strong style=\"color: #d8d8d8;\">7. 9. 2018 &#8211;<\/strong><span style=\"color: #d8d8d8;\"> Porto Etno Festival, Rijeka, Croatia<\/span><\/h2>\n<h2 class=\"fusion-responsive-typography-calculated\" style=\"text-align: center; --fontsize: 18; line-height: 1.5; --minfontsize: 18;\" data-fontsize=\"18\" data-lineheight=\"27px\"><strong style=\"color: #d8d8d8;\">4. 9. 2018 &#8211;<\/strong><span style=\"color: #d8d8d8;\"> Sound Explicit, Ljubljana, Slovenia<\/span><\/h2>\n<h2 class=\"fusion-responsive-typography-calculated\" style=\"text-align: center; --fontsize: 18; line-height: 1.5; --minfontsize: 18;\" data-fontsize=\"18\" data-lineheight=\"27px\"><strong style=\"color: #d8d8d8;\">27. 8. 2018 &#8211;<\/strong><span style=\"color: #d8d8d8;\"> Huda luknja, Velenje, Slovenia<\/span><\/h2>\n<h2 class=\"fusion-responsive-typography-calculated\" style=\"text-align: center; --fontsize: 18; line-height: 1.5; --minfontsize: 18;\" data-fontsize=\"18\" data-lineheight=\"27px\"><strong style=\"color: #d8d8d8;\">18. 8. 2018 &#8211;<\/strong><span style=\"color: #d8d8d8;\"> Castrum festival, Switzerland<\/span><\/h2>\n<h2 class=\"fusion-responsive-typography-calculated\" style=\"text-align: center; --fontsize: 18; line-height: 1.5; --minfontsize: 18;\" data-fontsize=\"18\" data-lineheight=\"27px\"><strong style=\"color: #d8d8d8;\">12. 8. 2018 &#8211;<\/strong><span style=\"color: #d8d8d8;\"> Kamfest, Kamnik, Slovenia<\/span><\/h2>\n<h2 class=\"fusion-responsive-typography-calculated\" style=\"text-align: center; --fontsize: 18; line-height: 1.5; --minfontsize: 18;\" data-fontsize=\"18\" data-lineheight=\"27px\"><strong style=\"color: #d8d8d8;\">23. 7. 2018 &#8211;<\/strong><span style=\"color: #d8d8d8;\"> FMM Sines, Portugal<\/span><\/h2>\n<h2 class=\"fusion-responsive-typography-calculated\" style=\"text-align: center; --fontsize: 18; line-height: 1.5; --minfontsize: 18;\" data-fontsize=\"18\" data-lineheight=\"27px\"><strong style=\"color: #d8d8d8;\">7. 7. 2018 &#8211;<\/strong><span style=\"color: #d8d8d8;\"> Roskilde Festival, Denmark<\/span><\/h2>\n<h2 class=\"fusion-responsive-typography-calculated\" style=\"text-align: center; --fontsize: 18; line-height: 1.5; --minfontsize: 18;\" data-fontsize=\"18\" data-lineheight=\"27px\"><strong style=\"color: #d8d8d8;\">14. 6. 2018 &#8211;<\/strong><span style=\"color: #d8d8d8;\"> \u0160irom, projection of film, Kinodvor, Ljubljana, Slovenia<\/span><\/h2>\n<h2 class=\"fusion-responsive-typography-calculated\" style=\"text-align: center; --fontsize: 18; line-height: 1.5; --minfontsize: 18;\" data-fontsize=\"18\" data-lineheight=\"27px\"><strong style=\"color: #d8d8d8;\">1. 6. 2018 &#8211;<\/strong><span style=\"color: #d8d8d8;\"> \u0160irom concert, Atrium of the municipality of Nova Gorica, Nova Gorica, Slovenia<\/span><\/h2>\n<h2 class=\"fusion-responsive-typography-calculated\" style=\"text-align: center; --fontsize: 18; line-height: 1.5; --minfontsize: 18;\" data-fontsize=\"18\" data-lineheight=\"27px\"><strong style=\"color: #d8d8d8;\">20. 05. 18 &#8211;<\/strong><span style=\"color: #d8d8d8;\"> Ring ring, Beograd, Serbia<\/span><\/h2>\n<h2 class=\"fusion-responsive-typography-calculated\" style=\"text-align: center; --fontsize: 18; line-height: 1.5; --minfontsize: 18;\" data-fontsize=\"18\" data-lineheight=\"27px\"><strong style=\"color: #d8d8d8;\">21. 04. 18 &#8211;<\/strong><span style=\"color: #d8d8d8;\"> ZEZ Festival KSET Zagreb, Hrva\u0161ka<\/span><\/h2>\n<h2 class=\"fusion-responsive-typography-calculated\" style=\"text-align: center; --fontsize: 18; line-height: 1.5; --minfontsize: 18;\" data-fontsize=\"18\" data-lineheight=\"27px\"><strong style=\"color: #d8d8d8;\">13. 04. 18 &#8211;<\/strong><span style=\"color: #d8d8d8;\"> Ostello Castle, Genova, Italy<\/span><\/h2>\n<h2 class=\"fusion-responsive-typography-calculated\" style=\"text-align: center; --fontsize: 18; line-height: 1.5; --minfontsize: 18;\" data-fontsize=\"18\" data-lineheight=\"27px\"><strong style=\"color: #d8d8d8;\">12. 04. 18 &#8211;<\/strong><span style=\"color: #d8d8d8;\"> Volume, Milano, Italy<\/span><\/h2>\n<h2 class=\"fusion-responsive-typography-calculated\" style=\"text-align: center; --fontsize: 18; line-height: 1.5; --minfontsize: 18;\" data-fontsize=\"18\" data-lineheight=\"27px\"><strong style=\"color: #d8d8d8;\">11. 04. 18 &#8211;<\/strong><span style=\"color: #d8d8d8;\"> Stanser Musikstageconf, Stants, Switzerland<\/span><\/h2>\n<h2 class=\"fusion-responsive-typography-calculated\" style=\"text-align: center; --fontsize: 18; line-height: 1.5; --minfontsize: 18;\" data-fontsize=\"18\" data-lineheight=\"27px\"><strong style=\"color: #d8d8d8;\">10. 04. 18 &#8211;<\/strong><span style=\"color: #d8d8d8;\"> Le Periscope, Lyon, France<\/span><\/h2>\n<h2 class=\"fusion-responsive-typography-calculated\" style=\"text-align: center; --fontsize: 18; line-height: 1.5; --minfontsize: 18;\" data-fontsize=\"18\" data-lineheight=\"27px\"><strong style=\"color: #d8d8d8;\">09. 04. 18 &#8211;<\/strong><span style=\"color: #d8d8d8;\"> Fest Banlieues Bleues, Pantin, France<\/span><\/h2>\n<h2 class=\"fusion-responsive-typography-calculated\" style=\"text-align: center; --fontsize: 18; line-height: 1.5; --minfontsize: 18;\" data-fontsize=\"18\" data-lineheight=\"27px\"><strong style=\"color: #d8d8d8;\">08. 04. 18 &#8211;<\/strong><span style=\"color: #d8d8d8;\"> Cafe Oto, London, GB<\/span><\/h2>\n<h2 class=\"fusion-responsive-typography-calculated\" style=\"text-align: center; --fontsize: 18; line-height: 1.5; --minfontsize: 18;\" data-fontsize=\"18\" data-lineheight=\"27px\"><strong style=\"color: #d8d8d8;\">06. 04. 18 &#8211;<\/strong><span style=\"color: #d8d8d8;\"> Rewire festival, The Hague, Netherlands<\/span><\/h2>\n<h2 class=\"fusion-responsive-typography-calculated\" style=\"text-align: center; --fontsize: 18; line-height: 1.5; --minfontsize: 18;\" data-fontsize=\"18\" data-lineheight=\"27px\"><strong style=\"color: #d8d8d8;\">05. 04. 18 &#8211;<\/strong><span style=\"color: #d8d8d8;\"> Ancienne Belgique, Brussels, Belgium<\/span><\/h2>\n<h2 class=\"fusion-responsive-typography-calculated\" style=\"text-align: center; --fontsize: 18; line-height: 1.5; --minfontsize: 18;\" data-fontsize=\"18\" data-lineheight=\"27px\"><strong style=\"color: #d8d8d8;\">04. 04. 18 &#8211;<\/strong><span style=\"color: #d8d8d8;\"> Merleyn, Nijmegen, Netherlands<\/span><\/h2>\n<h2 class=\"fusion-responsive-typography-calculated\" style=\"text-align: center; --fontsize: 18; line-height: 1.5; --minfontsize: 18;\" data-fontsize=\"18\" data-lineheight=\"27px\"><strong style=\"color: #d8d8d8;\">03. 04. 18 &#8211;<\/strong><span style=\"color: #d8d8d8;\"> Stimultania, Strasbourg, France<\/span><\/h2>\n<h2 class=\"fusion-responsive-typography-calculated\" style=\"text-align: center; --fontsize: 18; line-height: 1.5; --minfontsize: 18;\" data-fontsize=\"18\" data-lineheight=\"27px\"><strong style=\"color: #d8d8d8;\">01. 04. 18 &#8211;<\/strong><span style=\"color: #d8d8d8;\"> Mokka, Thun, Switzerland<\/span><\/h2>\n<h2 class=\"fusion-responsive-typography-calculated\" style=\"text-align: center; --fontsize: 18; line-height: 1.5; --minfontsize: 18;\" data-fontsize=\"18\" data-lineheight=\"27px\"><strong style=\"color: #d8d8d8;\">31. 03. 18 &#8211;<\/strong><span style=\"color: #d8d8d8;\"> Cladnestino, Faenza, Italy<\/span><\/h2>\n<h2 class=\"fusion-responsive-typography-calculated\" style=\"text-align: center; --fontsize: 18; line-height: 1.5; --minfontsize: 18;\" data-fontsize=\"18\" data-lineheight=\"27px\"><strong style=\"color: #d8d8d8;\">03. 03. 18 &#8211;<\/strong><span style=\"color: #d8d8d8;\"> \u0160irom &amp; Raphael Rogi\u0144ski, Bar Gabrijel, Ljubljana, Slovenia<\/span><\/h2>\n<h2 class=\"fusion-responsive-typography-calculated\" style=\"text-align: center; --fontsize: 18; line-height: 1.5; --minfontsize: 18;\" data-fontsize=\"18\" data-lineheight=\"27px\"><strong style=\"color: #d8d8d8;\">30. 01. 18 &#8211;<\/strong><span style=\"color: #d8d8d8;\"> \u0160irom &amp; cellF, Kapelica, Ljubljana, Slovenia<\/span><\/h2>\n<h2 class=\"fusion-responsive-typography-calculated\" style=\"text-align: center; --fontsize: 18; line-height: 1.5; --minfontsize: 18;\" data-fontsize=\"18\" data-lineheight=\"27px\"><strong style=\"color: #d8d8d8;\">20. 01. 18 &#8211;<\/strong><span style=\"color: #d8d8d8;\"> Laboratorium, Stuttgart, Germany<\/span><\/h2>\n<h2 class=\"fusion-responsive-typography-calculated\" style=\"text-align: center; --fontsize: 18; line-height: 1.5; --minfontsize: 18;\" data-fontsize=\"18\" data-lineheight=\"27px\"><strong style=\"color: #d8d8d8;\">19. 01. 18 &#8211;<\/strong><span style=\"color: #d8d8d8;\"> EdenlessBar, Leinfelden, Germany<\/span><\/h2>\n<h2 class=\"fusion-responsive-typography-calculated\" style=\"text-align: center; --fontsize: 18; line-height: 1.5; --minfontsize: 18;\" data-fontsize=\"18\" data-lineheight=\"27px\"><strong style=\"color: #d8d8d8;\">18. 01. 18 &#8211;<\/strong><span style=\"color: #d8d8d8;\"> Eurosonic \u2013 Grand Theatre Up, Groningen, Netherlands<\/span><\/h2>\n<h2 class=\"fusion-responsive-typography-calculated\" style=\"text-align: center; --fontsize: 18; line-height: 1.5; --minfontsize: 18;\" data-fontsize=\"18\" data-lineheight=\"27px\"><strong style=\"color: #d8d8d8;\">17. 01. 18 &#8211;<\/strong><span style=\"color: #d8d8d8;\"> Eurosonic \u2013 Der Aa-Kerk, Groningen, Netherlands<\/span><\/h2>\n<h2 class=\"fusion-responsive-typography-calculated\" style=\"text-align: center; --fontsize: 18; line-height: 1.5; --minfontsize: 18; color: #d8d8d8;\" data-fontsize=\"18\" data-lineheight=\"27px\">05. 12. 17 &#8211; Kino \u0160i\u0161ka, Ljubljana, Slovenia<\/h2>\n<h2 class=\"fusion-responsive-typography-calculated\" style=\"text-align: center; --fontsize: 18; line-height: 1.5; --minfontsize: 18;\" data-fontsize=\"18\" data-lineheight=\"27px\"><strong style=\"color: #d8d8d8;\">04.11.17 &#8211;<\/strong><span style=\"color: #d8d8d8;\"> \u0160irom &amp; Derek Gripper, Pinelina dnevna soba, Ljubljana, Slovenija<\/span><\/h2>\n<h2 class=\"fusion-responsive-typography-calculated\" style=\"text-align: center; --fontsize: 18; line-height: 1.5; --minfontsize: 18;\" data-fontsize=\"18\" data-lineheight=\"27px\"><strong style=\"color: #d8d8d8;\">21. 10. 17 &#8211;<\/strong><span style=\"color: #d8d8d8;\"> Podobe kulture in vina I Imagines Culturae In Vini, KOGL, \u0160irom &amp; Yoshio Machida, Velika Nedelja, Slovenija<\/span><\/h2>\n<h2 class=\"fusion-responsive-typography-calculated\" style=\"text-align: center; --fontsize: 18; line-height: 1.5; --minfontsize: 18;\" data-fontsize=\"18\" data-lineheight=\"27px\"><strong style=\"color: #d8d8d8;\">20. 10. 17 &#8211;<\/strong><span style=\"color: #d8d8d8;\"> Kulturni dom, \u0160irom &amp; Yoshio Machida, Beltinci, Slovenija<\/span><\/h2>\n<h2 class=\"fusion-responsive-typography-calculated\" style=\"text-align: center; --fontsize: 18; line-height: 1.5; --minfontsize: 18;\" data-fontsize=\"18\" data-lineheight=\"27px\"><strong style=\"color: #d8d8d8;\">19. 10. 17 &#8211;<\/strong><span style=\"color: #d8d8d8;\"> Residency in Layer House, \u0160irom &amp; Yoshio Machida, Kranj, Slovenija<\/span><\/h2>\n<h2 class=\"fusion-responsive-typography-calculated\" style=\"text-align: center; --fontsize: 18; line-height: 1.5; --minfontsize: 18;\" data-fontsize=\"18\" data-lineheight=\"27px\"><strong style=\"color: #d8d8d8;\">18.10.17 &#8211;<\/strong><span style=\"color: #d8d8d8;\"> \u0160vicarija (Park Tivoli), \u0160irom &amp; Yoshio Machida, Ljubljana, Slovenija<\/span><\/h2>\n<h2 class=\"fusion-responsive-typography-calculated\" style=\"text-align: center; --fontsize: 18; line-height: 1.5; --minfontsize: 18;\" data-fontsize=\"18\" data-lineheight=\"27px\"><strong style=\"color: #d8d8d8;\">29. 9. 17 &#8211;<\/strong><span style=\"color: #d8d8d8;\"> Liter\u00e1rn\u00ed \u010dajovna Sklen\u011bn\u00e1 louka Brno, Czech Republic<\/span><\/h2>\n<h2 class=\"fusion-responsive-typography-calculated\" style=\"text-align: center; --fontsize: 18; line-height: 1.5; --minfontsize: 18;\" data-fontsize=\"18\" data-lineheight=\"27px\"><strong style=\"color: #d8d8d8;\">28. 9. 17 &#8211;<\/strong><span style=\"color: #d8d8d8;\"> \u0160irom &amp; Raphael Roginski &amp; Natalia Przybysz (composition: Moondog)Festival Sacrum Profanum Krak\u00f3w, Poland<\/span><\/h2>\n<h2 class=\"fusion-responsive-typography-calculated\" style=\"text-align: center; --fontsize: 18; line-height: 1.5; --minfontsize: 18;\" data-fontsize=\"18\" data-lineheight=\"27px\"><strong style=\"color: #d8d8d8;\">26. 9. 17 &#8211;<\/strong><span style=\"color: #d8d8d8;\"> Galerija Pomezi Brno, Czech Republic<\/span><\/h2>\n<h2 class=\"fusion-responsive-typography-calculated\" style=\"text-align: center; --fontsize: 18; line-height: 1.5; --minfontsize: 18;\" data-fontsize=\"18\" data-lineheight=\"27px\"><strong style=\"color: #d8d8d8;\">8. 9. 17 &#8211;<\/strong><span style=\"color: #d8d8d8;\"> \u0160entpeter church, \u0160entpeter \/ \u0160entjakob v Ro\u017eu, Austria<\/span><\/h2>\n<h2 class=\"fusion-responsive-typography-calculated\" style=\"text-align: center; --fontsize: 18; line-height: 1.5; --minfontsize: 18;\" data-fontsize=\"18\" data-lineheight=\"27px\"><strong style=\"color: #d8d8d8;\">9. 9. 17 &#8211;<\/strong><span style=\"color: #d8d8d8;\"> Summer Art Kamp, city park, Maribor, Slovenia<\/span><\/h2>\n<h2 class=\"fusion-responsive-typography-calculated\" style=\"text-align: center; --fontsize: 18; line-height: 1.5; --minfontsize: 18;\" data-fontsize=\"18\" data-lineheight=\"27px\"><strong style=\"color: #d8d8d8;\">26. 8. 17 &#8211;<\/strong><span style=\"color: #d8d8d8;\"> Bo\u017eidar Jakac Gallery, Kostanjevica na Krki, Slovenija<\/span><\/h2>\n<h2 class=\"fusion-responsive-typography-calculated\" style=\"text-align: center; --fontsize: 18; line-height: 1.5; --minfontsize: 18;\" data-fontsize=\"18\" data-lineheight=\"27px\"><strong style=\"color: #d8d8d8;\">12. 8. 17 &#8211;<\/strong><span style=\"color: #d8d8d8;\"> Festival Lent, Maribor, Slovenia<\/span><\/h2>\n<h2 class=\"fusion-responsive-typography-calculated\" style=\"text-align: center; --fontsize: 18; line-height: 1.5; --minfontsize: 18;\" data-fontsize=\"18\" data-lineheight=\"27px\"><strong style=\"color: #d8d8d8;\">27. 7. 17 &#8211;<\/strong><span style=\"color: #d8d8d8;\"> Festival Dobimo se pred \u0160kucem, \u0160kuc gallery, Ljubljana, Slovenia<\/span><\/h2>\n<h2 class=\"fusion-responsive-typography-calculated\" style=\"text-align: center; --fontsize: 18; line-height: 1.5; --minfontsize: 18;\" data-fontsize=\"18\" data-lineheight=\"27px\"><strong style=\"color: #d8d8d8;\">26. 7. 17 &#8211;<\/strong><span style=\"color: #d8d8d8;\"> gUt gallery, M\u00fcnchen, Germany<\/span><\/h2>\n<h2 class=\"fusion-responsive-typography-calculated\" style=\"text-align: center; --fontsize: 18; line-height: 1.5; --minfontsize: 18;\" data-fontsize=\"18\" data-lineheight=\"27px\"><strong style=\"color: #d8d8d8;\">25. 7. 17 &#8211;<\/strong><span style=\"color: #d8d8d8;\"> Rio Raum, Weiden, Germany<\/span><\/h2>\n<h2 class=\"fusion-responsive-typography-calculated\" style=\"text-align: center; --fontsize: 18; line-height: 1.5; --minfontsize: 18;\" data-fontsize=\"18\" data-lineheight=\"27px\"><strong style=\"color: #d8d8d8;\">24. 7. 17 &#8211;<\/strong><span style=\"color: #d8d8d8;\"> MS Stubnitz, Hamburg, Germany<\/span><\/h2>\n<h2 class=\"fusion-responsive-typography-calculated\" style=\"text-align: center; --fontsize: 18; line-height: 1.5; --minfontsize: 18;\" data-fontsize=\"18\" data-lineheight=\"27px\"><strong style=\"color: #d8d8d8;\">22. 7. 17 &#8211;<\/strong><span style=\"color: #d8d8d8;\"> Fan\u00f8 Free Folk Festival, Denmark<\/span><\/h2>\n<h2 class=\"fusion-responsive-typography-calculated\" style=\"text-align: center; --fontsize: 18; line-height: 1.5; --minfontsize: 18;\" data-fontsize=\"18\" data-lineheight=\"27px\"><strong style=\"color: #d8d8d8;\">20. 7. 17 &#8211;<\/strong><span style=\"color: #d8d8d8;\"> Das nexus, Braunschweig, Germany<\/span><\/h2>\n<h2 class=\"fusion-responsive-typography-calculated\" style=\"text-align: center; --fontsize: 18; line-height: 1.5; --minfontsize: 18;\" data-fontsize=\"18\" data-lineheight=\"27px\"><strong style=\"color: #d8d8d8;\">19. 7. 17 &#8211;<\/strong><span style=\"color: #d8d8d8;\"> Kunstkaufhaus, Hof, Germany<\/span><\/h2>\n<h2 class=\"fusion-responsive-typography-calculated\" style=\"text-align: center; --fontsize: 18; line-height: 1.5; --minfontsize: 18;\" data-fontsize=\"18\" data-lineheight=\"27px\"><strong style=\"color: #d8d8d8;\">18. 7. 17 &#8211;<\/strong><span style=\"color: #d8d8d8;\"> Rationaltheater, M\u00fcnchen, Germany<\/span><\/h2>\n<h2 class=\"fusion-responsive-typography-calculated\" style=\"text-align: center; --fontsize: 18; line-height: 1.5; --minfontsize: 18;\" data-fontsize=\"18\" data-lineheight=\"27px\"><strong style=\"color: #d8d8d8;\">7. 7. 17 &#8211;<\/strong><span style=\"color: #d8d8d8;\"> Kreativni tabor Sajeta, Tolmin, Slovenia<\/span><\/h2>\n<h2 class=\"fusion-responsive-typography-calculated\" style=\"text-align: center; --fontsize: 18; line-height: 1.5; --minfontsize: 18;\" data-fontsize=\"18\" data-lineheight=\"27px\"><strong style=\"color: #d8d8d8;\">27. 6. 17 &#8211;<\/strong><span style=\"color: #d8d8d8;\"> Hostel Celica, Ljubljana, Slovenia<\/span><\/h2>\n<h2 class=\"fusion-responsive-typography-calculated\" style=\"text-align: center; --fontsize: 18; line-height: 1.5; --minfontsize: 18;\" data-fontsize=\"18\" data-lineheight=\"27px\"><strong style=\"color: #d8d8d8;\">17. 6. 17 &#8211;<\/strong><span style=\"color: #d8d8d8;\"> Creative Platform INDE Koper, Slovenia<\/span><\/h2>\n<h2 class=\"fusion-responsive-typography-calculated\" style=\"text-align: center; --fontsize: 18; line-height: 1.5; --minfontsize: 18;\" data-fontsize=\"18\" data-lineheight=\"27px\"><strong style=\"color: #d8d8d8;\">27. 5. 17 &#8211; <\/strong><span style=\"color: #d8d8d8;\">Presentation of a II. Album <\/span><span class=\"_3c21\" style=\"color: #d8d8d8;\">\u201cI Can Be a Clay Snapper<\/span><span style=\"color: #d8d8d8;\">\u201c <\/span><a style=\"color: #d8d8d8;\" href=\"https:\/\/drugagodba.si\/en\/\">Festival Druga godba<\/a><span style=\"color: #d8d8d8;\">, Kino \u0160i\u0161ka, Ljubljana, Slovenia<\/span><\/h2>\n<h2 class=\"fusion-responsive-typography-calculated\" style=\"text-align: center; --fontsize: 18; line-height: 1.5; --minfontsize: 18;\" data-fontsize=\"18\" data-lineheight=\"27px\"><strong style=\"color: #d8d8d8;\">2. 5. 17 &#8211;<\/strong><span style=\"color: #d8d8d8;\"> Movie projection \u201c\u0160irom \u2013 Memoryscapes\u201d, C.M.A.K. club, Cerkno, Slovenia<\/span><\/h2>\n<h2 class=\"fusion-responsive-typography-calculated\" style=\"text-align: center; --fontsize: 18; line-height: 1.5; --minfontsize: 18;\" data-fontsize=\"18\" data-lineheight=\"27px\"><strong style=\"color: #d8d8d8;\">27. 4. 2017 &#8211;<\/strong><span style=\"color: #d8d8d8;\"> Klub Mo\u010dvara, Zagreb, Croatia<\/span><\/h2>\n<div class=\"tab-content\">\n<div id=\"tab-a098383a9b7e3bbbd3e\" class=\"tab-pane fade active in\">\n<h2 class=\"fusion-responsive-typography-calculated\" style=\"text-align: center; --fontsize: 18; line-height: 1.5; --minfontsize: 18;\" data-fontsize=\"18\" data-lineheight=\"27px\"><strong style=\"color: #d8d8d8;\">24. 4. 2017 &#8211;<\/strong><span style=\"color: #d8d8d8;\"> Premiere of movie \u00bb\u0160irom \u2013 Memoryscapes\u00ab, gallery Sre\u010di\u0161\u010de, Celica Ljubljana, Slovenia<\/span><\/h2>\n<h2 class=\"fusion-responsive-typography-calculated\" style=\"text-align: center; --fontsize: 18; line-height: 1.5; --minfontsize: 18;\" data-fontsize=\"18\" data-lineheight=\"27px\"><strong style=\"color: #d8d8d8;\">21. 4. 2017<\/strong><span style=\"color: #d8d8d8;\"> \u2013 \u0160irom, opening of exhibition of Marko Jak\u0161e, Verd, Slovenia<\/span><\/h2>\n<h2 class=\"fusion-responsive-typography-calculated\" style=\"text-align: center; --fontsize: 18; line-height: 1.5; --minfontsize: 18;\" data-fontsize=\"18\" data-lineheight=\"27px\"><strong style=\"color: #d8d8d8;\">2. 2. 2017 <\/strong><span style=\"color: #d8d8d8;\">\u2013 Festival Ment, Stara mestna elektrarna, Ljubljana, Slovenia<\/span><\/h2>\n<h2 class=\"fusion-responsive-typography-calculated\" style=\"text-align: center; --fontsize: 18; line-height: 1.5; --minfontsize: 18;\" data-fontsize=\"18\" data-lineheight=\"27px\"><strong style=\"color: #d8d8d8;\">20. 1. 2017<\/strong><span style=\"color: #d8d8d8;\"> \u2013 Narodni dom, Mali oder, Jazz v Narodnem domu, Maribor, Slovenia<\/span><\/h2>\n<h2 class=\"fusion-responsive-typography-calculated\" style=\"text-align: center; --fontsize: 18; line-height: 1.5; --minfontsize: 18;\" data-fontsize=\"18\" data-lineheight=\"27px\"><strong style=\"color: #d8d8d8;\">16. 1. 2017<\/strong><span style=\"color: #d8d8d8;\"> \u2013 \u0160panski borci, Neforma: \u0160irom (music) + Vito Weiss, Uro\u0161 Kaurin (dance), Ljubljana, Slovenia<\/span><\/h2>\n<h2 class=\"fusion-responsive-typography-calculated\" style=\"text-align: center; --fontsize: 18; line-height: 1.5; --minfontsize: 18;\" data-fontsize=\"18\" data-lineheight=\"27px\"><strong style=\"color: #d8d8d8;\">15. 11. 2016<\/strong><span style=\"color: #d8d8d8;\"> \u2013 \u0160irom \u2013 Marko Jak\u0161e exhibition, Hostel Celica, Ljubljana<\/span><\/h2>\n<h2 class=\"gmail-m_2039594466419551432gmail-MsoNoSpacing fusion-responsive-typography-calculated\" style=\"text-align: center; --fontsize: 18; line-height: 1.5; --minfontsize: 18;\" data-fontsize=\"18\" data-lineheight=\"27px\"><strong><span class=\"__postbox-detected-content __postbox-detected-date\" style=\"color: #d8d8d8;\">20. 9. 2016<\/span><\/strong><span style=\"color: #d8d8d8;\"> \u2013 Iz\u0161tekani, Radio Slovenija \u2013 Val 202, Ljubljana, Slovenia<\/span><\/h2>\n<h2 class=\"gmail-m_2039594466419551432gmail-MsoNoSpacing fusion-responsive-typography-calculated\" style=\"text-align: center; --fontsize: 18; line-height: 1.5; --minfontsize: 18;\" data-fontsize=\"18\" data-lineheight=\"27px\"><strong><span class=\"__postbox-detected-content __postbox-detected-date\" style=\"color: #d8d8d8;\">27. 8. 2016<\/span> <\/strong><span style=\"color: #d8d8d8;\">\u2013 Mitnek, \u010crna na Koro\u0161kem, Slovenia<\/span><\/h2>\n<h2 class=\"gmail-m_2039594466419551432gmail-MsoNoSpacing fusion-responsive-typography-calculated\" style=\"text-align: center; --fontsize: 18; line-height: 1.5; --minfontsize: 18;\" data-fontsize=\"18\" data-lineheight=\"27px\"><strong><span class=\"__postbox-detected-content __postbox-detected-date\" style=\"color: #d8d8d8;\">26. 8. 2016<\/span><\/strong><span style=\"color: #d8d8d8;\"> \u2013 \u0160pancirfest, Vara\u017edin, Croatia<\/span><\/h2>\n<h2 class=\"gmail-m_2039594466419551432gmail-MsoNoSpacing fusion-responsive-typography-calculated\" style=\"text-align: center; --fontsize: 18; line-height: 1.5; --minfontsize: 18;\" data-fontsize=\"18\" data-lineheight=\"27px\"><strong><span class=\"__postbox-detected-content __postbox-detected-date\" style=\"color: #d8d8d8;\">10.8. 2016<\/span><\/strong><span style=\"color: #d8d8d8;\"> \u2013 Festival Jeff, Koper, Slovenia<\/span><\/h2>\n<h2 class=\"gmail-m_2039594466419551432gmail-MsoNoSpacing fusion-responsive-typography-calculated\" style=\"text-align: center; --fontsize: 18; line-height: 1.5; --minfontsize: 18;\" data-fontsize=\"18\" data-lineheight=\"27px\"><strong><span class=\"__postbox-detected-content __postbox-detected-date\" style=\"color: #d8d8d8;\">9. 8. 2016<\/span><\/strong><span style=\"color: #d8d8d8;\"> \u2013 Sozvo\u010dja sveta, Hostel Celica, Ljubljana, Slovenia<\/span><\/h2>\n<h2 class=\"gmail-m_2039594466419551432gmail-MsoNoSpacing fusion-responsive-typography-calculated\" style=\"text-align: center; --fontsize: 18; line-height: 1.5; --minfontsize: 18;\" data-fontsize=\"18\" data-lineheight=\"27px\"><strong><span class=\"__postbox-detected-content __postbox-detected-date\" style=\"color: #d8d8d8;\">22., 23. 7. 2016<\/span><\/strong><span style=\"color: #d8d8d8;\"> \u2013 Aeson festival, Fiumicello, Italy<\/span><\/h2>\n<h2 class=\"gmail-m_2039594466419551432gmail-MsoNoSpacing fusion-responsive-typography-calculated\" style=\"text-align: center; --fontsize: 18; line-height: 1.5; --minfontsize: 18;\" data-fontsize=\"18\" data-lineheight=\"27px\"><strong><span class=\"__postbox-detected-content __postbox-detected-date\" style=\"color: #d8d8d8;\">17. 6. 2016<\/span><\/strong><span style=\"color: #d8d8d8;\"> \u2013 Pinelina dnevna soba, Ljubljana, Slovenia<\/span><\/h2>\n<h2 class=\"gmail-m_2039594466419551432gmail-MsoNoSpacing fusion-responsive-typography-calculated\" style=\"text-align: center; --fontsize: 18; line-height: 1.5; --minfontsize: 18;\" data-fontsize=\"18\" data-lineheight=\"27px\"><strong><span class=\"__postbox-detected-content __postbox-detected-date\" style=\"color: #d8d8d8;\">16. 4.<\/span><span style=\"color: #d8d8d8;\"> 2016<\/span><\/strong><span style=\"color: #d8d8d8;\"> \u2013 Salon za Eno glasbo, Ljubljana, Slovenia<\/span><\/h2>\n<h2 class=\"gmail-m_2039594466419551432gmail-MsoNoSpacing fusion-responsive-typography-calculated\" style=\"text-align: center; --fontsize: 18; line-height: 1.5; --minfontsize: 18;\" data-fontsize=\"18\" data-lineheight=\"27px\"><strong style=\"color: #d8d8d8;\">25. 3. 2016<\/strong><span style=\"color: #d8d8d8;\"> \u2013 Lugano, Switzerland<\/span><\/h2>\n<h2 class=\"gmail-m_2039594466419551432gmail-MsoNoSpacing fusion-responsive-typography-calculated\" style=\"text-align: center; --fontsize: 18; line-height: 1.5; --minfontsize: 18;\" data-fontsize=\"18\" data-lineheight=\"27px\"><strong style=\"color: #d8d8d8;\">24. 3. 2016<\/strong><span style=\"color: #d8d8d8;\"> \u2013 Misskappa, Udine, Italy<\/span><\/h2>\n<h2 class=\"gmail-m_2039594466419551432gmail-MsoNoSpacing fusion-responsive-typography-calculated\" style=\"text-align: center; --fontsize: 18; line-height: 1.5; --minfontsize: 18;\" data-fontsize=\"18\" data-lineheight=\"27px\"><strong style=\"color: #d8d8d8;\">19. 3. 2016<\/strong><span style=\"color: #d8d8d8;\"> \u2013 Casa Punte casa croce, Venice, Italy<\/span><\/h2>\n<h2 class=\"gmail-m_2039594466419551432gmail-MsoNoSpacing fusion-responsive-typography-calculated\" style=\"text-align: center; --fontsize: 18; line-height: 1.5; --minfontsize: 18;\" data-fontsize=\"18\" data-lineheight=\"27px\"><strong style=\"color: #d8d8d8;\">18. 3. 2016<\/strong><span style=\"color: #d8d8d8;\"> \u2013 Festival Tresk, Gledali\u0161\u010de Glej, Ljubljana, Slovenia<\/span><\/h2>\n<h2 class=\"gmail-m_2039594466419551432gmail-MsoNoSpacing fusion-responsive-typography-calculated\" style=\"text-align: center; --fontsize: 18; line-height: 1.5; --minfontsize: 18;\" data-fontsize=\"18\" data-lineheight=\"27px\"><strong style=\"color: #d8d8d8;\">23. 2. 2016<\/strong><span style=\"color: #d8d8d8;\"> \u2013 \u0160irom \u2013 Andrej Jan\u017ee exhibition, Stara galerija delavskega doma, Trbovlje, Slovenia<\/span><\/h2>\n<h2 class=\"gmail-m_2039594466419551432gmail-MsoNoSpacing fusion-responsive-typography-calculated\" style=\"text-align: center; --fontsize: 18; line-height: 1.5; --minfontsize: 18;\" data-fontsize=\"18\" data-lineheight=\"27px\"><strong style=\"color: #d8d8d8;\">4. 2. 2016<\/strong><span style=\"color: #d8d8d8;\"> \u2013 \u0160irom \u2013 ob otvoritvi razstave Marka Jak\u0161eta, Galerija Velenje, Velenje, Slovenia<\/span><\/h2>\n<h2 class=\"gmail-m_2039594466419551432gmail-MsoNoSpacing fusion-responsive-typography-calculated\" style=\"text-align: center; --fontsize: 18; line-height: 1.5; --minfontsize: 18;\" data-fontsize=\"18\" data-lineheight=\"27px\"><strong style=\"color: #d8d8d8;\">22. 1. 2016<\/strong><span style=\"color: #d8d8d8;\"> \u2013 Zelena dvorana, Zabok, Croatia<\/span><\/h2>\n<h2 class=\"gmail-m_2039594466419551432gmail-MsoNoSpacing fusion-responsive-typography-calculated\" style=\"text-align: center; --fontsize: 18; line-height: 1.5; --minfontsize: 18;\" data-fontsize=\"18\" data-lineheight=\"27px\"><strong style=\"color: #d8d8d8;\">12. 1. 2016<\/strong><span style=\"color: #d8d8d8;\"> \u2013 \u0160irom \u2013 I. record promotion, Cankarjev dom, Ljubljana, Slovenia<\/span><\/h2>\n<h2 class=\"gmail-m_2039594466419551432gmail-MsoNoSpacing fusion-responsive-typography-calculated\" style=\"text-align: center; --fontsize: 18; line-height: 1.5; --minfontsize: 18;\" data-fontsize=\"18\" data-lineheight=\"27px\"><strong style=\"color: #d8d8d8;\">28. 11. 2015<\/strong><span style=\"color: #d8d8d8;\"> \u2013 Kavarna, Idrija, Slovenia<\/span><\/h2>\n<h2 class=\"gmail-m_2039594466419551432gmail-MsoNoSpacing fusion-responsive-typography-calculated\" style=\"text-align: center; --fontsize: 18; line-height: 1.5; --minfontsize: 18;\" data-fontsize=\"18\" data-lineheight=\"27px\"><strong style=\"color: #d8d8d8;\">27. 8. 2015<\/strong><span style=\"color: #d8d8d8;\"> \u2013 Festival Plavajo\u010di grad, Grad Sne\u017enik, Slovenia<\/span><\/h2>\n<h2 class=\"gmail-m_2039594466419551432gmail-MsoNoSpacing fusion-responsive-typography-calculated\" style=\"text-align: center; --fontsize: 18; line-height: 1.5; --minfontsize: 18;\" data-fontsize=\"18\" data-lineheight=\"27px\"><strong style=\"color: #d8d8d8;\">13. 7. 2015<\/strong><span style=\"color: #d8d8d8;\"> \u2013 Stranska vas, Slovenia<\/span><\/h2>\n<h2 class=\"gmail-m_2039594466419551432gmail-MsoNoSpacing fusion-responsive-typography-calculated\" style=\"text-align: center; --fontsize: 18; line-height: 1.5; --minfontsize: 18;\" data-fontsize=\"18\" data-lineheight=\"27px\"><strong style=\"color: #d8d8d8;\">11. 7. 2015<\/strong><span style=\"color: #d8d8d8;\"> \u2013 18. festival druga\u010dne glasbe Trnje, Trnje, Slovenia<\/span><\/h2>\n<h2 class=\"gmail-m_2039594466419551432gmail-MsoNoSpacing fusion-responsive-typography-calculated\" style=\"text-align: center; --fontsize: 18; line-height: 1.5; --minfontsize: 18;\" data-fontsize=\"18\" data-lineheight=\"27px\"><strong style=\"color: #d8d8d8;\">2. 7. 2015<\/strong><span style=\"color: #d8d8d8;\"> \u2013 Mikk, Murska sobota, Slovenia<\/span><\/h2>\n<h2 class=\"gmail-m_2039594466419551432gmail-MsoNoSpacing fusion-responsive-typography-calculated\" style=\"text-align: center; --fontsize: 18; line-height: 1.5; --minfontsize: 18;\" data-fontsize=\"18\" data-lineheight=\"27px\"><strong style=\"color: #d8d8d8;\">17. 6. 2015<\/strong><span style=\"color: #d8d8d8;\"> \u2013 Layerjeva hi\u0161a, Kranj, Slovenia<\/span><\/h2>\n<h2 class=\"gmail-m_2039594466419551432gmail-MsoNoSpacing fusion-responsive-typography-calculated\" style=\"text-align: center; --fontsize: 18; line-height: 1.5; --minfontsize: 18;\" data-fontsize=\"18\" data-lineheight=\"27px\"><strong style=\"color: #d8d8d8;\">6. 6. 2015<\/strong><span style=\"color: #d8d8d8;\"> \u2013 8. tabor Karaj\u017eewc, Stra\u017ea pri Cerknem, Slovenia<\/span><\/h2>\n<h2 class=\"gmail-m_2039594466419551432gmail-MsoNoSpacing fusion-responsive-typography-calculated\" style=\"text-align: center; --fontsize: 18; line-height: 1.5; --minfontsize: 18;\" data-fontsize=\"18\" data-lineheight=\"27px\"><strong style=\"color: #d8d8d8;\">2. 5. 2015<\/strong><span style=\"color: #d8d8d8;\"> \u2013 Spomladanski \u010cadrg records, \u010cadrg, Slovenia<\/span><\/h2>\n<h2 class=\"gmail-m_2039594466419551432gmail-MsoNoSpacing fusion-responsive-typography-calculated\" style=\"text-align: center; --fontsize: 18; line-height: 1.5; --minfontsize: 18;\" data-fontsize=\"18\" data-lineheight=\"27px\"><strong style=\"color: #d8d8d8;\">14. 4. 2015<\/strong><span style=\"color: #d8d8d8;\"> \u2013 Sozvo\u010dja sveta, Hostel Celica, Ljubljana, Slovenia<\/span><\/h2>\n<h2 class=\"gmail-m_2039594466419551432gmail-MsoNoSpacing fusion-responsive-typography-calculated\" style=\"text-align: center; --fontsize: 18; line-height: 1.5; --minfontsize: 18;\" data-fontsize=\"18\" data-lineheight=\"27px\"><strong style=\"color: #d8d8d8;\">14. 3. 2015<\/strong><span style=\"color: #d8d8d8;\"> \u2013 Salon za Eno glasbo, Ljubljana, Slovenia<\/span><\/h2>\n<h2 class=\"gmail-m_2039594466419551432gmail-MsoNoSpacing fusion-responsive-typography-calculated\" style=\"text-align: center; --fontsize: 18; line-height: 1.5; --minfontsize: 18;\" data-fontsize=\"18\" data-lineheight=\"27px\"><strong style=\"color: #d8d8d8;\">15. 2. 2015<\/strong><span style=\"color: #d8d8d8;\"> \u2013 Klub Metulj, Bistrica ob Sotli, Slovenia<\/span><\/h2>\n<\/div>\n<\/div>\n<\/div>\n<\/div><div class=\"fusion-clearfix\"><\/div><\/div><\/div><\/div><\/div><div class=\"fusion-fullwidth fullwidth-box fusion-builder-row-7 nonhundred-percent-fullwidth non-hundred-percent-height-scrolling fusion-no-medium-visibility fusion-no-large-visibility\" style=\"--awb-border-radius-top-left:0px;--awb-border-radius-top-right:0px;--awb-border-radius-bottom-right:0px;--awb-border-radius-bottom-left:0px;--awb-padding-top:0px;--awb-padding-bottom:0px;--awb-margin-top:0px;--awb-flex-wrap:wrap;\" ><div class=\"fusion-builder-row fusion-row\"><div class=\"fusion-layout-column fusion_builder_column fusion-builder-column-10 fusion_builder_column_1_1 1_1 fusion-one-full fusion-column-first fusion-column-last\" style=\"--awb-bg-blend:overlay;--awb-bg-size:cover;\"><div class=\"fusion-column-wrapper fusion-flex-column-wrapper-legacy\"><div class=\"fusion-menu-anchor\" id=\"past\"><\/div><div class=\"fusion-clearfix\"><\/div><\/div><\/div><div class=\"fusion-layout-column fusion_builder_column fusion-builder-column-11 fusion_builder_column_1_1 1_1 fusion-one-full fusion-column-first fusion-column-last\" style=\"--awb-padding-top:15px;--awb-bg-color:rgba(20,20,20,0.81);--awb-bg-color-hover:rgba(20,20,20,0.81);--awb-bg-blend:overlay;--awb-bg-size:cover;--awb-border-color:#545454;--awb-border-bottom:2px;--awb-border-style:solid;\"><div class=\"fusion-column-wrapper fusion-flex-column-wrapper-legacy\"><div class=\"fusion-sep-clear\"><\/div><div class=\"fusion-separator fusion-full-width-sep\" style=\"margin-left: auto;margin-right: auto;margin-top:10px;width:100%;\"><\/div><div class=\"fusion-sep-clear\"><\/div><div class=\"fusion-text fusion-text-7\"><h2 style=\"text-align: center;\"><strong><span style=\"color: #ffffff;\">Past shows<br \/>\n<\/span><\/strong><\/h2>\n<\/div><div class=\"fusion-clearfix\"><\/div><\/div><\/div><div class=\"fusion-layout-column fusion_builder_column fusion-builder-column-12 fusion_builder_column_1_1 1_1 fusion-one-full fusion-column-first fusion-column-last\" style=\"--awb-padding-top:35px;--awb-bg-blend:overlay;--awb-bg-size:cover;\"><div class=\"fusion-column-wrapper fusion-flex-column-wrapper-legacy\"><div class=\"fusion-text fusion-text-8\" style=\"--awb-text-transform:none;\"><div class=\"fusion-tabs fusion-tabs-1 clean horizontal-tabs\">\n<h2 class=\"fusion-tabs fusion-tabs-1 clean horizontal-tabs\" style=\"text-align: center;\">01. 03. 2026 &#8211; Sala Cutu, Perugia, Italy<\/h2>\n<h2 class=\"fusion-tabs fusion-tabs-1 clean horizontal-tabs\" style=\"text-align: center;\">28. 02. 2026 &#8211; Monk, Roma, Italy<\/h2>\n<h2 class=\"fusion-tabs fusion-tabs-1 clean horizontal-tabs\" style=\"text-align: center;\">27. 02. 2026 &#8211; Bronson, Ravenna, Italy<\/h2>\n<h2 class=\"fusion-tabs fusion-tabs-1 clean horizontal-tabs\" style=\"text-align: center;\">26. 02. 2026 &#8211; Biko, Milano, Italy<\/h2>\n<h2 class=\"fusion-tabs fusion-tabs-1 clean horizontal-tabs\" style=\"text-align: center;\">12. 02. 2026 &#8211; Alice, Copenhagen, Denmark<\/h2>\n<h2 class=\"fusion-tabs fusion-tabs-1 clean horizontal-tabs\" style=\"text-align: center;\">27. 11. 2025 &#8211; SDK, Tolmin, Slovenia<\/h2>\n<h2 class=\"fusion-tabs fusion-tabs-1 clean horizontal-tabs\" style=\"text-align: center;\">22. 11. 2025 &#8211; 4AD, Diksmuide, Belgium<\/h2>\n<h2 class=\"fusion-tabs fusion-tabs-1 clean horizontal-tabs\" style=\"text-align: center;\">21. 11. 2025 &#8211; The Rose Hill, Brighton, England, UK<\/h2>\n<h2 class=\"fusion-tabs fusion-tabs-1 clean horizontal-tabs\" style=\"text-align: center;\">20. 11. 2025 &#8211; SpArC Theatre, Bishops castle, England, UK<\/h2>\n<h2 class=\"fusion-tabs fusion-tabs-1 clean horizontal-tabs\" style=\"text-align: center;\">19. 11. 2025 &#8211; Bishop\u00b4s House, Sheffield, England, UK<\/h2>\n<h2 class=\"fusion-tabs fusion-tabs-1 clean horizontal-tabs\" style=\"text-align: center;\">18. 11. 2025 &#8211; The White Hotel, Salford, England, UK<\/h2>\n<h2 class=\"fusion-tabs fusion-tabs-1 clean horizontal-tabs\" style=\"text-align: center;\">17. 11. 2025 &#8211; The Glad Caf\u00e9, Glasgow, Scotland, UK<\/h2>\n<h2 class=\"fusion-tabs fusion-tabs-1 clean horizontal-tabs\" style=\"text-align: center;\">16. 11. 2025 &#8211; Victoria Theatre, Halifax, England, UK<\/h2>\n<h2 class=\"fusion-tabs fusion-tabs-1 clean horizontal-tabs\" style=\"text-align: center;\">15. 11. 2025 &#8211; Rich Mix, London, England, UK<\/h2>\n<h2 class=\"fusion-tabs fusion-tabs-1 clean horizontal-tabs\" style=\"text-align: center;\">24. 10. 2025 &#8211; APP Festival, Ascoli Piceno, Italy<\/h2>\n<h2 class=\"fusion-tabs fusion-tabs-1 clean horizontal-tabs\" style=\"text-align: center;\">18. 10. 2025 &#8211; Presentation of 5th album, Kino \u0160i\u0161ka, Ljubljana, Slovenia<\/h2>\n<h2 class=\"fusion-tabs fusion-tabs-1 clean horizontal-tabs\" style=\"text-align: center;\">10. 10. 2025 &#8211; Changeover festival, Bitef, Beograd, Serbia<\/h2>\n<h2 class=\"fusion-tabs fusion-tabs-1 clean horizontal-tabs\" style=\"text-align: center;\">09. 10. 2025 &#8211; Galerija umet. Slavonskog Broda, Slavonski Brod, Croatia<\/h2>\n<h2 class=\"fusion-tabs fusion-tabs-1 clean horizontal-tabs\" style=\"text-align: center;\">25. 09. 2025 &#8211; Genius Loci, Santa Croce, Firenze, Italy<\/h2>\n<h2 class=\"fusion-tabs fusion-tabs-1 clean horizontal-tabs\" style=\"text-align: center;\">15. 09. 2025 &#8211; Cultural festival of University of Cyprus, Axiothea Mansion, Cyprus<\/h2>\n<h2 class=\"fusion-tabs fusion-tabs-1 clean horizontal-tabs\" style=\"text-align: center;\">19. 07. 2025 &#8211; Comune di Stregna, Sala polifunzionale &#8220;L. Cernetig&#8221;, Stregna, Italy<\/h2>\n<h2 class=\"fusion-tabs fusion-tabs-1 clean horizontal-tabs\" style=\"text-align: center;\">26. 06. 2025 &#8211; Dom im Berg, Graz, Austria<\/h2>\n<h2 class=\"fusion-tabs fusion-tabs-1 clean horizontal-tabs\" style=\"text-align: center;\">19. 06. 2025 &#8211; Festival Ravenna, Ravenna, Italy<\/h2>\n<h2 class=\"fusion-tabs fusion-tabs-1 clean horizontal-tabs\" style=\"text-align: center;\">17. 06. 2025 &#8211; Gretchen, Berlin, Germany<\/h2>\n<h2 class=\"fusion-tabs fusion-tabs-1 clean horizontal-tabs\" style=\"text-align: center;\">14. 06. 2025 &#8211; Hviezdne noci, \u017dilina, Slovakia<\/h2>\n<h2 class=\"fusion-tabs fusion-tabs-1 clean horizontal-tabs\" style=\"text-align: center;\">12. 06. 2025 &#8211; Poletje v Tivoliju, Ljubljana, Slovenija<\/h2>\n<h2 class=\"fusion-tabs fusion-tabs-1 clean horizontal-tabs\" style=\"text-align: center;\">22. 04. 2025 &#8211; Centro per la cultura, Merano, Italy<\/h2>\n<h2 class=\"fusion-tabs fusion-tabs-1 clean horizontal-tabs\" style=\"text-align: center;\">15. 03. 2025 &#8211; Bozar, Brussels, Belgium<\/h2>\n<h2 class=\"fusion-tabs fusion-tabs-1 clean horizontal-tabs\" style=\"text-align: center;\">13. 02. 2025 &#8211; Festival Ment, Kino \u0160i\u0161ka, Ljubljana, Slovenia<\/h2>\n<h2 class=\"fusion-tabs fusion-tabs-1 clean horizontal-tabs\" style=\"text-align: center;\">12. 02. 2025 &#8211; Lisinski, Zagreb, Croatia<\/h2>\n<h2 class=\"fusion-tabs fusion-tabs-1 clean horizontal-tabs\" style=\"text-align: center;\">11. 02. 2025 &#8211; Vinterjazz, Loppen, Copenhagen, Denmark<\/h2>\n<h2 class=\"fusion-tabs fusion-tabs-1 clean horizontal-tabs\" style=\"text-align: center;\">18. 01. 2024 &#8211; European capital of culture opening, Chemnitz, Germany<\/h2>\n<h2 class=\"fusion-tabs fusion-tabs-1 clean horizontal-tabs\" style=\"text-align: center;\">21. 11. 2024 &#8211; 16. Codes festival, Lublin, Poland<\/h2>\n<h2 class=\"fusion-tabs fusion-tabs-1 clean horizontal-tabs\" style=\"text-align: center;\">23. 09. 2024 &#8211; Paris fashion week, Tokyo Palace, Paris, France<\/h2>\n<h2 class=\"fusion-tabs fusion-tabs-1 clean horizontal-tabs\" style=\"text-align: center;\">01. 09. 2024 &#8211; Bosco Bandito, Tramonti di Sotto, Italy<\/h2>\n<h2 class=\"fusion-tabs fusion-tabs-1 clean horizontal-tabs\" style=\"text-align: center;\">17. 08. 2023 &#8211; Where Swallows Fly Backwards, W\u00f6rth bei Gnas, Austria<\/h2>\n<h2 class=\"fusion-tabs fusion-tabs-1 clean horizontal-tabs\" style=\"text-align: center;\">03. 08. 2024 &#8211; Pavelhaus, Bad Radkersburg, Austria<\/h2>\n<h2 class=\"fusion-tabs fusion-tabs-1 clean horizontal-tabs\" style=\"text-align: center;\">24. 07. 2024 &#8211; Jeff Festival, Koper, Slovenia<\/h2>\n<h2 class=\"fusion-tabs fusion-tabs-1 clean horizontal-tabs\" style=\"text-align: center;\">23. 07. 2024 &#8211; Museomusica, Bologna, Italy<\/h2>\n<h2 class=\"fusion-tabs fusion-tabs-1 clean horizontal-tabs\" style=\"text-align: center;\">20. 07. 2024 &#8211; Odysseus Festival, Helsinki, Finland<\/h2>\n<h2 class=\"fusion-tabs fusion-tabs-1 clean horizontal-tabs\" style=\"text-align: center;\">06. 07. 2024 &#8211; Festival Sajeta, Tolmin, Slovenia<\/h2>\n<h2 class=\"fusion-tabs fusion-tabs-1 clean horizontal-tabs\" style=\"text-align: center;\">02. 06. 2024 &#8211; Niansa Zone Festival, Rakov \u0160kocjan, Slovenia<\/h2>\n<h2 class=\"fusion-tabs fusion-tabs-1 clean horizontal-tabs\" style=\"text-align: center;\">01. 06. 2024 &#8211; Karaj\u017eewc Festival, Cerkno, Slovenia<\/h2>\n<h2 class=\"fusion-tabs fusion-tabs-1 clean horizontal-tabs\" style=\"text-align: center;\">09. 05. 2024 &#8211; Rojstni dan Radia \u0160tudent, Kino \u0160i\u0161ka, Ljubljana, Slovenia<\/h2>\n<h2 class=\"fusion-tabs fusion-tabs-1 clean horizontal-tabs\" style=\"text-align: center;\">25. 04. 2024 &#8211; Les Nuits Botanique, Brussels, Belgium<\/h2>\n<h2 class=\"fusion-tabs fusion-tabs-1 clean horizontal-tabs\" style=\"text-align: center;\">14. 04. 2024 &#8211; Hangar 11, Belluno, Italy<\/h2>\n<h2 class=\"fusion-tabs fusion-tabs-1 clean horizontal-tabs\" style=\"text-align: center;\">13. 04. 2024 &#8211; Chiesa dell\u00b4Annunziata, Pesaro, Italy<\/h2>\n<h2 class=\"fusion-tabs fusion-tabs-1 clean horizontal-tabs\" style=\"text-align: center;\">12. 04. 2024 &#8211; Auditorium Santa Margherita, Piacenza, Italy<\/h2>\n<h2 class=\"fusion-tabs fusion-tabs-1 clean horizontal-tabs\" style=\"text-align: center;\">10. 04. 2024 &#8211; Locomotiv club, Bologna, Italy<\/h2>\n<h2 class=\"fusion-tabs fusion-tabs-1 clean horizontal-tabs\" style=\"text-align: center;\">16. 02. 2024 &#8211; Sala Vanni, Firenze, Italy<\/h2>\n<h2 class=\"fusion-tabs fusion-tabs-1 clean horizontal-tabs\" style=\"text-align: center;\">15. 02. 2024 &#8211; Spazio Zut, Foligno, Italy<\/h2>\n<h2 class=\"fusion-tabs fusion-tabs-1 clean horizontal-tabs\" style=\"text-align: center;\">14. 02. 2024 &#8211; MAO, Torino, Italy<\/h2>\n<h2 class=\"fusion-tabs fusion-tabs-1 clean horizontal-tabs\" style=\"text-align: center;\">02. 02. 2024 &#8211; Onassis Stegi, Stegi Radio Takeover, Athens, Greece<\/h2>\n<h2 class=\"fusion-tabs fusion-tabs-1 clean horizontal-tabs\" style=\"text-align: center;\">02. 12. 2023 &#8211; Jazzoffensive, Potsdam, Germany<\/h2>\n<h2 class=\"fusion-tabs fusion-tabs-1 clean horizontal-tabs\" style=\"text-align: center;\">26. 10. 2023 &#8211; Be\u017eigrajska galerija, Ljubljana, Slovenia<\/h2>\n<h2 class=\"fusion-tabs fusion-tabs-1 clean horizontal-tabs\" style=\"text-align: center;\">14. 10. 2023 &#8211; Fonomo Festival, Bydgoszcz, Poland<\/h2>\n<h2 class=\"fusion-tabs fusion-tabs-1 clean horizontal-tabs\" style=\"text-align: center;\">13. 10. 2023 &#8211; Spitzer, Vienna, Austria<\/h2>\n<h2 class=\"fusion-tabs fusion-tabs-1 clean horizontal-tabs\" style=\"text-align: center;\">08. 10. 2023 &#8211; Spiegelberg Festival, Saignelegier, Switzerland<\/h2>\n<h2 class=\"fusion-tabs fusion-tabs-1 clean horizontal-tabs\" style=\"text-align: center;\">06. 10. 2023 &#8211; Out.Fest, Barreiro, Portugal<\/h2>\n<h2 class=\"fusion-tabs fusion-tabs-1 clean horizontal-tabs\" style=\"text-align: center;\">05. 10. 2023 &#8211; Treibhaus, Innsbruck, Austria<\/h2>\n<h2 class=\"fusion-tabs fusion-tabs-1 clean horizontal-tabs\" style=\"text-align: center;\">01. 10. 2023 &#8211; Spazio Teatro 89, Milano, Italy<\/h2>\n<h2 class=\"fusion-tabs fusion-tabs-1 clean horizontal-tabs\" style=\"text-align: center;\">21. 09. 2023 &#8211; Avant Art Festival, Wroclaw, Poland<\/h2>\n<h2 class=\"fusion-tabs fusion-tabs-1 clean horizontal-tabs\" style=\"text-align: center;\">20. 09. 2023 &#8211; Atrium na \u017di\u017ekove, Prague, Czech Republic<\/h2>\n<h2 class=\"fusion-tabs fusion-tabs-1 clean horizontal-tabs\" style=\"text-align: center;\">15. 09. 2023 &#8211; Berlin &#8211; Budapest Express, Zene Haza, Budapest, Hungary<\/h2>\n<h2 class=\"fusion-tabs fusion-tabs-1 clean horizontal-tabs\" style=\"text-align: center;\">02. 09. 2023 &#8211; Piazza della Motta, Pordenone, Italy<\/h2>\n<h2 class=\"fusion-tabs fusion-tabs-1 clean horizontal-tabs\" style=\"text-align: center;\">26. 08. 2023 &#8211; No\u010di v stari Ljubljani, Ljubljana, Slovenia<\/h2>\n<h2 class=\"fusion-tabs fusion-tabs-1 clean horizontal-tabs\" style=\"text-align: center;\">23. 07. 2023 &#8211; Due Laghi, Firenzuola, Italy<\/h2>\n<h2 class=\"fusion-tabs fusion-tabs-1 clean horizontal-tabs\" style=\"text-align: center;\">22. 07. 2023 &#8211; Ground Festival, Brescia, Italy<\/h2>\n<h2 class=\"fusion-tabs fusion-tabs-1 clean horizontal-tabs\" style=\"text-align: center;\">20. 07. 2023 &#8211; Colours of Ostrava, Ostrava, Czech Republic<\/h2>\n<h2 class=\"fusion-tabs fusion-tabs-1 clean horizontal-tabs\" style=\"text-align: center;\">18. 07. 2023 &#8211; Glasbe sveta \/ Musiche dal mondo, Villa Attems, Gorizia, Italy<\/h2>\n<h2 class=\"fusion-tabs fusion-tabs-1 clean horizontal-tabs\" style=\"text-align: center;\">09. 07. 2023 &#8211; Museum Europaische Kulturen, Berlin, Germany<\/h2>\n<h2 class=\"fusion-tabs fusion-tabs-1 clean horizontal-tabs\" style=\"text-align: center;\">05. 07. 2023 &#8211; Gala Hala, Ljubljana, Slovenia<\/h2>\n<h2 class=\"fusion-tabs fusion-tabs-1 clean horizontal-tabs\" style=\"text-align: center;\">25. 06. 2023 &#8211; Fevelis Festival, Mereto di Tomba, Udine, Italy<\/h2>\n<h2 class=\"fusion-tabs fusion-tabs-1 clean horizontal-tabs\" style=\"text-align: center;\">21. 06. 2023 &#8211; Singles (National Palace of Culture), Sofia, Bulgaria<\/h2>\n<h2 class=\"fusion-tabs fusion-tabs-1 clean horizontal-tabs\" style=\"text-align: center;\">20. 06. 2023 &#8211; Bee Bop Cafe, Plovdiv, Bulgaria<\/h2>\n<h2 class=\"fusion-tabs fusion-tabs-1 clean horizontal-tabs\" style=\"text-align: center;\">17. 06. 2023 &#8211; Magyarpolany, Veszprem, Hungary<\/h2>\n<h2 class=\"fusion-tabs fusion-tabs-1 clean horizontal-tabs\" style=\"text-align: center;\">12. 05. 2023 &#8211; Argo 16, Mestre, Italy<\/h2>\n<h2 class=\"fusion-tabs fusion-tabs-1 clean horizontal-tabs\" style=\"text-align: center;\">11. 05. 2023 &#8211; Caracol, Pisa, Italy<\/h2>\n<h2 class=\"fusion-tabs fusion-tabs-1 clean horizontal-tabs\" style=\"text-align: center;\">10. 05. 2023 &#8211; Cripta del Duomo, Avellino, Italy<\/h2>\n<h2 class=\"fusion-tabs fusion-tabs-1 clean horizontal-tabs\" style=\"text-align: center;\">08. 05. 2023 &#8211; Sala Assoli, Napoli, Italy<\/h2>\n<h2 class=\"fusion-tabs fusion-tabs-1 clean horizontal-tabs\" style=\"text-align: center;\">22. 04. 2023 &#8211; Faun Festival, Brno, Czech Republic<\/h2>\n<h2 class=\"fusion-tabs fusion-tabs-1 clean horizontal-tabs\" style=\"text-align: center;\">14. 04. 2024 &#8211; Cukrarna, Ljubljana, Slovenija<\/h2>\n<h2 class=\"fusion-tabs fusion-tabs-1 clean horizontal-tabs\" style=\"text-align: center;\">01. 04. 2024 &#8211; TrainStation, Kranj, Slovenija<\/h2>\n<h2 class=\"fusion-tabs fusion-tabs-1 clean horizontal-tabs\" style=\"text-align: center;\">25. 03. 2023 &#8211; Klang festival Offagna, Italy<\/h2>\n<h2 class=\"fusion-tabs fusion-tabs-1 clean horizontal-tabs\" style=\"text-align: center;\">24. 03. 2023 &#8211; Hangar Teatri, Trieste, Italy<\/h2>\n<h2 class=\"fusion-tabs fusion-tabs-1 clean horizontal-tabs\" style=\"text-align: center;\">15. 03. 2023 &#8211; Bronson, Ravenna, Italy<\/h2>\n<h2 class=\"fusion-tabs fusion-tabs-1 clean horizontal-tabs\" style=\"text-align: center;\">14. 03. 2023 &#8211; Raindogs, Savona, Italy<\/h2>\n<h2 class=\"fusion-tabs fusion-tabs-1 clean horizontal-tabs\" style=\"text-align: center;\">13. 03. 2023 &#8211; L\u00b4Imbarchino, Torino, Italy<\/h2>\n<h2 class=\"fusion-tabs fusion-tabs-1 clean horizontal-tabs\" style=\"text-align: center;\">12. 03. 2023 &#8211; Le Periscope, Lyon, France<\/h2>\n<h2 class=\"fusion-tabs fusion-tabs-1 clean horizontal-tabs\" style=\"text-align: center;\">11. 03. 2023 &#8211; The Film Gallery, Paris, France<\/h2>\n<h2 class=\"fusion-tabs fusion-tabs-1 clean horizontal-tabs\" style=\"text-align: center;\">10. 03. 2023 &#8211; Cafe Oto, London, Great Britain<\/h2>\n<h2 class=\"fusion-tabs fusion-tabs-1 clean horizontal-tabs\" style=\"text-align: center;\">09. 03. 2023 &#8211; SpArc Theatre, Bishop\u00b4s Castle, Great Britain<\/h2>\n<h2 class=\"fusion-tabs fusion-tabs-1 clean horizontal-tabs\" style=\"text-align: center;\">08. 03. 2023 &#8211; Strange Brew, Bristol, Great Britain<\/h2>\n<h2 class=\"fusion-tabs fusion-tabs-1 clean horizontal-tabs\" style=\"text-align: center;\">07. 03. 2023 &#8211; White Hotel, Salford, Great Britain<\/h2>\n<h2 class=\"fusion-tabs fusion-tabs-1 clean horizontal-tabs\" style=\"text-align: center;\">06. 03. 2023 &#8211; Old Hairdressers, Glasgow, Great Britain<\/h2>\n<h2 class=\"fusion-tabs fusion-tabs-1 clean horizontal-tabs\" style=\"text-align: center;\">05. 03. 2023 &#8211; Victoria Theatre, Halifax, Great Britain<\/h2>\n<h2 class=\"fusion-tabs fusion-tabs-1 clean horizontal-tabs\" style=\"text-align: center;\">04. 03. 2023 &#8211; La Malterie, Lille, France<\/h2>\n<h2 class=\"fusion-tabs fusion-tabs-1 clean horizontal-tabs\" style=\"text-align: center;\">03. 03. 2023 &#8211; Cinema Oblo, Lausanne, Switzerland<\/h2>\n<h2 class=\"fusion-tabs fusion-tabs-1 clean horizontal-tabs\" style=\"text-align: center;\">02. 03. 2023 &#8211; Ex Bar Mascetti, Chiasso, Switzerland<\/h2>\n<h2 class=\"fusion-tabs fusion-tabs-1 clean horizontal-tabs\" style=\"text-align: center;\">03. 02. 2023 &#8211; Antagon, Frankfurt, Germany<\/h2>\n<h2 class=\"fusion-tabs fusion-tabs-1 clean horizontal-tabs\" style=\"text-align: center;\">02. 02. 2023 &#8211; Det Turkise Telt, Aarhus, Denmark<\/h2>\n<h2 class=\"fusion-tabs fusion-tabs-1 clean horizontal-tabs\" style=\"text-align: center;\">31. 01. 2023 &#8211; Folken, Stavanger, Norway<\/h2>\n<h2 class=\"fusion-tabs fusion-tabs-1 clean horizontal-tabs\" style=\"text-align: center;\">29. 01. 2023 &#8211; Kulturhuset Bergsj\u00f6n, G\u00f6teborg, Sweden<\/h2>\n<h2 class=\"fusion-tabs fusion-tabs-1 clean horizontal-tabs\" style=\"text-align: center;\">28. 01. 2023 &#8211; Huset i Hasserisgade, Aalborg, Denmark<\/h2>\n<h2 class=\"fusion-tabs fusion-tabs-1 clean horizontal-tabs\" style=\"text-align: center;\">11. 01. 2023 &#8211; Kset, Zagreb, Croatia<\/h2>\n<h2 class=\"fusion-tabs fusion-tabs-1 clean horizontal-tabs\" style=\"text-align: center;\">16. 12. 2022 &#8211; Klub \u0160tala, Lokavec, Slovenia<\/h2>\n<h2 class=\"fusion-tabs fusion-tabs-1 clean horizontal-tabs\" style=\"text-align: center;\">02. 12. 2022 &#8211; Theater neben dem Turm, Marburg, Germany<\/h2>\n<h2 class=\"fusion-tabs fusion-tabs-1 clean horizontal-tabs\" style=\"text-align: center;\">01. 12. 2022 &#8211; Neue Schachtel, Stuttgart, Germany<\/h2>\n<h2 class=\"fusion-tabs fusion-tabs-1 clean horizontal-tabs\" style=\"text-align: center;\">13. 11. 2022 &#8211; Witzli Poetzli, Antwerpen, Belgium<\/h2>\n<h2 class=\"fusion-tabs fusion-tabs-1 clean horizontal-tabs\" style=\"text-align: center;\">12. 11. 2022 &#8211; La Princesse, Brussels, Belgium<\/h2>\n<h2 class=\"fusion-tabs fusion-tabs-1 clean horizontal-tabs\" style=\"text-align: center;\">11. 11. 2022 &#8211; Le Guess Who, Utrecht, Netherlands<\/h2>\n<h2 class=\"fusion-tabs fusion-tabs-1 clean horizontal-tabs\" style=\"text-align: center;\">09. 11. 2022 &#8211; Klein, Copenhagen, Denmark<\/h2>\n<h2 class=\"fusion-tabs fusion-tabs-1 clean horizontal-tabs\" style=\"text-align: center;\">08. 11. 2022 &#8211; Resonator, Odense, Denmark<\/h2>\n<h2 class=\"fusion-tabs fusion-tabs-1 clean horizontal-tabs\" style=\"text-align: center;\">05. 11. 2022 &#8211; Forum Stadtpark, Graz, Austria<\/h2>\n<h2 class=\"fusion-tabs fusion-tabs-1 clean horizontal-tabs\" style=\"text-align: center;\">22. 09. 2022 &#8211; \u0160irom &amp; Yann Gourdon, Kino \u0160i\u0161ka, Ljubljana, Slovenia<\/h2>\n<h2 class=\"fusion-tabs fusion-tabs-1 clean horizontal-tabs\" style=\"text-align: center;\">23. 08. 2022 &#8211; Festival Kunigunda, Velenje, Slovenia<\/h2>\n<h2 class=\"fusion-tabs fusion-tabs-1 clean horizontal-tabs\" style=\"text-align: center;\">11. 08. 2022 &#8211; Pravlji\u010dni ve\u010deri pred Fin\u017egarjevo rojstno hi\u0161o, Doslov\u010de, Slovenia<\/h2>\n<h2 class=\"fusion-tabs fusion-tabs-1 clean horizontal-tabs\" style=\"text-align: center;\">16. 07. 2022 &#8211; Hafnerjev memorial, \u0160kofja Loka, Slovenia<\/h2>\n<h2 class=\"fusion-tabs fusion-tabs-1 clean horizontal-tabs\" style=\"text-align: center;\">15. 07. 2022 &#8211; Keltika, Cerkno, Slovenia<\/h2>\n<h2 class=\"fusion-tabs fusion-tabs-1 clean horizontal-tabs\" style=\"text-align: center;\">12. 07. 2022 &#8211; Hostel Celica, Ljubljana, Slovenia<\/h2>\n<h2 class=\"fusion-tabs fusion-tabs-1 clean horizontal-tabs\" style=\"text-align: center;\">27. 06. 2022 &#8211; Pomezi, Brno, Czech Republic<\/h2>\n<h2 class=\"fusion-tabs fusion-tabs-1 clean horizontal-tabs\" style=\"text-align: center;\">25. 06. 2022 &#8211; Mela Festival, Pezinok, Slovakia<\/h2>\n<h2 class=\"fusion-tabs fusion-tabs-1 clean horizontal-tabs\" style=\"text-align: center;\">24. 06. 2022 &#8211; Festival Polja, \u0160utci, Serbia<\/h2>\n<h2 class=\"fusion-tabs fusion-tabs-1 clean horizontal-tabs\" style=\"text-align: center;\">04. 06. 2022 &#8211; Pre\u0161ernov gaj, Kranj, Slovenia<\/h2>\n<h2 class=\"fusion-tabs fusion-tabs-1 clean horizontal-tabs\" style=\"text-align: center;\">02. 06. 2022 &#8211; Wine Nat White Heat, Art Museum of Nantes, Nantes, France<\/h2>\n<h2 class=\"fusion-tabs fusion-tabs-1 clean horizontal-tabs\" style=\"text-align: center;\">27. 05. 2022 &#8211; Park samostojnosti, Vrhnika, Slovenia<\/h2>\n<h2 class=\"fusion-tabs fusion-tabs-1 clean horizontal-tabs\" style=\"text-align: center;\">24. 05. 2022 &#8211; Mo\u010dvara, Zagreb, Croatia<\/h2>\n<h2 class=\"fusion-tabs fusion-tabs-1 clean horizontal-tabs\" style=\"text-align: center;\">09. 05. 2022 &#8211; Premiere of documentary film: &#8220;\u0160irom &#8211; Rural Underground&#8221;, Kinodvor, Ljubljana, Slovenia<\/h2>\n<h2 class=\"fusion-tabs fusion-tabs-1 clean horizontal-tabs\" style=\"text-align: center;\">20. 04. 2022 &#8211; Narodni dom, Maribor, Slovenia<\/h2>\n<h2 class=\"fusion-tabs fusion-tabs-1 clean horizontal-tabs\" style=\"text-align: center;\">09. 04. 2022 &#8211; Oberst\u00fcbchen, Regen, Germany<\/h2>\n<h2 class=\"fusion-tabs fusion-tabs-1 clean horizontal-tabs\" style=\"text-align: center;\">08. 04. 2022 &#8211; Laboratorium, Stuttgart, Germany<\/h2>\n<h2 class=\"fusion-tabs fusion-tabs-1 clean horizontal-tabs\" style=\"text-align: center;\">07. 04. 2022 &#8211; MUG M\u00fcnchner Untergrunt im Einstein, M\u00fcnchen, Germany<\/h2>\n<h2 class=\"fusion-tabs fusion-tabs-1 clean horizontal-tabs\" style=\"text-align: center;\">11. 03. 2022 &#8211; Klub Metulj, Bistrica ob Sotli, Slovenia<\/h2>\n<h2 class=\"fusion-tabs fusion-tabs-1 clean horizontal-tabs\" style=\"text-align: center;\">05. 03. 2022 &#8211; presentation of 4th album &#8220;The Liquified Throne of Simplicity&#8221;, Cankarjev dom, Ljubljana, Slovenia<\/h2>\n<h2 class=\"fusion-tabs fusion-tabs-1 clean horizontal-tabs\" style=\"text-align: center;\"><strong>22.11.2021<\/strong> &#8211; Etnofest, Subotica, Republic of Serbia<\/h2>\n<h2 class=\"fusion-tabs fusion-tabs-1 clean horizontal-tabs\" style=\"text-align: center;\"><strong>11.11.2021<\/strong> &#8211; OFFest, Skopje, Macedonia<\/h2>\n<h2 style=\"text-align: center;\" data-fontsize=\"18\" data-lineheight=\"27px\"><strong>01. 10. 2021<\/strong>\u00a0&#8211; Ethno.com Festival, Kulturni centar Pan\u010devo, Republic of Serbia<\/h2>\n<h2 style=\"text-align: center;\" data-fontsize=\"18\" data-lineheight=\"27px\"><strong>10. 09. 2021<\/strong> &#8211; Isole Che Parlano Festival, Palau, Sardinia, Italy<\/h2>\n<h2 style=\"text-align: center;\" data-fontsize=\"18\" data-lineheight=\"27px\"><strong>08. 09. 2021<\/strong> &#8211; Arci Scighera, Milano, Italy<\/h2>\n<h2 style=\"text-align: center;\" data-fontsize=\"18\" data-lineheight=\"27px\"><strong>07. 09. 2021<\/strong> &#8211; Bmotion Musica, Bassano del Grappa, Italy<\/h2>\n<h2 style=\"text-align: center;\" data-fontsize=\"18\" data-lineheight=\"27px\"><strong>06. 09. 2021<\/strong> &#8211; Freakout, Bologna, Italy<\/h2>\n<h2 style=\"text-align: center;\" data-fontsize=\"18\" data-lineheight=\"27px\"><strong>05. 09. 2021<\/strong> &#8211; Scopoli, Foligno, Italy<\/h2>\n<h2 style=\"text-align: center;\" data-fontsize=\"18\" data-lineheight=\"27px\"><strong>04. 09. 2021<\/strong> &#8211; I suonni della pietra, Bergolo, Italy<\/h2>\n<h2 style=\"text-align: center;\" data-fontsize=\"18\" data-lineheight=\"27px\"><strong>03. 09. 2021<\/strong> &#8211; Raindogs House, Savona, Italy<\/h2>\n<h2 style=\"text-align: center;\" data-fontsize=\"18\" data-lineheight=\"27px\"><strong>02. 09. 2021<\/strong> &#8211; Postwar Cinema Club, Parma, Italy<\/h2>\n<h2 style=\"text-align: center;\" data-fontsize=\"18\" data-lineheight=\"27px\"><strong>18. 07. 2021<\/strong> &#8211; live part sculptura Maru\u0161i\u0107i, Croatia<\/h2>\n<h2 style=\"text-align: center;\" data-fontsize=\"18\" data-lineheight=\"27px\"><strong>13. 07. 2021<\/strong> &#8211; Hostel Celica, Ljubljana, Slovenia<\/h2>\n<h2 style=\"text-align: center;\" data-fontsize=\"18\" data-lineheight=\"27px\"><strong>26. 05. 2021<\/strong>&#8211; Rhiz, Vienna, Austria<\/h2>\n<h2 style=\"text-align: center;\" data-fontsize=\"18\" data-lineheight=\"27px\"><strong>22., 23. 05. 2021 &#8211;<\/strong>\u00a0Awaz festival, Kazan, Russia<\/h2>\n<h2 class=\"fusion-responsive-typography-calculated\" style=\"text-align: center;\" data-fontsize=\"18\" data-lineheight=\"27px\"><b>15. 03. 2021 &#8211;<\/b> Val 202, &#8220;Iz\u0161tekani, with Chris Eckman&#8221; radio broadcast, Ljubljana, Slovenia<\/h2>\n<h2 style=\"text-align: center;\"><strong>04. 02. 2021 &#8211;<\/strong>\u00a0Streaming for Kino \u0160i\u0161ka (concert at reissue of our first album I. on a vinyl), Ljubljana, Slovenia<\/h2>\n<h2 style=\"text-align: center; color: #282828;\" data-fontsize=\"18\" data-lineheight=\"27px\"><strong>13. 12. 2020 &#8211;<\/strong>\u00a0Streaming from Narodni dom, Maribor, Slovenia<\/h2>\n<h2 style=\"text-align: center; color: #282828;\" data-fontsize=\"18\" data-lineheight=\"27px\"><strong>05. 11. 2020 &#8211;<\/strong>\u00a0Streaming for SAMA and KEXP<\/h2>\n<h2 style=\"text-align: center; color: #282828;\" data-fontsize=\"18\" data-lineheight=\"27px\"><strong>21. 10. 2020 &#8211;<\/strong>\u00a0Streaming for Womex (Budapest, 2020)<\/h2>\n<h2 style=\"text-align: center; color: #282828;\" data-fontsize=\"18\" data-lineheight=\"27px\"><strong>15. 09. 2020 &#8211;<\/strong>\u00a0Festival Sonica, Pokrajinski muzej Koper, Slovenia<\/h2>\n<h2 style=\"text-align: center; color: #282828;\" data-fontsize=\"18\" data-lineheight=\"27px\"><strong>10. 09. 2020 &#8211;<\/strong>\u00a0Indigo festival, Ljubljana, Slovenia<\/h2>\n<h2 style=\"text-align: center; color: #282828;\" data-fontsize=\"18\" data-lineheight=\"27px\"><strong>04. 09. 2020 &#8211;<\/strong>\u00a0Grad Negova, Negova, Slovenia<\/h2>\n<h2 style=\"text-align: center; color: #282828;\" data-fontsize=\"18\" data-lineheight=\"27px\"><strong>05. 08. 2020 &#8211;<\/strong>\u00a0Mostovna, Solkan, Slovenia<\/h2>\n<h2 style=\"text-align: center; color: #282828;\" data-fontsize=\"18\" data-lineheight=\"27px\"><strong>24. 07. 2020 &#8211;<\/strong>\u00a0Aeson festival, Italy<\/h2>\n<h2 style=\"text-align: center; color: #282828;\" data-fontsize=\"18\" data-lineheight=\"27px\"><strong>04. 07. 2020 &#8211;<\/strong>\u00a0Poletni Art Kamp, Maribor, Slovenia<\/h2>\n<h2 style=\"text-align: center; color: #282828;\" data-fontsize=\"18\" data-lineheight=\"27px\"><strong>25. 06. 2020 &#8211;<\/strong>\u00a0Mo\u010dvara, Zagreb, Croatia<\/h2>\n<h2 class=\"fusion-responsive-typography-calculated\" style=\"text-align: center; --fontsize: 18; line-height: 1.5; --minfontsize: 18;\" data-fontsize=\"18\" data-lineheight=\"27px\"><strong>19. 05. 2020 &#8211;<\/strong>\u00a0streaming from Kino \u0160i\u0161ka, Ljubljana, Slovenia<\/h2>\n<h2 class=\"fusion-responsive-typography-calculated\" style=\"text-align: center; --fontsize: 18; line-height: 1.5; --minfontsize: 18;\" data-fontsize=\"18\" data-lineheight=\"27px\"><strong>22. 04. 2020 &#8211;<\/strong>\u00a0streaming from Lesno Brdo (Slovenia) for Bozar, Brussels, Belgium<\/h2>\n<h2 class=\"fusion-responsive-typography-calculated\" style=\"text-align: center; --fontsize: 18; line-height: 1.5; --minfontsize: 18;\" data-fontsize=\"18\" data-lineheight=\"27px\"><strong>22. 02. 2020 &#8211;<\/strong>\u00a0Kinogledali\u0161\u010de Tolmin, Slovenia<\/h2>\n<h2 class=\"fusion-responsive-typography-calculated\" style=\"text-align: center; --fontsize: 18; line-height: 1.5; --minfontsize: 18;\" data-fontsize=\"18\" data-lineheight=\"27px\"><strong>28. 11. 2019 &#8211;<\/strong>\u00a0Iklectik, London, Great Britain<\/h2>\n<h2 class=\"fusion-responsive-typography-calculated\" style=\"text-align: center; --fontsize: 18; line-height: 1.5; --minfontsize: 18;\" data-fontsize=\"18\" data-lineheight=\"27px\"><strong>23. 11. 2019 &#8211;<\/strong>\u00a0Kulturni dom Kr\u0161ko, Kr\u0161ko, Slovenia<\/h2>\n<h2 class=\"fusion-responsive-typography-calculated\" style=\"text-align: center; --fontsize: 18; line-height: 1.5; --minfontsize: 18;\" data-fontsize=\"18\" data-lineheight=\"27px\"><strong>16. 11. 2019 &#8211;<\/strong>\u00a0Back Beat Bolaget, Sandviken, Sweden<\/h2>\n<h2 class=\"fusion-responsive-typography-calculated\" style=\"text-align: center; --fontsize: 18; line-height: 1.5; --minfontsize: 18;\" data-fontsize=\"18\" data-lineheight=\"27px\"><strong>15. 11. 2019 &#8211;<\/strong>\u00a0Skissernas Night Festival, Skissernas Museum, Lund, Sweden<\/h2>\n<h2 class=\"fusion-responsive-typography-calculated\" style=\"text-align: center; --fontsize: 18; line-height: 1.5; --minfontsize: 18;\" data-fontsize=\"18\" data-lineheight=\"27px\"><strong>14. 11. 2019 &#8211;<\/strong>\u00a0S\u00f6r\u00e4ngens Folkh\u00f6gskola, N\u00e4ssj\u00f6, Sweden<\/h2>\n<h2 class=\"fusion-responsive-typography-calculated\" style=\"text-align: center; --fontsize: 18; line-height: 1.5; --minfontsize: 18;\" data-fontsize=\"18\" data-lineheight=\"27px\"><strong>13. 11. 2019 &#8211;<\/strong>\u00a0\u0160irom &#8211; Moondog feat Raphael Roginski &amp; Natalia Przybysz, Festival Kwadrofonik, Warsaw, Poland<\/h2>\n<h2 class=\"fusion-responsive-typography-calculated\" style=\"text-align: center; --fontsize: 18; line-height: 1.5; --minfontsize: 18;\" data-fontsize=\"18\" data-lineheight=\"27px\"><strong>24. 10. 2019 &#8211;<\/strong>\u00a0\u0160irom &amp; Raphael Roginski, KC Janeza Trdine, Novo Mesto, Slovenia<\/h2>\n<h2 class=\"fusion-responsive-typography-calculated\" style=\"text-align: center; --fontsize: 18; line-height: 1.5; --minfontsize: 18;\" data-fontsize=\"18\" data-lineheight=\"27px\"><strong>3. 10. 2019 &#8211;<\/strong>\u00a0Presentation of III. album &#8220;A Universe That Roasts Blossoms For a Horse&#8221;, Kino \u0160i\u0161ka &#8211; Ljubljana, Slovenia<\/h2>\n<h2 class=\"fusion-responsive-typography-calculated\" style=\"text-align: center; --fontsize: 18; line-height: 1.5; --minfontsize: 18;\" data-fontsize=\"18\" data-lineheight=\"27px\"><strong>13. 9. 2019 &#8211;<\/strong>\u00a0Villa Romana, Florence, Italy<\/h2>\n<h2 class=\"fusion-responsive-typography-calculated\" style=\"text-align: center; --fontsize: 18; line-height: 1.5; --minfontsize: 18;\" data-fontsize=\"18\" data-lineheight=\"27px\"><strong>12. 9. 2019 &#8211;<\/strong>\u00a0T-train record store, Perugia, Italy<\/h2>\n<h2 class=\"fusion-responsive-typography-calculated\" style=\"text-align: center; --fontsize: 18; line-height: 1.5; --minfontsize: 18;\" data-fontsize=\"18\" data-lineheight=\"27px\"><strong>11. 9. 2019 &#8211;<\/strong>\u00a0Postwar Cinema Club, Parma, Italy<\/h2>\n<h2 class=\"fusion-responsive-typography-calculated\" style=\"text-align: center; --fontsize: 18; line-height: 1.5; --minfontsize: 18;\" data-fontsize=\"18\" data-lineheight=\"27px\"><strong>10. 9. 2019 &#8211;<\/strong>\u00a0Torto night, Genoa, Italy<\/h2>\n<h2 class=\"fusion-responsive-typography-calculated\" style=\"text-align: center; --fontsize: 18; line-height: 1.5; --minfontsize: 18;\" data-fontsize=\"18\" data-lineheight=\"27px\"><strong>9. 9. 2019 &#8211;<\/strong>\u00a0K\u00f6sk, M\u00fcnchen, Germany<\/h2>\n<h2 class=\"fusion-responsive-typography-calculated\" style=\"text-align: center; --fontsize: 18; line-height: 1.5; --minfontsize: 18;\" data-fontsize=\"18\" data-lineheight=\"27px\"><strong>8. 9. 2019 &#8211;<\/strong>\u00a0Meakusma festival, Eupen, Belgium<\/h2>\n<h2 class=\"fusion-responsive-typography-calculated\" style=\"text-align: center; --fontsize: 18; line-height: 1.5; --minfontsize: 18;\" data-fontsize=\"18\" data-lineheight=\"27px\"><strong>7. 9. 2019 &#8211;<\/strong>\u00a0Koloni\/\u00d6gat, Gothenburg, Sweden<\/h2>\n<h2 class=\"fusion-responsive-typography-calculated\" style=\"text-align: center; --fontsize: 18; line-height: 1.5; --minfontsize: 18;\" data-fontsize=\"18\" data-lineheight=\"27px\"><strong>6. 9. 2019 &#8211;<\/strong>\u00a0Gerlesborgsskolan, Gerlesborg, Sweden<\/h2>\n<h2 class=\"fusion-responsive-typography-calculated\" style=\"text-align: center; --fontsize: 18; line-height: 1.5; --minfontsize: 18;\" data-fontsize=\"18\" data-lineheight=\"27px\"><strong>5. 9. 2019 &#8211;<\/strong>\u00a0Bohusl\u00e4nsmuseum, Uddevalla, Sweden<\/h2>\n<h2 class=\"fusion-responsive-typography-calculated\" style=\"text-align: center; --fontsize: 18; line-height: 1.5; --minfontsize: 18;\" data-fontsize=\"18\" data-lineheight=\"27px\"><strong>4. 9. 2019 &#8211;<\/strong>\u00a0Alice, Copenhagen, Denmark<\/h2>\n<h2 class=\"fusion-responsive-typography-calculated\" style=\"text-align: center; --fontsize: 18; line-height: 1.5; --minfontsize: 18;\" data-fontsize=\"18\" data-lineheight=\"27px\"><strong>3. 9. 2019 &#8211;<\/strong>\u00a0Det Turkise telt, Aarhus, Denmark<\/h2>\n<h2 class=\"fusion-responsive-typography-calculated\" style=\"text-align: center; --fontsize: 18; line-height: 1.5; --minfontsize: 18;\" data-fontsize=\"18\" data-lineheight=\"27px\"><strong>31. 9. 2019 &#8211;<\/strong>\u00a0Into the great wide open, Netherlands<\/h2>\n<h2 class=\"fusion-responsive-typography-calculated\" style=\"text-align: center; --fontsize: 18; line-height: 1.5; --minfontsize: 18;\" data-fontsize=\"18\" data-lineheight=\"27px\"><strong>28. 8. 2019 &#8211;<\/strong>\u00a0Festival Baignade interdite, France<\/h2>\n<h2 class=\"fusion-responsive-typography-calculated\" style=\"text-align: center; --fontsize: 18; line-height: 1.5; --minfontsize: 18;\" data-fontsize=\"18\" data-lineheight=\"27px\"><strong>20. 7. 2019 &#8211;<\/strong>\u00a0Babel Sound Festival, Hungary<\/h2>\n<h2 class=\"fusion-responsive-typography-calculated\" style=\"text-align: center; --fontsize: 18; line-height: 1.5; --minfontsize: 18;\" data-fontsize=\"18\" data-lineheight=\"27px\"><strong>12. 7. 2019 &#8211;<\/strong>\u00a0Tabor Film Festival, Desini\u0107, Croatia<\/h2>\n<h2 class=\"fusion-responsive-typography-calculated\" style=\"text-align: center; --fontsize: 18; line-height: 1.5; --minfontsize: 18;\" data-fontsize=\"18\" data-lineheight=\"27px\"><span style=\"color: #000000;\"><strong>10. 6. 2019 &#8211;<\/strong>\u00a0Moers Festival, Moers, Germany<\/span><\/h2>\n<h2 class=\"fusion-responsive-typography-calculated\" style=\"text-align: center; --fontsize: 18; line-height: 1.5; --minfontsize: 18;\" data-fontsize=\"18\" data-lineheight=\"27px\"><span style=\"color: #000000;\"><strong>9. 6. 2019 &#8211;<\/strong>\u00a0Music Meeting Festival, Nijmegen, Netherlands<\/span><\/h2>\n<h2 class=\"fusion-responsive-typography-calculated\" style=\"text-align: center; --fontsize: 18; line-height: 1.5; --minfontsize: 18;\" data-fontsize=\"18\" data-lineheight=\"27px\"><span style=\"color: #000000;\"><strong>8. 6. 2019 &#8211;<\/strong>\u00a0Filmwerk, Helmbrechts, Germany<\/span><\/h2>\n<h2 class=\"fusion-responsive-typography-calculated\" style=\"text-align: center; --fontsize: 18; line-height: 1.5; --minfontsize: 18;\" data-fontsize=\"18\" data-lineheight=\"27px\"><span style=\"color: #000000;\"><strong>7. 6. 2019 &#8211;<\/strong>\u00a0Spxlxnkx, Liepzig, Germany<\/span><\/h2>\n<h2 class=\"fusion-responsive-typography-calculated\" style=\"text-align: center; --fontsize: 18; line-height: 1.5; --minfontsize: 18;\" data-fontsize=\"18\" data-lineheight=\"27px\"><span style=\"color: #000000;\"><strong>6. 6. 2019 &#8211;<\/strong>\u00a0Ko\u010dka v ta\u0161ce \u2013 bytov\u00e1 sc\u00e9na, Prague, Czech republic<\/span><\/h2>\n<h2 class=\"fusion-responsive-typography-calculated\" style=\"text-align: center; --fontsize: 18; line-height: 1.5; --minfontsize: 18;\" data-fontsize=\"18\" data-lineheight=\"27px\"><strong>12. 4. 2019 &#8211;<\/strong>\u00a0Layerjeva hi\u0161a, Kranj, Slovenia<\/h2>\n<h2 class=\"fusion-responsive-typography-calculated\" style=\"text-align: center; --fontsize: 18; line-height: 1.5; --minfontsize: 18;\" data-fontsize=\"18\" data-lineheight=\"27px\"><strong>29. 3. 2019 &#8211;<\/strong>\u00a0Kibla, Maribor, Slovenia<\/h2>\n<h2 class=\"fusion-responsive-typography-calculated\" style=\"text-align: center; --fontsize: 18; line-height: 1.5; --minfontsize: 18;\" data-fontsize=\"18\" data-lineheight=\"27px\"><strong>22. 2. 2019 &#8211;<\/strong>\u00a0Klub Zakon, Vrhnika, Slovenia<\/h2>\n<h2 class=\"fusion-responsive-typography-calculated\" style=\"text-align: center; --fontsize: 18; line-height: 1.5; --minfontsize: 18;\" data-fontsize=\"18\" data-lineheight=\"27px\"><strong>1. 2. 2019 &#8211;<\/strong>\u00a0Festival Bobri, Ljubljana, Slovenia<\/h2>\n<h2 class=\"fusion-responsive-typography-calculated\" style=\"text-align: center; --fontsize: 18; line-height: 1.5; --minfontsize: 18;\" data-fontsize=\"18\" data-lineheight=\"27px\"><strong>8. 1. 2019 &#8211;<\/strong>\u00a0Celica, Ljubljana, Slovenia<\/h2>\n<h2 class=\"fusion-responsive-typography-calculated\" style=\"text-align: center; --fontsize: 18; line-height: 1.5; --minfontsize: 18;\" data-fontsize=\"18\" data-lineheight=\"27px\"><strong>9. 11. 2018 &#8211;<\/strong>\u00a0Festival Etnika, Gustaf, Maribor, Slovenia<\/h2>\n<h2 class=\"fusion-responsive-typography-calculated\" style=\"text-align: center; --fontsize: 18; line-height: 1.5; --minfontsize: 18;\" data-fontsize=\"18\" data-lineheight=\"27px\"><strong>6. 10. 2018 &#8211;<\/strong>\u00a0Ritmo, Budapest, Hungary<\/h2>\n<h2 class=\"fusion-responsive-typography-calculated\" style=\"text-align: center; --fontsize: 18; line-height: 1.5; --minfontsize: 18;\" data-fontsize=\"18\" data-lineheight=\"27px\"><strong>15. 9. 2018 &#8211;<\/strong>\u00a0Etno mehanika, Sankt Petersburg, Russia<\/h2>\n<h2 class=\"fusion-responsive-typography-calculated\" style=\"text-align: center; --fontsize: 18; line-height: 1.5; --minfontsize: 18;\" data-fontsize=\"18\" data-lineheight=\"27px\"><strong>7. 9. 2018 &#8211;<\/strong>\u00a0Porto Etno Festival, Rijeka, Croatia<\/h2>\n<h2 class=\"fusion-responsive-typography-calculated\" style=\"text-align: center; --fontsize: 18; line-height: 1.5; --minfontsize: 18;\" data-fontsize=\"18\" data-lineheight=\"27px\"><strong>4. 9. 2018 &#8211;<\/strong>\u00a0Sound Explicit, Ljubljana, Slovenia<\/h2>\n<h2 class=\"fusion-responsive-typography-calculated\" style=\"text-align: center; --fontsize: 18; line-height: 1.5; --minfontsize: 18;\" data-fontsize=\"18\" data-lineheight=\"27px\"><strong>27. 8. 2018 &#8211;<\/strong>\u00a0Huda luknja, Velenje, Slovenia<\/h2>\n<h2 class=\"fusion-responsive-typography-calculated\" style=\"text-align: center; --fontsize: 18; line-height: 1.5; --minfontsize: 18;\" data-fontsize=\"18\" data-lineheight=\"27px\"><strong>18. 8. 2018 &#8211;<\/strong>\u00a0Castrum festival, Switzerland<\/h2>\n<h2 class=\"fusion-responsive-typography-calculated\" style=\"text-align: center; --fontsize: 18; line-height: 1.5; --minfontsize: 18;\" data-fontsize=\"18\" data-lineheight=\"27px\"><strong>12. 8. 2018 &#8211;<\/strong>\u00a0Kamfest, Kamnik, Slovenia<\/h2>\n<h2 class=\"fusion-responsive-typography-calculated\" style=\"text-align: center; --fontsize: 18; line-height: 1.5; --minfontsize: 18;\" data-fontsize=\"18\" data-lineheight=\"27px\"><strong>23. 7. 2018 &#8211;<\/strong>\u00a0FMM Sines, Portugal<\/h2>\n<h2 class=\"fusion-responsive-typography-calculated\" style=\"text-align: center; --fontsize: 18; line-height: 1.5; --minfontsize: 18;\" data-fontsize=\"18\" data-lineheight=\"27px\"><strong>7. 7. 2018 &#8211;<\/strong>\u00a0Roskilde Festival, Denmark<\/h2>\n<h2 class=\"fusion-responsive-typography-calculated\" style=\"text-align: center; --fontsize: 18; line-height: 1.5; --minfontsize: 18;\" data-fontsize=\"18\" data-lineheight=\"27px\"><strong>14. 6. 2018 &#8211;<\/strong>\u00a0\u0160irom, projection of film, Kinodvor, Ljubljana, Slovenia<\/h2>\n<h2 class=\"fusion-responsive-typography-calculated\" style=\"text-align: center; --fontsize: 18; line-height: 1.5; --minfontsize: 18;\" data-fontsize=\"18\" data-lineheight=\"27px\"><strong>1. 6. 2018 &#8211;<\/strong>\u00a0\u0160irom concert, Atrium of the municipality of Nova Gorica, Nova Gorica, Slovenia<\/h2>\n<h2 class=\"fusion-responsive-typography-calculated\" style=\"text-align: center; --fontsize: 18; line-height: 1.5; --minfontsize: 18;\" data-fontsize=\"18\" data-lineheight=\"27px\"><strong>20. 05. 18 &#8211;<\/strong>\u00a0Ring ring, Beograd, Serbia<\/h2>\n<h2 class=\"fusion-responsive-typography-calculated\" style=\"text-align: center; --fontsize: 18; line-height: 1.5; --minfontsize: 18;\" data-fontsize=\"18\" data-lineheight=\"27px\"><strong>21. 04. 18 &#8211;<\/strong> ZEZ Festival KSET Zagreb, Hrva\u0161ka<\/h2>\n<h2 class=\"fusion-responsive-typography-calculated\" style=\"text-align: center; --fontsize: 18; line-height: 1.5; --minfontsize: 18;\" data-fontsize=\"18\" data-lineheight=\"27px\"><strong>13. 04. 18 &#8211;<\/strong>\u00a0Ostello Castle, Genova, Italy<\/h2>\n<h2 class=\"fusion-responsive-typography-calculated\" style=\"text-align: center; --fontsize: 18; line-height: 1.5; --minfontsize: 18;\" data-fontsize=\"18\" data-lineheight=\"27px\"><strong>12. 04. 18 &#8211;<\/strong>\u00a0Volume, Milano, Italy<\/h2>\n<h2 class=\"fusion-responsive-typography-calculated\" style=\"text-align: center; --fontsize: 18; line-height: 1.5; --minfontsize: 18;\" data-fontsize=\"18\" data-lineheight=\"27px\"><strong>11. 04. 18 &#8211;<\/strong>\u00a0Stanser Musikstageconf, Stants, Switzerland<\/h2>\n<h2 class=\"fusion-responsive-typography-calculated\" style=\"text-align: center; --fontsize: 18; line-height: 1.5; --minfontsize: 18;\" data-fontsize=\"18\" data-lineheight=\"27px\"><strong>10. 04. 18 &#8211;<\/strong>\u00a0Le Periscope, Lyon, France<\/h2>\n<h2 class=\"fusion-responsive-typography-calculated\" style=\"text-align: center; --fontsize: 18; line-height: 1.5; --minfontsize: 18;\" data-fontsize=\"18\" data-lineheight=\"27px\"><strong>09. 04. 18 &#8211;<\/strong>\u00a0Fest Banlieues Bleues, Pantin, France<\/h2>\n<h2 class=\"fusion-responsive-typography-calculated\" style=\"text-align: center; --fontsize: 18; line-height: 1.5; --minfontsize: 18;\" data-fontsize=\"18\" data-lineheight=\"27px\"><strong>08. 04. 18 &#8211;<\/strong>\u00a0Cafe Oto, London, GB<\/h2>\n<h2 class=\"fusion-responsive-typography-calculated\" style=\"text-align: center; --fontsize: 18; line-height: 1.5; --minfontsize: 18;\" data-fontsize=\"18\" data-lineheight=\"27px\"><strong>06. 04. 18 &#8211;<\/strong>\u00a0Rewire festival, The Hague, Netherlands<\/h2>\n<h2 class=\"fusion-responsive-typography-calculated\" style=\"text-align: center; --fontsize: 18; line-height: 1.5; --minfontsize: 18;\" data-fontsize=\"18\" data-lineheight=\"27px\"><strong>05. 04. 18 &#8211;<\/strong>\u00a0Ancienne Belgique, Brussels, Belgium<\/h2>\n<h2 class=\"fusion-responsive-typography-calculated\" style=\"text-align: center; --fontsize: 18; line-height: 1.5; --minfontsize: 18;\" data-fontsize=\"18\" data-lineheight=\"27px\"><strong>04. 04. 18 &#8211;<\/strong>\u00a0Merleyn, Nijmegen, Netherlands<\/h2>\n<h2 class=\"fusion-responsive-typography-calculated\" style=\"text-align: center; --fontsize: 18; line-height: 1.5; --minfontsize: 18;\" data-fontsize=\"18\" data-lineheight=\"27px\"><strong>03. 04. 18 &#8211;<\/strong>\u00a0Stimultania, Strasbourg, France<\/h2>\n<h2 class=\"fusion-responsive-typography-calculated\" style=\"text-align: center; --fontsize: 18; line-height: 1.5; --minfontsize: 18;\" data-fontsize=\"18\" data-lineheight=\"27px\"><strong>01. 04. 18 &#8211;<\/strong>\u00a0Mokka, Thun, Switzerland<\/h2>\n<h2 class=\"fusion-responsive-typography-calculated\" style=\"text-align: center; --fontsize: 18; line-height: 1.5; --minfontsize: 18;\" data-fontsize=\"18\" data-lineheight=\"27px\"><strong>31. 03. 18 &#8211;<\/strong>\u00a0Cladnestino, Faenza, Italy<\/h2>\n<h2 class=\"fusion-responsive-typography-calculated\" style=\"text-align: center; --fontsize: 18; line-height: 1.5; --minfontsize: 18;\" data-fontsize=\"18\" data-lineheight=\"27px\"><strong>03. 03. 18 &#8211;<\/strong>\u00a0\u0160irom &amp; Raphael Rogi\u0144ski, Bar Gabrijel, Ljubljana, Slovenia<\/h2>\n<h2 class=\"fusion-responsive-typography-calculated\" style=\"text-align: center; --fontsize: 18; line-height: 1.5; --minfontsize: 18;\" data-fontsize=\"18\" data-lineheight=\"27px\"><strong>30. 01. 18 &#8211;<\/strong>\u00a0\u0160irom &amp; cellF, Kapelica, Ljubljana, Slovenia<\/h2>\n<h2 class=\"fusion-responsive-typography-calculated\" style=\"text-align: center; --fontsize: 18; line-height: 1.5; --minfontsize: 18;\" data-fontsize=\"18\" data-lineheight=\"27px\"><strong>20. 01. 18 &#8211;<\/strong>\u00a0Laboratorium, Stuttgart, Germany<\/h2>\n<h2 class=\"fusion-responsive-typography-calculated\" style=\"text-align: center; --fontsize: 18; line-height: 1.5; --minfontsize: 18;\" data-fontsize=\"18\" data-lineheight=\"27px\"><strong>19. 01. 18 &#8211;<\/strong>\u00a0EdenlessBar, Leinfelden, Germany<\/h2>\n<h2 class=\"fusion-responsive-typography-calculated\" style=\"text-align: center; --fontsize: 18; line-height: 1.5; --minfontsize: 18;\" data-fontsize=\"18\" data-lineheight=\"27px\"><strong>18. 01. 18 &#8211;<\/strong>\u00a0Eurosonic \u2013 Grand Theatre Up, Groningen, Netherlands<\/h2>\n<h2 class=\"fusion-responsive-typography-calculated\" style=\"text-align: center; --fontsize: 18; line-height: 1.5; --minfontsize: 18;\" data-fontsize=\"18\" data-lineheight=\"27px\"><strong>17. 01. 18 &#8211;<\/strong>\u00a0Eurosonic \u2013 Der Aa-Kerk, Groningen, Netherlands<\/h2>\n<h2 class=\"fusion-responsive-typography-calculated\" style=\"text-align: center; --fontsize: 18; line-height: 1.5; --minfontsize: 18;\" data-fontsize=\"18\" data-lineheight=\"27px\"><strong>05. 12. 17 &#8211;<\/strong>\u00a0Kino \u0160i\u0161ka, Ljubljana, Slovenia<\/h2>\n<h2 class=\"fusion-responsive-typography-calculated\" style=\"text-align: center; --fontsize: 18; line-height: 1.5; --minfontsize: 18;\" data-fontsize=\"18\" data-lineheight=\"27px\"><strong>04. 11. 17 &#8211;<\/strong>\u00a0\u0160irom &amp; Derek Gripper, Pinelina dnevna soba, Ljubljana, Slovenija<\/h2>\n<h2 class=\"fusion-responsive-typography-calculated\" style=\"text-align: center; --fontsize: 18; line-height: 1.5; --minfontsize: 18;\" data-fontsize=\"18\" data-lineheight=\"27px\"><strong>21. 10. 17 &#8211;<\/strong>\u00a0Podobe kulture in vina I Imagines Culturae In Vini, KOGL, \u0160irom &amp; Yoshio Machida, Velika Nedelja, Slovenija<\/h2>\n<h2 class=\"fusion-responsive-typography-calculated\" style=\"text-align: center; --fontsize: 18; line-height: 1.5; --minfontsize: 18;\" data-fontsize=\"18\" data-lineheight=\"27px\"><strong>20. 10. 17 &#8211;<\/strong>\u00a0Kulturni dom, \u0160irom &amp; Yoshio Machida, Beltinci, Slovenija<\/h2>\n<h2 class=\"fusion-responsive-typography-calculated\" style=\"text-align: center; --fontsize: 18; line-height: 1.5; --minfontsize: 18;\" data-fontsize=\"18\" data-lineheight=\"27px\"><strong>19. 10. 17 &#8211;<\/strong>\u00a0Residency in Layer House, \u0160irom &amp; Yoshio Machida, Kranj, Slovenija<\/h2>\n<h2 class=\"fusion-responsive-typography-calculated\" style=\"text-align: center; --fontsize: 18; line-height: 1.5; --minfontsize: 18;\" data-fontsize=\"18\" data-lineheight=\"27px\"><strong>18. 10. 17 &#8211;<\/strong>\u00a0\u0160vicarija (Park Tivoli), \u0160irom &amp; Yoshio Machida, Ljubljana, Slovenija<\/h2>\n<h2 class=\"fusion-responsive-typography-calculated\" style=\"text-align: center; --fontsize: 18; line-height: 1.5; --minfontsize: 18;\" data-fontsize=\"18\" data-lineheight=\"27px\"><strong>29. 9. 17 &#8211;<\/strong>\u00a0Liter\u00e1rn\u00ed \u010dajovna Sklen\u011bn\u00e1 louka Brno, Czech Republic<\/h2>\n<h2 class=\"fusion-responsive-typography-calculated\" style=\"text-align: center; --fontsize: 18; line-height: 1.5; --minfontsize: 18;\" data-fontsize=\"18\" data-lineheight=\"27px\"><strong>28. 9. 17 &#8211;<\/strong>\u00a0\u0160irom &amp; Raphael Roginski &amp; Natalia Przybysz (composition: Moondog)Festival Sacrum Profanum Krak\u00f3w, Poland<\/h2>\n<h2 class=\"fusion-responsive-typography-calculated\" style=\"text-align: center; --fontsize: 18; line-height: 1.5; --minfontsize: 18;\" data-fontsize=\"18\" data-lineheight=\"27px\"><strong>26. 9. 17 &#8211;<\/strong>\u00a0Galerija Pomezi Brno, Czech Republic<\/h2>\n<h2 class=\"fusion-responsive-typography-calculated\" style=\"text-align: center; --fontsize: 18; line-height: 1.5; --minfontsize: 18;\" data-fontsize=\"18\" data-lineheight=\"27px\"><strong>8. 9. 17 &#8211;<\/strong>\u00a0\u0160entpeter church, \u0160entpeter \/ \u0160entjakob v Ro\u017eu, Austria<\/h2>\n<h2 class=\"fusion-responsive-typography-calculated\" style=\"text-align: center; --fontsize: 18; line-height: 1.5; --minfontsize: 18;\" data-fontsize=\"18\" data-lineheight=\"27px\"><strong>9. 9. 17 &#8211;<\/strong>\u00a0Summer Art Kamp, city park, Maribor, Slovenia<\/h2>\n<h2 class=\"fusion-responsive-typography-calculated\" style=\"text-align: center; --fontsize: 18; line-height: 1.5; --minfontsize: 18;\" data-fontsize=\"18\" data-lineheight=\"27px\"><strong>26. 8. 17 &#8211;<\/strong>\u00a0Bo\u017eidar Jakac Gallery, Kostanjevica na Krki, Slovenija<\/h2>\n<h2 class=\"fusion-responsive-typography-calculated\" style=\"text-align: center; --fontsize: 18; line-height: 1.5; --minfontsize: 18;\" data-fontsize=\"18\" data-lineheight=\"27px\"><strong>12. 8. 17 &#8211;<\/strong>\u00a0Festival Lent, Maribor, Slovenia<\/h2>\n<h2 class=\"fusion-responsive-typography-calculated\" style=\"text-align: center; --fontsize: 18; line-height: 1.5; --minfontsize: 18;\" data-fontsize=\"18\" data-lineheight=\"27px\"><strong>27. 7. 17 &#8211;<\/strong>\u00a0Festival Dobimo se pred \u0160kucem, \u0160kuc gallery, Ljubljana, Slovenia<\/h2>\n<h2 class=\"fusion-responsive-typography-calculated\" style=\"text-align: center; --fontsize: 18; line-height: 1.5; --minfontsize: 18;\" data-fontsize=\"18\" data-lineheight=\"27px\"><strong>26. 7. 17 &#8211;<\/strong>\u00a0gUt gallery, M\u00fcnchen, Germany<\/h2>\n<h2 class=\"fusion-responsive-typography-calculated\" style=\"text-align: center; --fontsize: 18; line-height: 1.5; --minfontsize: 18;\" data-fontsize=\"18\" data-lineheight=\"27px\"><strong>25. 7. 17 &#8211;<\/strong>\u00a0Rio Raum, Weiden, Germany<\/h2>\n<h2 class=\"fusion-responsive-typography-calculated\" style=\"text-align: center; --fontsize: 18; line-height: 1.5; --minfontsize: 18;\" data-fontsize=\"18\" data-lineheight=\"27px\"><strong>24. 7. 17 &#8211;<\/strong>\u00a0MS Stubnitz, Hamburg, Germany<\/h2>\n<h2 class=\"fusion-responsive-typography-calculated\" style=\"text-align: center; --fontsize: 18; line-height: 1.5; --minfontsize: 18;\" data-fontsize=\"18\" data-lineheight=\"27px\"><strong>22. 7. 17 &#8211;<\/strong>\u00a0Fan\u00f8 Free Folk Festival, Denmark<\/h2>\n<h2 class=\"fusion-responsive-typography-calculated\" style=\"text-align: center; --fontsize: 18; line-height: 1.5; --minfontsize: 18;\" data-fontsize=\"18\" data-lineheight=\"27px\"><strong>20. 7. 17 &#8211;<\/strong>\u00a0Das nexus, Braunschweig, Germany<\/h2>\n<h2 class=\"fusion-responsive-typography-calculated\" style=\"text-align: center; --fontsize: 18; line-height: 1.5; --minfontsize: 18;\" data-fontsize=\"18\" data-lineheight=\"27px\"><strong>19. 7. 17 &#8211;<\/strong>\u00a0Kunstkaufhaus, Hof, Germany<\/h2>\n<h2 class=\"fusion-responsive-typography-calculated\" style=\"text-align: center; --fontsize: 18; line-height: 1.5; --minfontsize: 18;\" data-fontsize=\"18\" data-lineheight=\"27px\"><strong>18. 7. 17 &#8211;<\/strong>\u00a0Rationaltheater, M\u00fcnchen, Germany<\/h2>\n<h2 class=\"fusion-responsive-typography-calculated\" style=\"text-align: center; --fontsize: 18; line-height: 1.5; --minfontsize: 18;\" data-fontsize=\"18\" data-lineheight=\"27px\"><strong>7. 7. 17 &#8211;<\/strong>\u00a0Kreativni tabor Sajeta, Tolmin, Slovenia<\/h2>\n<h2 class=\"fusion-responsive-typography-calculated\" style=\"text-align: center; --fontsize: 18; line-height: 1.5; --minfontsize: 18;\" data-fontsize=\"18\" data-lineheight=\"27px\"><strong>27. 6. 17 &#8211;<\/strong>\u00a0Hostel Celica, Ljubljana, Slovenia<\/h2>\n<h2 class=\"fusion-responsive-typography-calculated\" style=\"text-align: center; --fontsize: 18; line-height: 1.5; --minfontsize: 18;\" data-fontsize=\"18\" data-lineheight=\"27px\"><strong>17. 6. 17 &#8211;<\/strong>\u00a0Creative Platform INDE Koper, Slovenia<\/h2>\n<h2 class=\"fusion-responsive-typography-calculated\" style=\"text-align: center; --fontsize: 18; line-height: 1.5; --minfontsize: 18;\" data-fontsize=\"18\" data-lineheight=\"27px\"><strong>27. 5. 17 &#8211; <\/strong>Presentation of a II. Album <span class=\"_3c21\">\u201cI Can Be a Clay Snapper<\/span>\u201c <a href=\"https:\/\/drugagodba.si\/en\/\">Festival Druga godba<\/a>, Kino \u0160i\u0161ka, Ljubljana, Slovenia<\/h2>\n<h2 class=\"fusion-responsive-typography-calculated\" style=\"text-align: center; --fontsize: 18; line-height: 1.5; --minfontsize: 18;\" data-fontsize=\"18\" data-lineheight=\"27px\"><strong>2. 5. 17 &#8211;<\/strong>\u00a0Movie projection \u201c\u0160irom \u2013 Memoryscapes\u201d, C.M.A.K. club, Cerkno, Slovenia<\/h2>\n<h2 class=\"fusion-responsive-typography-calculated\" style=\"text-align: center; --fontsize: 18; line-height: 1.5; --minfontsize: 18;\" data-fontsize=\"18\" data-lineheight=\"27px\"><strong>27. 4. 2017 &#8211;<\/strong>\u00a0Klub Mo\u010dvara, Zagreb, Croatia<\/h2>\n<div class=\"tab-content\">\n<div id=\"tab-a098383a9b7e3bbbd3e\" class=\"tab-pane fade active in\">\n<h2 class=\"fusion-responsive-typography-calculated\" style=\"text-align: center; --fontsize: 18; line-height: 1.5; --minfontsize: 18;\" data-fontsize=\"18\" data-lineheight=\"27px\"><strong>24. 4. 2017 &#8211;<\/strong>\u00a0Premiere of movie \u00bb\u0160irom \u2013 Memoryscapes\u00ab, gallery Sre\u010di\u0161\u010de, Celica Ljubljana, Slovenia<\/h2>\n<h2 class=\"fusion-responsive-typography-calculated\" style=\"text-align: center; --fontsize: 18; line-height: 1.5; --minfontsize: 18;\" data-fontsize=\"18\" data-lineheight=\"27px\"><strong>21. 4. 2017<\/strong> \u2013 \u0160irom, opening of exhibition of Marko Jak\u0161e, Verd, Slovenia<\/h2>\n<h2 class=\"fusion-responsive-typography-calculated\" style=\"text-align: center; --fontsize: 18; line-height: 1.5; --minfontsize: 18;\" data-fontsize=\"18\" data-lineheight=\"27px\"><strong>2. 2. 2017 <\/strong>\u2013 Festival Ment, Stara mestna elektrarna, Ljubljana, Slovenia<\/h2>\n<h2 class=\"fusion-responsive-typography-calculated\" style=\"text-align: center; --fontsize: 18; line-height: 1.5; --minfontsize: 18;\" data-fontsize=\"18\" data-lineheight=\"27px\"><strong>20. 1. 2017<\/strong> \u2013 Narodni dom, Mali oder, Jazz v Narodnem domu, Maribor, Slovenia<\/h2>\n<h2 class=\"fusion-responsive-typography-calculated\" style=\"text-align: center; --fontsize: 18; line-height: 1.5; --minfontsize: 18;\" data-fontsize=\"18\" data-lineheight=\"27px\"><strong>16. 1. 2017<\/strong> \u2013 \u0160panski borci, Neforma: \u0160irom (music) + Vito Weiss, Uro\u0161 Kaurin (dance), Ljubljana, Slovenia<\/h2>\n<h2 class=\"fusion-responsive-typography-calculated\" style=\"text-align: center; --fontsize: 18; line-height: 1.5; --minfontsize: 18;\" data-fontsize=\"18\" data-lineheight=\"27px\"><strong>15. 11. 2016<\/strong> \u2013 \u0160irom \u2013 Marko Jak\u0161e exhibition, Hostel Celica, Ljubljana<\/h2>\n<h2 class=\"gmail-m_2039594466419551432gmail-MsoNoSpacing fusion-responsive-typography-calculated\" style=\"text-align: center; --fontsize: 18; line-height: 1.5; --minfontsize: 18;\" data-fontsize=\"18\" data-lineheight=\"27px\"><strong><span class=\"__postbox-detected-content __postbox-detected-date\">20. 9. 2016<\/span><\/strong> \u2013 Iz\u0161tekani, Radio Slovenija \u2013 Val 202, Ljubljana, Slovenia<\/h2>\n<h2 class=\"gmail-m_2039594466419551432gmail-MsoNoSpacing fusion-responsive-typography-calculated\" style=\"text-align: center; --fontsize: 18; line-height: 1.5; --minfontsize: 18;\" data-fontsize=\"18\" data-lineheight=\"27px\"><strong><span class=\"__postbox-detected-content __postbox-detected-date\">27. 8. 2016<\/span> <\/strong>\u2013 Mitnek, \u010crna na Koro\u0161kem, Slovenia<\/h2>\n<h2 class=\"gmail-m_2039594466419551432gmail-MsoNoSpacing fusion-responsive-typography-calculated\" style=\"text-align: center; --fontsize: 18; line-height: 1.5; --minfontsize: 18;\" data-fontsize=\"18\" data-lineheight=\"27px\"><strong><span class=\"__postbox-detected-content __postbox-detected-date\">26. 8. 2016<\/span><\/strong> \u2013 \u0160pancirfest, Vara\u017edin, Croatia<\/h2>\n<h2 class=\"gmail-m_2039594466419551432gmail-MsoNoSpacing fusion-responsive-typography-calculated\" style=\"text-align: center; --fontsize: 18; line-height: 1.5; --minfontsize: 18;\" data-fontsize=\"18\" data-lineheight=\"27px\"><strong><span class=\"__postbox-detected-content __postbox-detected-date\">10.8. 2016<\/span><\/strong> \u2013 Festival Jeff, Koper, Slovenia<\/h2>\n<h2 class=\"gmail-m_2039594466419551432gmail-MsoNoSpacing fusion-responsive-typography-calculated\" style=\"text-align: center; --fontsize: 18; line-height: 1.5; --minfontsize: 18;\" data-fontsize=\"18\" data-lineheight=\"27px\"><strong><span class=\"__postbox-detected-content __postbox-detected-date\">9. 8. 2016<\/span><\/strong> \u2013 Sozvo\u010dja sveta, Hostel Celica, Ljubljana, Slovenia<\/h2>\n<h2 class=\"gmail-m_2039594466419551432gmail-MsoNoSpacing fusion-responsive-typography-calculated\" style=\"text-align: center; --fontsize: 18; line-height: 1.5; --minfontsize: 18;\" data-fontsize=\"18\" data-lineheight=\"27px\"><strong><span class=\"__postbox-detected-content __postbox-detected-date\">22., 23. 7.<\/span><span class=\"__postbox-detected-content __postbox-detected-date\"> 2016<\/span><\/strong> \u2013 Aeson festival, Fiumicello, Italy<\/h2>\n<h2 class=\"gmail-m_2039594466419551432gmail-MsoNoSpacing fusion-responsive-typography-calculated\" style=\"text-align: center; --fontsize: 18; line-height: 1.5; --minfontsize: 18;\" data-fontsize=\"18\" data-lineheight=\"27px\"><strong><span class=\"__postbox-detected-content __postbox-detected-date\">17. 6. 2016<\/span><\/strong> \u2013 Pinelina dnevna soba, Ljubljana, Slovenia<\/h2>\n<h2 class=\"gmail-m_2039594466419551432gmail-MsoNoSpacing fusion-responsive-typography-calculated\" style=\"text-align: center; --fontsize: 18; line-height: 1.5; --minfontsize: 18;\" data-fontsize=\"18\" data-lineheight=\"27px\"><strong><span class=\"__postbox-detected-content __postbox-detected-date\">16. 4.<\/span> 2016<\/strong> \u2013 Salon za Eno glasbo, Ljubljana, Slovenia<\/h2>\n<h2 class=\"gmail-m_2039594466419551432gmail-MsoNoSpacing fusion-responsive-typography-calculated\" style=\"text-align: center; --fontsize: 18; line-height: 1.5; --minfontsize: 18;\" data-fontsize=\"18\" data-lineheight=\"27px\"><strong>25. 3. 2016<\/strong> \u2013 Lugano, Switzerland<\/h2>\n<h2 class=\"gmail-m_2039594466419551432gmail-MsoNoSpacing fusion-responsive-typography-calculated\" style=\"text-align: center; --fontsize: 18; line-height: 1.5; --minfontsize: 18;\" data-fontsize=\"18\" data-lineheight=\"27px\"><strong>24. 3. 2016<\/strong> \u2013 Misskappa, Udine, Italy<\/h2>\n<h2 class=\"gmail-m_2039594466419551432gmail-MsoNoSpacing fusion-responsive-typography-calculated\" style=\"text-align: center; --fontsize: 18; line-height: 1.5; --minfontsize: 18;\" data-fontsize=\"18\" data-lineheight=\"27px\"><strong>19. 3. 2016<\/strong> \u2013 Casa Punte casa croce, Venice, Italy<\/h2>\n<h2 class=\"gmail-m_2039594466419551432gmail-MsoNoSpacing fusion-responsive-typography-calculated\" style=\"text-align: center; --fontsize: 18; line-height: 1.5; --minfontsize: 18;\" data-fontsize=\"18\" data-lineheight=\"27px\"><strong>18. 3. 2016<\/strong> \u2013 Festival Tresk, Gledali\u0161\u010de Glej, Ljubljana, Slovenia<\/h2>\n<h2 class=\"gmail-m_2039594466419551432gmail-MsoNoSpacing fusion-responsive-typography-calculated\" style=\"text-align: center; --fontsize: 18; line-height: 1.5; --minfontsize: 18;\" data-fontsize=\"18\" data-lineheight=\"27px\"><strong>23. 2. 2016<\/strong> \u2013 \u0160irom \u2013 Andrej Jan\u017ee exhibition, Stara galerija delavskega doma, Trbovlje, Slovenia<\/h2>\n<h2 class=\"gmail-m_2039594466419551432gmail-MsoNoSpacing fusion-responsive-typography-calculated\" style=\"text-align: center; --fontsize: 18; line-height: 1.5; --minfontsize: 18;\" data-fontsize=\"18\" data-lineheight=\"27px\"><strong>4. 2. 2016<\/strong> \u2013 \u0160irom \u2013 ob otvoritvi razstave Marka Jak\u0161eta, Galerija Velenje, Velenje, Slovenia<\/h2>\n<h2 class=\"gmail-m_2039594466419551432gmail-MsoNoSpacing fusion-responsive-typography-calculated\" style=\"text-align: center; --fontsize: 18; line-height: 1.5; --minfontsize: 18;\" data-fontsize=\"18\" data-lineheight=\"27px\"><strong>22. 1. 2016<\/strong> \u2013 Zelena dvorana, Zabok, Croatia<\/h2>\n<h2 class=\"gmail-m_2039594466419551432gmail-MsoNoSpacing fusion-responsive-typography-calculated\" style=\"text-align: center; --fontsize: 18; line-height: 1.5; --minfontsize: 18;\" data-fontsize=\"18\" data-lineheight=\"27px\"><strong>12. 1. 2016<\/strong> \u2013 \u0160irom \u2013 I. record promotion, Cankarjev dom, Ljubljana, Slovenia<\/h2>\n<h2 class=\"gmail-m_2039594466419551432gmail-MsoNoSpacing fusion-responsive-typography-calculated\" style=\"text-align: center; --fontsize: 18; line-height: 1.5; --minfontsize: 18;\" data-fontsize=\"18\" data-lineheight=\"27px\"><strong>28. 11. 2015<\/strong> \u2013 Kavarna, Idrija, Slovenia<\/h2>\n<h2 class=\"gmail-m_2039594466419551432gmail-MsoNoSpacing fusion-responsive-typography-calculated\" style=\"text-align: center; --fontsize: 18; line-height: 1.5; --minfontsize: 18;\" data-fontsize=\"18\" data-lineheight=\"27px\"><strong>27. 8. 2015<\/strong> \u2013 Festival Plavajo\u010di grad, Grad Sne\u017enik, Slovenia<\/h2>\n<h2 class=\"gmail-m_2039594466419551432gmail-MsoNoSpacing fusion-responsive-typography-calculated\" style=\"text-align: center; --fontsize: 18; line-height: 1.5; --minfontsize: 18;\" data-fontsize=\"18\" data-lineheight=\"27px\"><strong>13. 7. 2015<\/strong> \u2013 Stranska vas, Slovenia<\/h2>\n<h2 class=\"gmail-m_2039594466419551432gmail-MsoNoSpacing fusion-responsive-typography-calculated\" style=\"text-align: center; --fontsize: 18; line-height: 1.5; --minfontsize: 18;\" data-fontsize=\"18\" data-lineheight=\"27px\"><strong>11. 7. 2015<\/strong> \u2013 18. festival druga\u010dne glasbe Trnje, Trnje, Slovenia<\/h2>\n<h2 class=\"gmail-m_2039594466419551432gmail-MsoNoSpacing fusion-responsive-typography-calculated\" style=\"text-align: center; --fontsize: 18; line-height: 1.5; --minfontsize: 18;\" data-fontsize=\"18\" data-lineheight=\"27px\"><strong>2. 7. 2015<\/strong> \u2013 Mikk, Murska sobota, Slovenia<\/h2>\n<h2 class=\"gmail-m_2039594466419551432gmail-MsoNoSpacing fusion-responsive-typography-calculated\" style=\"text-align: center; --fontsize: 18; line-height: 1.5; --minfontsize: 18;\" data-fontsize=\"18\" data-lineheight=\"27px\"><strong>17. 6. 2015<\/strong> \u2013 Layerjeva hi\u0161a, Kranj, Slovenia<\/h2>\n<h2 class=\"gmail-m_2039594466419551432gmail-MsoNoSpacing fusion-responsive-typography-calculated\" style=\"text-align: center; --fontsize: 18; line-height: 1.5; --minfontsize: 18;\" data-fontsize=\"18\" data-lineheight=\"27px\"><strong>6. 6. 2015<\/strong> \u2013 8. tabor Karaj\u017eewc, Stra\u017ea pri Cerknem, Slovenia<\/h2>\n<h2 class=\"gmail-m_2039594466419551432gmail-MsoNoSpacing fusion-responsive-typography-calculated\" style=\"text-align: center; --fontsize: 18; line-height: 1.5; --minfontsize: 18;\" data-fontsize=\"18\" data-lineheight=\"27px\"><strong>2. 5. 2015<\/strong> \u2013 Spomladanski \u010cadrg records, \u010cadrg, Slovenia<\/h2>\n<h2 class=\"gmail-m_2039594466419551432gmail-MsoNoSpacing fusion-responsive-typography-calculated\" style=\"text-align: center; --fontsize: 18; line-height: 1.5; --minfontsize: 18;\" data-fontsize=\"18\" data-lineheight=\"27px\"><strong>14. 4. 2015<\/strong> \u2013 Sozvo\u010dja sveta, Hostel Celica, Ljubljana, Slovenia<\/h2>\n<h2 class=\"gmail-m_2039594466419551432gmail-MsoNoSpacing fusion-responsive-typography-calculated\" style=\"text-align: center; --fontsize: 18; line-height: 1.5; --minfontsize: 18;\" data-fontsize=\"18\" data-lineheight=\"27px\"><strong>14. 3. 2015<\/strong> \u2013 Salon za Eno glasbo, Ljubljana, Slovenia<\/h2>\n<h2 class=\"gmail-m_2039594466419551432gmail-MsoNoSpacing fusion-responsive-typography-calculated\" style=\"text-align: center; --fontsize: 18; line-height: 1.5; --minfontsize: 18;\" data-fontsize=\"18\" data-lineheight=\"27px\"><strong>15. 2. 2015<\/strong> \u2013 Klub Metulj, Bistrica ob Sotli, Slovenia<\/h2>\n<\/div>\n<\/div>\n<\/div>\n<\/div><div class=\"fusion-clearfix\"><\/div><\/div><\/div><\/div><\/div><\/p>\n","protected":false},"excerpt":{"rendered":"","protected":false},"author":1,"featured_media":0,"parent":0,"menu_order":0,"comment_status":"closed","ping_status":"closed","template":"","meta":{"jetpack_post_was_ever_published":false,"footnotes":""},"class_list":["post-557","page","type-page","status-publish","hentry"],"yoast_head":"<!-- This site is optimized with the Yoast SEO plugin v27.5 - https:\/\/yoast.com\/product\/yoast-seo-wordpress\/ -->\n<title>Concerts | \u0160irom<\/title>\n<meta name=\"robots\" content=\"index, follow, max-snippet:-1, max-image-preview:large, max-video-preview:-1\" \/>\n<link rel=\"canonical\" href=\"http:\/\/siromband.si\/sl\/gigs\/\" \/>\n<meta property=\"og:locale\" content=\"sl_SI\" \/>\n<meta property=\"og:type\" content=\"article\" \/>\n<meta property=\"og:title\" content=\"Concerts | \u0160irom\" \/>\n<meta property=\"og:url\" content=\"http:\/\/siromband.si\/sl\/gigs\/\" \/>\n<meta property=\"og:site_name\" content=\"\u0160irom\" \/>\n<meta property=\"article:publisher\" content=\"https:\/\/www.facebook.com\/siromband\/\" \/>\n<meta property=\"article:modified_time\" content=\"2026-03-04T18:52:13+00:00\" \/>\n<meta name=\"twitter:card\" content=\"summary_large_image\" \/>\n<meta name=\"twitter:label1\" content=\"Est. reading time\" \/>\n\t<meta name=\"twitter:data1\" content=\"21 minut\" \/>\n<script type=\"application\/ld+json\" class=\"yoast-schema-graph\">{\"@context\":\"https:\\\/\\\/schema.org\",\"@graph\":[{\"@type\":\"WebPage\",\"@id\":\"http:\\\/\\\/siromband.si\\\/sl\\\/gigs\\\/\",\"url\":\"http:\\\/\\\/siromband.si\\\/sl\\\/gigs\\\/\",\"name\":\"Concerts | \u0160irom\",\"isPartOf\":{\"@id\":\"https:\\\/\\\/siromband.si\\\/#website\"},\"datePublished\":\"2016-09-12T17:28:17+00:00\",\"dateModified\":\"2026-03-04T18:52:13+00:00\",\"breadcrumb\":{\"@id\":\"http:\\\/\\\/siromband.si\\\/sl\\\/gigs\\\/#breadcrumb\"},\"inLanguage\":\"sl-SI\",\"potentialAction\":[{\"@type\":\"ReadAction\",\"target\":[\"http:\\\/\\\/siromband.si\\\/sl\\\/gigs\\\/\"]}]},{\"@type\":\"BreadcrumbList\",\"@id\":\"http:\\\/\\\/siromband.si\\\/sl\\\/gigs\\\/#breadcrumb\",\"itemListElement\":[{\"@type\":\"ListItem\",\"position\":1,\"name\":\"Home\",\"item\":\"https:\\\/\\\/siromband.si\\\/sl\\\/\"},{\"@type\":\"ListItem\",\"position\":2,\"name\":\"Concerts\"}]},{\"@type\":\"WebSite\",\"@id\":\"https:\\\/\\\/siromband.si\\\/#website\",\"url\":\"https:\\\/\\\/siromband.si\\\/\",\"name\":\"\u0160irom\",\"description\":\"slovenian accoustic folk trance drone avant-garde experimental band\",\"potentialAction\":[{\"@type\":\"SearchAction\",\"target\":{\"@type\":\"EntryPoint\",\"urlTemplate\":\"https:\\\/\\\/siromband.si\\\/?s={search_term_string}\"},\"query-input\":{\"@type\":\"PropertyValueSpecification\",\"valueRequired\":true,\"valueName\":\"search_term_string\"}}],\"inLanguage\":\"sl-SI\"}]}<\/script>\n<!-- \/ Yoast SEO plugin. -->","yoast_head_json":{"title":"Concerts | \u0160irom","robots":{"index":"index","follow":"follow","max-snippet":"max-snippet:-1","max-image-preview":"max-image-preview:large","max-video-preview":"max-video-preview:-1"},"canonical":"http:\/\/siromband.si\/sl\/gigs\/","og_locale":"sl_SI","og_type":"article","og_title":"Concerts | \u0160irom","og_url":"http:\/\/siromband.si\/sl\/gigs\/","og_site_name":"\u0160irom","article_publisher":"https:\/\/www.facebook.com\/siromband\/","article_modified_time":"2026-03-04T18:52:13+00:00","twitter_card":"summary_large_image","twitter_misc":{"Est. reading time":"21 minut"},"schema":{"@context":"https:\/\/schema.org","@graph":[{"@type":"WebPage","@id":"http:\/\/siromband.si\/sl\/gigs\/","url":"http:\/\/siromband.si\/sl\/gigs\/","name":"Concerts | \u0160irom","isPartOf":{"@id":"https:\/\/siromband.si\/#website"},"datePublished":"2016-09-12T17:28:17+00:00","dateModified":"2026-03-04T18:52:13+00:00","breadcrumb":{"@id":"http:\/\/siromband.si\/sl\/gigs\/#breadcrumb"},"inLanguage":"sl-SI","potentialAction":[{"@type":"ReadAction","target":["http:\/\/siromband.si\/sl\/gigs\/"]}]},{"@type":"BreadcrumbList","@id":"http:\/\/siromband.si\/sl\/gigs\/#breadcrumb","itemListElement":[{"@type":"ListItem","position":1,"name":"Home","item":"https:\/\/siromband.si\/sl\/"},{"@type":"ListItem","position":2,"name":"Concerts"}]},{"@type":"WebSite","@id":"https:\/\/siromband.si\/#website","url":"https:\/\/siromband.si\/","name":"\u0160irom","description":"slovenian accoustic folk trance drone avant-garde experimental band","potentialAction":[{"@type":"SearchAction","target":{"@type":"EntryPoint","urlTemplate":"https:\/\/siromband.si\/?s={search_term_string}"},"query-input":{"@type":"PropertyValueSpecification","valueRequired":true,"valueName":"search_term_string"}}],"inLanguage":"sl-SI"}]}},"jetpack_sharing_enabled":true,"jetpack_shortlink":"https:\/\/wp.me\/P7KI0S-8Z","_links":{"self":[{"href":"http:\/\/siromband.si\/sl\/wp-json\/wp\/v2\/pages\/557","targetHints":{"allow":["GET"]}}],"collection":[{"href":"http:\/\/siromband.si\/sl\/wp-json\/wp\/v2\/pages"}],"about":[{"href":"http:\/\/siromband.si\/sl\/wp-json\/wp\/v2\/types\/page"}],"author":[{"embeddable":true,"href":"http:\/\/siromband.si\/sl\/wp-json\/wp\/v2\/users\/1"}],"replies":[{"embeddable":true,"href":"http:\/\/siromband.si\/sl\/wp-json\/wp\/v2\/comments?post=557"}],"version-history":[{"count":512,"href":"http:\/\/siromband.si\/sl\/wp-json\/wp\/v2\/pages\/557\/revisions"}],"predecessor-version":[{"id":2955,"href":"http:\/\/siromband.si\/sl\/wp-json\/wp\/v2\/pages\/557\/revisions\/2955"}],"wp:attachment":[{"href":"http:\/\/siromband.si\/sl\/wp-json\/wp\/v2\/media?parent=557"}],"curies":[{"name":"wp","href":"https:\/\/api.w.org\/{rel}","templated":true}]}}